{"id":94,"date":"2021-04-13T14:27:01","date_gmt":"2021-04-13T12:27:01","guid":{"rendered":"https:\/\/www.ddec06.fr\/guide-ash-06\/?page_id=94"},"modified":"2022-01-21T09:45:32","modified_gmt":"2022-01-21T08:45:32","slug":"ressources-1er-2d-degre","status":"publish","type":"page","link":"https:\/\/www.ddec06.fr\/guide-ash-06\/adapter-amenager-aider-en-classe\/ressources-1er-2d-degre\/","title":{"rendered":"Ressources 1er \/ 2d degr\u00e9"},"content":{"rendered":"<div id=\"pl-94\"  class=\"panel-layout\" ><div id=\"pg-94-0\"  class=\"panel-grid panel-no-style\" ><div id=\"pgc-94-0-0\"  class=\"panel-grid-cell\" ><div id=\"panel-94-0-0-0\" class=\"so-panel widget widget_sow-image panel-first-child panel-last-child\" data-index=\"0\" ><div\n\t\t\t\n\t\t\tclass=\"so-widget-sow-image so-widget-sow-image-default-8b5b6f678277-94\"\n\t\t\t\n\t\t>\n\n<div class=\"sow-image-container\">\n\t\t<img decoding=\"async\" src=\"https:\/\/www.ddec06.fr\/guide-ash-06\/wp-content\/uploads\/2021\/10\/gros-plan-tenue-femme-livres_23-2148680253.jpg\" width=\"626\" height=\"500\" srcset=\"https:\/\/www.ddec06.fr\/guide-ash-06\/wp-content\/uploads\/2021\/10\/gros-plan-tenue-femme-livres_23-2148680253.jpg 626w, https:\/\/www.ddec06.fr\/guide-ash-06\/wp-content\/uploads\/2021\/10\/gros-plan-tenue-femme-livres_23-2148680253-300x240.jpg 300w, https:\/\/www.ddec06.fr\/guide-ash-06\/wp-content\/uploads\/2021\/10\/gros-plan-tenue-femme-livres_23-2148680253-465x371.jpg 465w\" sizes=\"auto, (max-width: 626px) 100vw, 626px\" alt=\"\" loading=\"lazy\" \t\tclass=\"so-widget-image\"\/>\n\t<\/div>\n\n<\/div><\/div><\/div><div id=\"pgc-94-0-1\"  class=\"panel-grid-cell\" ><div id=\"panel-94-0-1-0\" class=\"so-panel widget widget_sow-editor panel-first-child\" data-index=\"1\" ><div\n\t\t\t\n\t\t\tclass=\"so-widget-sow-editor so-widget-sow-editor-base\"\n\t\t\t\n\t\t>\n<div class=\"siteorigin-widget-tinymce textwidget\">\n\t<h1 style=\"text-align: center;\"><span style=\"color: #4e9072;\">Ressources 1er degr\u00e9 &amp; 2nd degr\u00e9<\/span><\/h1>\n<\/div>\n<\/div><\/div><div id=\"panel-94-0-1-1\" class=\"so-panel widget widget_sow-editor panel-last-child\" data-index=\"2\" ><div\n\t\t\t\n\t\t\tclass=\"so-widget-sow-editor so-widget-sow-editor-base\"\n\t\t\t\n\t\t>\n<div class=\"siteorigin-widget-tinymce textwidget\">\n\t<hr \/>\n<p style=\"text-align: center;\"><strong>Le blog des personnes ressources de l'Enseignement Catholique des Alpes-Maritimes :\u00a0<\/strong><br \/>\n<img loading=\"lazy\" decoding=\"async\" class=\"alignnone size-full wp-image-526\" src=\"https:\/\/www.ddec06.fr\/guide-ash-06\/wp-content\/uploads\/2021\/10\/www.jpg\" alt=\"\" width=\"56\" height=\"21\" \/><a href=\"https:\/\/www.ddec06.fr\/personnes-ressource\/\">https:\/\/www.ddec06.fr\/personnes-ressource\/\u00a0<\/a><\/p>\n<hr \/>\n<p style=\"text-align: center;\"><strong>Cap Ecole Inclusive : Des outils pour accompagner tous les \u00e9l\u00e8ves :<\/strong><br \/>\n<img decoding=\"async\" src=\"https:\/\/www.ddec06.fr\/guide-ash-06\/wp-content\/uploads\/2021\/10\/www.jpg\" \/><a href=\"https:\/\/www.reseau-canope.fr\/cap-ecole-inclusive\">https:\/\/www.reseau-canope.fr\/cap-ecole-inclusive<\/a><\/p>\n<hr \/>\n<p style=\"text-align: center;\"><strong>Les ressources \u00e9cole inclusive ASH de l'acad\u00e9mie de Versailles (91) :<\/strong><br \/>\n<img decoding=\"async\" src=\"https:\/\/www.ddec06.fr\/guide-ash-06\/wp-content\/uploads\/2021\/10\/www.jpg\" \/>\u00a0<a href=\"http:\/\/www.ash91.ac-versailles.fr\/ressources\/\">http:\/\/www.ash91.ac-versailles.fr\/ressources\/<\/a><\/p>\n<hr \/>\n<p style=\"text-align: center;\"><strong>Accessiprof :\u00a0<\/strong><br \/>\n<img decoding=\"async\" src=\"https:\/\/www.ddec06.fr\/guide-ash-06\/wp-content\/uploads\/2021\/10\/www.jpg\" \/><a href=\"https:\/\/accessiprof.org\/\">https:\/\/accessiprof.org\/<\/a><\/p>\n<hr \/>\n<p>&nbsp;<\/p>\n<\/div>\n<\/div><\/div><\/div><\/div><\/div>","protected":false},"excerpt":{"rendered":"<p>Ressources 1er degr\u00e9 &amp; 2nd degr\u00e9 Le blog des personnes ressources de l&rsquo;Enseignement Catholique des Alpes-Maritimes :\u00a0 https:\/\/www.ddec06.fr\/personnes-ressource\/\u00a0 Cap Ecole Inclusive : Des outils pour accompagner tous les \u00e9l\u00e8ves : https:\/\/www.reseau-canope.fr\/cap-ecole-inclusive Les ressources \u00e9cole inclusive ASH de l&rsquo;acad\u00e9mie de Versailles (91) : \u00a0http:\/\/www.ash91.ac-versailles.fr\/ressources\/ Accessiprof :\u00a0 https:\/\/accessiprof.org\/ &nbsp;<span class=\"more-link\"><a href=\"https:\/\/www.ddec06.fr\/guide-ash-06\/adapter-amenager-aider-en-classe\/ressources-1er-2d-degre\/\">Lire la suite<\/a><\/span><\/p>\n","protected":false},"author":1,"featured_media":0,"parent":24,"menu_order":6,"comment_status":"closed","ping_status":"closed","template":"","meta":{"footnotes":""},"class_list":["entry","author-administrateur","post-94","page","type-page","status-publish"],"yoast_head":"<!-- This site is optimized with the Yoast SEO plugin v22.1 - https:\/\/yoast.com\/wordpress\/plugins\/seo\/ -->\n<title>Ressources 1er \/ 2d degr\u00e9 - GUIDE Ecole Inclusive de l&#039;Enseignement Catholique des Alpes-Maritimes<\/title>\n<meta name=\"robots\" content=\"index, follow, max-snippet:-1, max-image-preview:large, max-video-preview:-1\" \/>\n<link rel=\"canonical\" href=\"https:\/\/www.ddec06.fr\/guide-ash-06\/adapter-amenager-aider-en-classe\/ressources-1er-2d-degre\/\" \/>\n<meta property=\"og:locale\" content=\"fr_FR\" \/>\n<meta property=\"og:type\" content=\"article\" \/>\n<meta property=\"og:title\" content=\"Ressources 1er \/ 2d degr\u00e9 - GUIDE Ecole Inclusive de l&#039;Enseignement Catholique des Alpes-Maritimes\" \/>\n<meta property=\"og:description\" content=\"Ressources 1er degr\u00e9 &amp; 2nd degr\u00e9 Le blog des personnes ressources de l&#039;Enseignement Catholique des Alpes-Maritimes :\u00a0 https:\/\/www.ddec06.fr\/personnes-ressource\/\u00a0 Cap Ecole Inclusive : Des outils pour accompagner tous les \u00e9l\u00e8ves : https:\/\/www.reseau-canope.fr\/cap-ecole-inclusive Les ressources \u00e9cole inclusive ASH de l&#039;acad\u00e9mie de Versailles (91) : \u00a0http:\/\/www.ash91.ac-versailles.fr\/ressources\/ Accessiprof :\u00a0 https:\/\/accessiprof.org\/ &nbsp;Lire la suite\" \/>\n<meta property=\"og:url\" content=\"https:\/\/www.ddec06.fr\/guide-ash-06\/adapter-amenager-aider-en-classe\/ressources-1er-2d-degre\/\" \/>\n<meta property=\"og:site_name\" content=\"GUIDE Ecole Inclusive de l&#039;Enseignement Catholique des Alpes-Maritimes\" \/>\n<meta property=\"article:modified_time\" content=\"2022-01-21T08:45:32+00:00\" \/>\n<meta property=\"og:image\" content=\"https:\/\/www.ddec06.fr\/guide-ash-06\/wp-content\/uploads\/2021\/10\/www.jpg\" \/>\n<meta name=\"twitter:card\" content=\"summary_large_image\" \/>\n<script type=\"application\/ld+json\" class=\"yoast-schema-graph\">{\"@context\":\"https:\/\/schema.org\",\"@graph\":[{\"@type\":\"WebPage\",\"@id\":\"https:\/\/www.ddec06.fr\/guide-ash-06\/adapter-amenager-aider-en-classe\/ressources-1er-2d-degre\/\",\"url\":\"https:\/\/www.ddec06.fr\/guide-ash-06\/adapter-amenager-aider-en-classe\/ressources-1er-2d-degre\/\",\"name\":\"Ressources 1er \/ 2d degr\u00e9 - GUIDE Ecole Inclusive de l&#039;Enseignement Catholique des Alpes-Maritimes\",\"isPartOf\":{\"@id\":\"https:\/\/www.ddec06.fr\/guide-ash-06\/#website\"},\"datePublished\":\"2021-04-13T12:27:01+00:00\",\"dateModified\":\"2022-01-21T08:45:32+00:00\",\"breadcrumb\":{\"@id\":\"https:\/\/www.ddec06.fr\/guide-ash-06\/adapter-amenager-aider-en-classe\/ressources-1er-2d-degre\/#breadcrumb\"},\"inLanguage\":\"fr-FR\",\"potentialAction\":[{\"@type\":\"ReadAction\",\"target\":[\"https:\/\/www.ddec06.fr\/guide-ash-06\/adapter-amenager-aider-en-classe\/ressources-1er-2d-degre\/\"]}]},{\"@type\":\"BreadcrumbList\",\"@id\":\"https:\/\/www.ddec06.fr\/guide-ash-06\/adapter-amenager-aider-en-classe\/ressources-1er-2d-degre\/#breadcrumb\",\"itemListElement\":[{\"@type\":\"ListItem\",\"position\":1,\"name\":\"Accueil\",\"item\":\"https:\/\/www.ddec06.fr\/guide-ash-06\/\"},{\"@type\":\"ListItem\",\"position\":2,\"name\":\"Adapter &#8211; Am\u00e9nager &#8211; Aider en classe\",\"item\":\"https:\/\/www.ddec06.fr\/guide-ash-06\/adapter-amenager-aider-en-classe\/\"},{\"@type\":\"ListItem\",\"position\":3,\"name\":\"Ressources 1er \/ 2d degr\u00e9\"}]},{\"@type\":\"WebSite\",\"@id\":\"https:\/\/www.ddec06.fr\/guide-ash-06\/#website\",\"url\":\"https:\/\/www.ddec06.fr\/guide-ash-06\/\",\"name\":\"GUIDE Ecole Inclusive de l&#039;Enseignement Catholique des Alpes-Maritimes\",\"description\":\"Accueillir les diff\u00e9rences en milieu scolaire.\",\"publisher\":{\"@id\":\"https:\/\/www.ddec06.fr\/guide-ash-06\/#organization\"},\"potentialAction\":[{\"@type\":\"SearchAction\",\"target\":{\"@type\":\"EntryPoint\",\"urlTemplate\":\"https:\/\/www.ddec06.fr\/guide-ash-06\/?s={search_term_string}\"},\"query-input\":\"required name=search_term_string\"}],\"inLanguage\":\"fr-FR\"},{\"@type\":\"Organization\",\"@id\":\"https:\/\/www.ddec06.fr\/guide-ash-06\/#organization\",\"name\":\"GUIDE Ecole Inclusive de l&#039;Enseignement Catholique des Alpes-Maritimes\",\"url\":\"https:\/\/www.ddec06.fr\/guide-ash-06\/\",\"logo\":{\"@type\":\"ImageObject\",\"inLanguage\":\"fr-FR\",\"@id\":\"https:\/\/www.ddec06.fr\/guide-ash-06\/#\/schema\/logo\/image\/\",\"url\":\"https:\/\/www.ddec06.fr\/guide-ash-06\/wp-content\/uploads\/2021\/04\/cropped-DDEC-DIOCESE-DE-NICE-SANS-DEGRADE-1-1.png\",\"contentUrl\":\"https:\/\/www.ddec06.fr\/guide-ash-06\/wp-content\/uploads\/2021\/04\/cropped-DDEC-DIOCESE-DE-NICE-SANS-DEGRADE-1-1.png\",\"width\":167,\"height\":100,\"caption\":\"GUIDE Ecole Inclusive de l&#039;Enseignement Catholique des Alpes-Maritimes\"},\"image\":{\"@id\":\"https:\/\/www.ddec06.fr\/guide-ash-06\/#\/schema\/logo\/image\/\"}}]}<\/script>\n<!-- \/ Yoast SEO plugin. -->","yoast_head_json":{"title":"Ressources 1er \/ 2d degr\u00e9 - GUIDE Ecole Inclusive de l&#039;Enseignement Catholique des Alpes-Maritimes","robots":{"index":"index","follow":"follow","max-snippet":"max-snippet:-1","max-image-preview":"max-image-preview:large","max-video-preview":"max-video-preview:-1"},"canonical":"https:\/\/www.ddec06.fr\/guide-ash-06\/adapter-amenager-aider-en-classe\/ressources-1er-2d-degre\/","og_locale":"fr_FR","og_type":"article","og_title":"Ressources 1er \/ 2d degr\u00e9 - GUIDE Ecole Inclusive de l&#039;Enseignement Catholique des Alpes-Maritimes","og_description":"Ressources 1er degr\u00e9 &amp; 2nd degr\u00e9 Le blog des personnes ressources de l'Enseignement Catholique des Alpes-Maritimes :\u00a0 https:\/\/www.ddec06.fr\/personnes-ressource\/\u00a0 Cap Ecole Inclusive : Des outils pour accompagner tous les \u00e9l\u00e8ves : https:\/\/www.reseau-canope.fr\/cap-ecole-inclusive Les ressources \u00e9cole inclusive ASH de l'acad\u00e9mie de Versailles (91) : \u00a0http:\/\/www.ash91.ac-versailles.fr\/ressources\/ Accessiprof :\u00a0 https:\/\/accessiprof.org\/ &nbsp;Lire la suite","og_url":"https:\/\/www.ddec06.fr\/guide-ash-06\/adapter-amenager-aider-en-classe\/ressources-1er-2d-degre\/","og_site_name":"GUIDE Ecole Inclusive de l&#039;Enseignement Catholique des Alpes-Maritimes","article_modified_time":"2022-01-21T08:45:32+00:00","og_image":[{"url":"https:\/\/www.ddec06.fr\/guide-ash-06\/wp-content\/uploads\/2021\/10\/www.jpg"}],"twitter_card":"summary_large_image","schema":{"@context":"https:\/\/schema.org","@graph":[{"@type":"WebPage","@id":"https:\/\/www.ddec06.fr\/guide-ash-06\/adapter-amenager-aider-en-classe\/ressources-1er-2d-degre\/","url":"https:\/\/www.ddec06.fr\/guide-ash-06\/adapter-amenager-aider-en-classe\/ressources-1er-2d-degre\/","name":"Ressources 1er \/ 2d degr\u00e9 - GUIDE Ecole Inclusive de l&#039;Enseignement Catholique des Alpes-Maritimes","isPartOf":{"@id":"https:\/\/www.ddec06.fr\/guide-ash-06\/#website"},"datePublished":"2021-04-13T12:27:01+00:00","dateModified":"2022-01-21T08:45:32+00:00","breadcrumb":{"@id":"https:\/\/www.ddec06.fr\/guide-ash-06\/adapter-amenager-aider-en-classe\/ressources-1er-2d-degre\/#breadcrumb"},"inLanguage":"fr-FR","potentialAction":[{"@type":"ReadAction","target":["https:\/\/www.ddec06.fr\/guide-ash-06\/adapter-amenager-aider-en-classe\/ressources-1er-2d-degre\/"]}]},{"@type":"BreadcrumbList","@id":"https:\/\/www.ddec06.fr\/guide-ash-06\/adapter-amenager-aider-en-classe\/ressources-1er-2d-degre\/#breadcrumb","itemListElement":[{"@type":"ListItem","position":1,"name":"Accueil","item":"https:\/\/www.ddec06.fr\/guide-ash-06\/"},{"@type":"ListItem","position":2,"name":"Adapter &#8211; Am\u00e9nager &#8211; Aider en classe","item":"https:\/\/www.ddec06.fr\/guide-ash-06\/adapter-amenager-aider-en-classe\/"},{"@type":"ListItem","position":3,"name":"Ressources 1er \/ 2d degr\u00e9"}]},{"@type":"WebSite","@id":"https:\/\/www.ddec06.fr\/guide-ash-06\/#website","url":"https:\/\/www.ddec06.fr\/guide-ash-06\/","name":"GUIDE Ecole Inclusive de l&#039;Enseignement Catholique des Alpes-Maritimes","description":"Accueillir les diff\u00e9rences en milieu scolaire.","publisher":{"@id":"https:\/\/www.ddec06.fr\/guide-ash-06\/#organization"},"potentialAction":[{"@type":"SearchAction","target":{"@type":"EntryPoint","urlTemplate":"https:\/\/www.ddec06.fr\/guide-ash-06\/?s={search_term_string}"},"query-input":"required name=search_term_string"}],"inLanguage":"fr-FR"},{"@type":"Organization","@id":"https:\/\/www.ddec06.fr\/guide-ash-06\/#organization","name":"GUIDE Ecole Inclusive de l&#039;Enseignement Catholique des Alpes-Maritimes","url":"https:\/\/www.ddec06.fr\/guide-ash-06\/","logo":{"@type":"ImageObject","inLanguage":"fr-FR","@id":"https:\/\/www.ddec06.fr\/guide-ash-06\/#\/schema\/logo\/image\/","url":"https:\/\/www.ddec06.fr\/guide-ash-06\/wp-content\/uploads\/2021\/04\/cropped-DDEC-DIOCESE-DE-NICE-SANS-DEGRADE-1-1.png","contentUrl":"https:\/\/www.ddec06.fr\/guide-ash-06\/wp-content\/uploads\/2021\/04\/cropped-DDEC-DIOCESE-DE-NICE-SANS-DEGRADE-1-1.png","width":167,"height":100,"caption":"GUIDE Ecole Inclusive de l&#039;Enseignement Catholique des Alpes-Maritimes"},"image":{"@id":"https:\/\/www.ddec06.fr\/guide-ash-06\/#\/schema\/logo\/image\/"}}]}},"jetpack_sharing_enabled":true,"_links":{"self":[{"href":"https:\/\/www.ddec06.fr\/guide-ash-06\/wp-json\/wp\/v2\/pages\/94","targetHints":{"allow":["GET"]}}],"collection":[{"href":"https:\/\/www.ddec06.fr\/guide-ash-06\/wp-json\/wp\/v2\/pages"}],"about":[{"href":"https:\/\/www.ddec06.fr\/guide-ash-06\/wp-json\/wp\/v2\/types\/page"}],"author":[{"embeddable":true,"href":"https:\/\/www.ddec06.fr\/guide-ash-06\/wp-json\/wp\/v2\/users\/1"}],"replies":[{"embeddable":true,"href":"https:\/\/www.ddec06.fr\/guide-ash-06\/wp-json\/wp\/v2\/comments?post=94"}],"version-history":[{"count":11,"href":"https:\/\/www.ddec06.fr\/guide-ash-06\/wp-json\/wp\/v2\/pages\/94\/revisions"}],"predecessor-version":[{"id":762,"href":"https:\/\/www.ddec06.fr\/guide-ash-06\/wp-json\/wp\/v2\/pages\/94\/revisions\/762"}],"up":[{"embeddable":true,"href":"https:\/\/www.ddec06.fr\/guide-ash-06\/wp-json\/wp\/v2\/pages\/24"}],"wp:attachment":[{"href":"https:\/\/www.ddec06.fr\/guide-ash-06\/wp-json\/wp\/v2\/media?parent=94"}],"curies":[{"name":"wp","href":"https:\/\/api.w.org\/{rel}","templated":true}]}}