{"id":92,"date":"2021-04-13T14:26:33","date_gmt":"2021-04-13T12:26:33","guid":{"rendered":"https:\/\/www.ddec06.fr\/guide-ash-06\/?page_id=92"},"modified":"2021-10-27T16:08:16","modified_gmt":"2021-10-27T14:08:16","slug":"plateforme-cap-ecole-inclusive","status":"publish","type":"page","link":"https:\/\/www.ddec06.fr\/guide-ash-06\/adapter-amenager-aider-en-classe\/plateforme-cap-ecole-inclusive\/","title":{"rendered":"Plateforme Cap \u00e9cole inclusive"},"content":{"rendered":"<div id=\"pl-92\"  class=\"panel-layout\" ><div id=\"pg-92-0\"  class=\"panel-grid panel-no-style\" ><div id=\"pgc-92-0-0\"  class=\"panel-grid-cell\" ><div id=\"panel-92-0-0-0\" class=\"so-panel widget widget_sow-editor panel-first-child panel-last-child\" data-index=\"0\" ><div\n\t\t\t\n\t\t\tclass=\"so-widget-sow-editor so-widget-sow-editor-base\"\n\t\t\t\n\t\t>\n<div class=\"siteorigin-widget-tinymce textwidget\">\n\t<p><span style=\"font-size: 24pt; color: #4e9072;\"><strong>CAP ECOLE INCLUSIVE : DES OUTILS POUR ACCOMPAGNER TOUS LES ELEVES<\/strong><\/span><\/p>\n<\/div>\n<\/div><\/div><\/div><\/div><div id=\"pg-92-1\"  class=\"panel-grid panel-no-style\" ><div id=\"pgc-92-1-0\"  class=\"panel-grid-cell\" ><div id=\"panel-92-1-0-0\" class=\"so-panel widget widget_sow-image panel-first-child panel-last-child\" data-index=\"1\" ><div\n\t\t\t\n\t\t\tclass=\"so-widget-sow-image so-widget-sow-image-default-8b5b6f678277-92\"\n\t\t\t\n\t\t>\n\n<div class=\"sow-image-container\">\n\t\t<img decoding=\"async\" src=\"https:\/\/www.ddec06.fr\/guide-ash-06\/wp-content\/uploads\/2021\/10\/cap.jpg\" width=\"672\" height=\"372\" srcset=\"https:\/\/www.ddec06.fr\/guide-ash-06\/wp-content\/uploads\/2021\/10\/cap.jpg 672w, https:\/\/www.ddec06.fr\/guide-ash-06\/wp-content\/uploads\/2021\/10\/cap-300x166.jpg 300w, https:\/\/www.ddec06.fr\/guide-ash-06\/wp-content\/uploads\/2021\/10\/cap-465x257.jpg 465w\" sizes=\"auto, (max-width: 672px) 100vw, 672px\" alt=\"\" loading=\"lazy\" \t\tclass=\"so-widget-image\"\/>\n\t<\/div>\n\n<\/div><\/div><\/div><div id=\"pgc-92-1-1\"  class=\"panel-grid-cell\" ><div id=\"panel-92-1-1-0\" class=\"so-panel widget widget_sow-editor panel-first-child\" data-index=\"2\" ><div\n\t\t\t\n\t\t\tclass=\"so-widget-sow-editor so-widget-sow-editor-base\"\n\t\t\t\n\t\t>\n<div class=\"siteorigin-widget-tinymce textwidget\">\n\t<p>Vous accueillez dans votre classe des \u00e9l\u00e8ves \u00e0 besoins \u00e9ducatifs particuliers ou en situation de handicap ? la <a href=\"https:\/\/www.reseau-canope.fr\/cap-ecole-inclusive\"><b>plateforme CAP \u00e9cole\u00a0inclusive<\/b><\/a> du r\u00e9seau CANOPE, con\u00e7u par des enseignants et des experts scientifiques, a pour but d\u2019accompagner la communaut\u00e9 \u00e9ducative dans la scolarisation de tous les \u00e9l\u00e8ves.<\/p>\n<p>Vous y trouverez des outils d\u2019observation pour cerner les difficult\u00e9s des \u00e9l\u00e8ves, ainsi que des propositions et des ressources pour adapter votre enseignement \u00e0 tous.<\/p>\n<\/div>\n<\/div><\/div><div id=\"panel-92-1-1-1\" class=\"so-panel widget widget_sow-button panel-last-child\" data-index=\"3\" ><div\n\t\t\t\n\t\t\tclass=\"so-widget-sow-button so-widget-sow-button-atom-1c99f2593f17-92\"\n\t\t\t\n\t\t><div class=\"ow-button-base ow-button-align-center\">\n\t<a\n\thref=\"https:\/\/www.reseau-canope.fr\/cap-ecole-inclusive\"\n\t\tclass=\"ow-icon-placement-left ow-button-hover\" \t>\n\t\t<span>\n\t\t\t<span class=\"sow-icon-icomoon\" data-sow-icon=\"&#xea7d;\"\n\t\tstyle=\"\" \n\t\taria-hidden=\"true\"><\/span>\n\t\t\tAccedez \u00e0 la plateforme \"CAP Ecole Inclusive\"\t\t<\/span>\n\t<\/a>\n<\/div>\n<\/div><\/div><\/div><\/div><\/div>","protected":false},"excerpt":{"rendered":"<p>CAP ECOLE INCLUSIVE : DES OUTILS POUR ACCOMPAGNER TOUS LES ELEVES Vous accueillez dans votre classe des \u00e9l\u00e8ves \u00e0 besoins \u00e9ducatifs particuliers ou en situation de handicap ? la plateforme CAP \u00e9cole\u00a0inclusive du r\u00e9seau CANOPE, con\u00e7u par des enseignants et des experts scientifiques, a pour but d\u2019accompagner la communaut\u00e9 \u00e9ducative<span class=\"more-link\"><a href=\"https:\/\/www.ddec06.fr\/guide-ash-06\/adapter-amenager-aider-en-classe\/plateforme-cap-ecole-inclusive\/\">Lire la suite<\/a><\/span><\/p>\n","protected":false},"author":1,"featured_media":550,"parent":24,"menu_order":5,"comment_status":"closed","ping_status":"closed","template":"","meta":{"footnotes":""},"class_list":["entry","author-administrateur","post-92","page","type-page","status-publish","has-post-thumbnail"],"yoast_head":"<!-- This site is optimized with the Yoast SEO plugin v22.1 - https:\/\/yoast.com\/wordpress\/plugins\/seo\/ -->\n<title>Plateforme Cap \u00e9cole inclusive - GUIDE Ecole Inclusive de l&#039;Enseignement Catholique des Alpes-Maritimes<\/title>\n<meta name=\"description\" content=\"La plateforme CAP \u00e9cole\u00a0inclusive du r\u00e9seau CANOPE a pour but d\u2019accompagner la communaut\u00e9 \u00e9ducative dans la scolarisation de tous les \u00e9l\u00e8ves.\" \/>\n<meta name=\"robots\" content=\"index, follow, max-snippet:-1, max-image-preview:large, max-video-preview:-1\" \/>\n<link rel=\"canonical\" href=\"https:\/\/www.ddec06.fr\/guide-ash-06\/adapter-amenager-aider-en-classe\/plateforme-cap-ecole-inclusive\/\" \/>\n<meta property=\"og:locale\" content=\"fr_FR\" \/>\n<meta property=\"og:type\" content=\"article\" \/>\n<meta property=\"og:title\" content=\"Plateforme Cap \u00e9cole inclusive - GUIDE Ecole Inclusive de l&#039;Enseignement Catholique des Alpes-Maritimes\" \/>\n<meta property=\"og:description\" content=\"La plateforme CAP \u00e9cole\u00a0inclusive du r\u00e9seau CANOPE a pour but d\u2019accompagner la communaut\u00e9 \u00e9ducative dans la scolarisation de tous les \u00e9l\u00e8ves.\" \/>\n<meta property=\"og:url\" content=\"https:\/\/www.ddec06.fr\/guide-ash-06\/adapter-amenager-aider-en-classe\/plateforme-cap-ecole-inclusive\/\" \/>\n<meta property=\"og:site_name\" content=\"GUIDE Ecole Inclusive de l&#039;Enseignement Catholique des Alpes-Maritimes\" \/>\n<meta property=\"article:modified_time\" content=\"2021-10-27T14:08:16+00:00\" \/>\n<meta property=\"og:image\" content=\"https:\/\/www.ddec06.fr\/guide-ash-06\/wp-content\/uploads\/2021\/10\/cap.jpg\" \/>\n\t<meta property=\"og:image:width\" content=\"672\" \/>\n\t<meta property=\"og:image:height\" content=\"372\" \/>\n\t<meta property=\"og:image:type\" content=\"image\/jpeg\" \/>\n<meta name=\"twitter:card\" content=\"summary_large_image\" \/>\n<meta name=\"twitter:label1\" content=\"Dur\u00e9e de lecture estim\u00e9e\" \/>\n\t<meta name=\"twitter:data1\" content=\"1 minute\" \/>\n<script type=\"application\/ld+json\" class=\"yoast-schema-graph\">{\"@context\":\"https:\/\/schema.org\",\"@graph\":[{\"@type\":\"WebPage\",\"@id\":\"https:\/\/www.ddec06.fr\/guide-ash-06\/adapter-amenager-aider-en-classe\/plateforme-cap-ecole-inclusive\/\",\"url\":\"https:\/\/www.ddec06.fr\/guide-ash-06\/adapter-amenager-aider-en-classe\/plateforme-cap-ecole-inclusive\/\",\"name\":\"Plateforme Cap \u00e9cole inclusive - GUIDE Ecole Inclusive de l&#039;Enseignement Catholique des Alpes-Maritimes\",\"isPartOf\":{\"@id\":\"https:\/\/www.ddec06.fr\/guide-ash-06\/#website\"},\"datePublished\":\"2021-04-13T12:26:33+00:00\",\"dateModified\":\"2021-10-27T14:08:16+00:00\",\"description\":\"La plateforme CAP \u00e9cole\u00a0inclusive du r\u00e9seau CANOPE a pour but d\u2019accompagner la communaut\u00e9 \u00e9ducative dans la scolarisation de tous les \u00e9l\u00e8ves.\",\"breadcrumb\":{\"@id\":\"https:\/\/www.ddec06.fr\/guide-ash-06\/adapter-amenager-aider-en-classe\/plateforme-cap-ecole-inclusive\/#breadcrumb\"},\"inLanguage\":\"fr-FR\",\"potentialAction\":[{\"@type\":\"ReadAction\",\"target\":[\"https:\/\/www.ddec06.fr\/guide-ash-06\/adapter-amenager-aider-en-classe\/plateforme-cap-ecole-inclusive\/\"]}]},{\"@type\":\"BreadcrumbList\",\"@id\":\"https:\/\/www.ddec06.fr\/guide-ash-06\/adapter-amenager-aider-en-classe\/plateforme-cap-ecole-inclusive\/#breadcrumb\",\"itemListElement\":[{\"@type\":\"ListItem\",\"position\":1,\"name\":\"Accueil\",\"item\":\"https:\/\/www.ddec06.fr\/guide-ash-06\/\"},{\"@type\":\"ListItem\",\"position\":2,\"name\":\"Adapter &#8211; Am\u00e9nager &#8211; Aider en classe\",\"item\":\"https:\/\/www.ddec06.fr\/guide-ash-06\/adapter-amenager-aider-en-classe\/\"},{\"@type\":\"ListItem\",\"position\":3,\"name\":\"Plateforme Cap \u00e9cole inclusive\"}]},{\"@type\":\"WebSite\",\"@id\":\"https:\/\/www.ddec06.fr\/guide-ash-06\/#website\",\"url\":\"https:\/\/www.ddec06.fr\/guide-ash-06\/\",\"name\":\"GUIDE Ecole Inclusive de l&#039;Enseignement Catholique des Alpes-Maritimes\",\"description\":\"Accueillir les diff\u00e9rences en milieu scolaire.\",\"publisher\":{\"@id\":\"https:\/\/www.ddec06.fr\/guide-ash-06\/#organization\"},\"potentialAction\":[{\"@type\":\"SearchAction\",\"target\":{\"@type\":\"EntryPoint\",\"urlTemplate\":\"https:\/\/www.ddec06.fr\/guide-ash-06\/?s={search_term_string}\"},\"query-input\":\"required name=search_term_string\"}],\"inLanguage\":\"fr-FR\"},{\"@type\":\"Organization\",\"@id\":\"https:\/\/www.ddec06.fr\/guide-ash-06\/#organization\",\"name\":\"GUIDE Ecole Inclusive de l&#039;Enseignement Catholique des Alpes-Maritimes\",\"url\":\"https:\/\/www.ddec06.fr\/guide-ash-06\/\",\"logo\":{\"@type\":\"ImageObject\",\"inLanguage\":\"fr-FR\",\"@id\":\"https:\/\/www.ddec06.fr\/guide-ash-06\/#\/schema\/logo\/image\/\",\"url\":\"https:\/\/www.ddec06.fr\/guide-ash-06\/wp-content\/uploads\/2021\/04\/cropped-DDEC-DIOCESE-DE-NICE-SANS-DEGRADE-1-1.png\",\"contentUrl\":\"https:\/\/www.ddec06.fr\/guide-ash-06\/wp-content\/uploads\/2021\/04\/cropped-DDEC-DIOCESE-DE-NICE-SANS-DEGRADE-1-1.png\",\"width\":167,\"height\":100,\"caption\":\"GUIDE Ecole Inclusive de l&#039;Enseignement Catholique des Alpes-Maritimes\"},\"image\":{\"@id\":\"https:\/\/www.ddec06.fr\/guide-ash-06\/#\/schema\/logo\/image\/\"}}]}<\/script>\n<!-- \/ Yoast SEO plugin. -->","yoast_head_json":{"title":"Plateforme Cap \u00e9cole inclusive - GUIDE Ecole Inclusive de l&#039;Enseignement Catholique des Alpes-Maritimes","description":"La plateforme CAP \u00e9cole\u00a0inclusive du r\u00e9seau CANOPE a pour but d\u2019accompagner la communaut\u00e9 \u00e9ducative dans la scolarisation de tous les \u00e9l\u00e8ves.","robots":{"index":"index","follow":"follow","max-snippet":"max-snippet:-1","max-image-preview":"max-image-preview:large","max-video-preview":"max-video-preview:-1"},"canonical":"https:\/\/www.ddec06.fr\/guide-ash-06\/adapter-amenager-aider-en-classe\/plateforme-cap-ecole-inclusive\/","og_locale":"fr_FR","og_type":"article","og_title":"Plateforme Cap \u00e9cole inclusive - GUIDE Ecole Inclusive de l&#039;Enseignement Catholique des Alpes-Maritimes","og_description":"La plateforme CAP \u00e9cole\u00a0inclusive du r\u00e9seau CANOPE a pour but d\u2019accompagner la communaut\u00e9 \u00e9ducative dans la scolarisation de tous les \u00e9l\u00e8ves.","og_url":"https:\/\/www.ddec06.fr\/guide-ash-06\/adapter-amenager-aider-en-classe\/plateforme-cap-ecole-inclusive\/","og_site_name":"GUIDE Ecole Inclusive de l&#039;Enseignement Catholique des Alpes-Maritimes","article_modified_time":"2021-10-27T14:08:16+00:00","og_image":[{"width":672,"height":372,"url":"https:\/\/www.ddec06.fr\/guide-ash-06\/wp-content\/uploads\/2021\/10\/cap.jpg","type":"image\/jpeg"}],"twitter_card":"summary_large_image","twitter_misc":{"Dur\u00e9e de lecture estim\u00e9e":"1 minute"},"schema":{"@context":"https:\/\/schema.org","@graph":[{"@type":"WebPage","@id":"https:\/\/www.ddec06.fr\/guide-ash-06\/adapter-amenager-aider-en-classe\/plateforme-cap-ecole-inclusive\/","url":"https:\/\/www.ddec06.fr\/guide-ash-06\/adapter-amenager-aider-en-classe\/plateforme-cap-ecole-inclusive\/","name":"Plateforme Cap \u00e9cole inclusive - GUIDE Ecole Inclusive de l&#039;Enseignement Catholique des Alpes-Maritimes","isPartOf":{"@id":"https:\/\/www.ddec06.fr\/guide-ash-06\/#website"},"datePublished":"2021-04-13T12:26:33+00:00","dateModified":"2021-10-27T14:08:16+00:00","description":"La plateforme CAP \u00e9cole\u00a0inclusive du r\u00e9seau CANOPE a pour but d\u2019accompagner la communaut\u00e9 \u00e9ducative dans la scolarisation de tous les \u00e9l\u00e8ves.","breadcrumb":{"@id":"https:\/\/www.ddec06.fr\/guide-ash-06\/adapter-amenager-aider-en-classe\/plateforme-cap-ecole-inclusive\/#breadcrumb"},"inLanguage":"fr-FR","potentialAction":[{"@type":"ReadAction","target":["https:\/\/www.ddec06.fr\/guide-ash-06\/adapter-amenager-aider-en-classe\/plateforme-cap-ecole-inclusive\/"]}]},{"@type":"BreadcrumbList","@id":"https:\/\/www.ddec06.fr\/guide-ash-06\/adapter-amenager-aider-en-classe\/plateforme-cap-ecole-inclusive\/#breadcrumb","itemListElement":[{"@type":"ListItem","position":1,"name":"Accueil","item":"https:\/\/www.ddec06.fr\/guide-ash-06\/"},{"@type":"ListItem","position":2,"name":"Adapter &#8211; Am\u00e9nager &#8211; Aider en classe","item":"https:\/\/www.ddec06.fr\/guide-ash-06\/adapter-amenager-aider-en-classe\/"},{"@type":"ListItem","position":3,"name":"Plateforme Cap \u00e9cole inclusive"}]},{"@type":"WebSite","@id":"https:\/\/www.ddec06.fr\/guide-ash-06\/#website","url":"https:\/\/www.ddec06.fr\/guide-ash-06\/","name":"GUIDE Ecole Inclusive de l&#039;Enseignement Catholique des Alpes-Maritimes","description":"Accueillir les diff\u00e9rences en milieu scolaire.","publisher":{"@id":"https:\/\/www.ddec06.fr\/guide-ash-06\/#organization"},"potentialAction":[{"@type":"SearchAction","target":{"@type":"EntryPoint","urlTemplate":"https:\/\/www.ddec06.fr\/guide-ash-06\/?s={search_term_string}"},"query-input":"required name=search_term_string"}],"inLanguage":"fr-FR"},{"@type":"Organization","@id":"https:\/\/www.ddec06.fr\/guide-ash-06\/#organization","name":"GUIDE Ecole Inclusive de l&#039;Enseignement Catholique des Alpes-Maritimes","url":"https:\/\/www.ddec06.fr\/guide-ash-06\/","logo":{"@type":"ImageObject","inLanguage":"fr-FR","@id":"https:\/\/www.ddec06.fr\/guide-ash-06\/#\/schema\/logo\/image\/","url":"https:\/\/www.ddec06.fr\/guide-ash-06\/wp-content\/uploads\/2021\/04\/cropped-DDEC-DIOCESE-DE-NICE-SANS-DEGRADE-1-1.png","contentUrl":"https:\/\/www.ddec06.fr\/guide-ash-06\/wp-content\/uploads\/2021\/04\/cropped-DDEC-DIOCESE-DE-NICE-SANS-DEGRADE-1-1.png","width":167,"height":100,"caption":"GUIDE Ecole Inclusive de l&#039;Enseignement Catholique des Alpes-Maritimes"},"image":{"@id":"https:\/\/www.ddec06.fr\/guide-ash-06\/#\/schema\/logo\/image\/"}}]}},"jetpack_sharing_enabled":true,"_links":{"self":[{"href":"https:\/\/www.ddec06.fr\/guide-ash-06\/wp-json\/wp\/v2\/pages\/92","targetHints":{"allow":["GET"]}}],"collection":[{"href":"https:\/\/www.ddec06.fr\/guide-ash-06\/wp-json\/wp\/v2\/pages"}],"about":[{"href":"https:\/\/www.ddec06.fr\/guide-ash-06\/wp-json\/wp\/v2\/types\/page"}],"author":[{"embeddable":true,"href":"https:\/\/www.ddec06.fr\/guide-ash-06\/wp-json\/wp\/v2\/users\/1"}],"replies":[{"embeddable":true,"href":"https:\/\/www.ddec06.fr\/guide-ash-06\/wp-json\/wp\/v2\/comments?post=92"}],"version-history":[{"count":15,"href":"https:\/\/www.ddec06.fr\/guide-ash-06\/wp-json\/wp\/v2\/pages\/92\/revisions"}],"predecessor-version":[{"id":680,"href":"https:\/\/www.ddec06.fr\/guide-ash-06\/wp-json\/wp\/v2\/pages\/92\/revisions\/680"}],"up":[{"embeddable":true,"href":"https:\/\/www.ddec06.fr\/guide-ash-06\/wp-json\/wp\/v2\/pages\/24"}],"wp:featuredmedia":[{"embeddable":true,"href":"https:\/\/www.ddec06.fr\/guide-ash-06\/wp-json\/wp\/v2\/media\/550"}],"wp:attachment":[{"href":"https:\/\/www.ddec06.fr\/guide-ash-06\/wp-json\/wp\/v2\/media?parent=92"}],"curies":[{"name":"wp","href":"https:\/\/api.w.org\/{rel}","templated":true}]}}