{"id":9,"date":"2021-03-29T20:11:46","date_gmt":"2021-03-29T18:11:46","guid":{"rendered":"https:\/\/www.ddec06.fr\/guide-ash-06\/?page_id=9"},"modified":"2021-10-27T09:32:27","modified_gmt":"2021-10-27T07:32:27","slug":"scolariser-des-eleves-a-besoins-educatifs-particuliers-et-en-situation-de-handicap","status":"publish","type":"page","link":"https:\/\/www.ddec06.fr\/guide-ash-06\/scolariser-des-eleves-a-besoins-educatifs-particuliers-et-en-situation-de-handicap\/","title":{"rendered":"Scolariser des \u00e9l\u00e8ves \u00e0 besoins \u00e9ducatifs particuliers et en situation de handicap"},"content":{"rendered":"<div id=\"pl-9\"  class=\"panel-layout\" ><div id=\"pg-9-0\"  class=\"panel-grid panel-no-style\" ><div id=\"pgc-9-0-0\"  class=\"panel-grid-cell\" ><div id=\"panel-9-0-0-0\" class=\"so-panel widget widget_sow-editor panel-first-child panel-last-child\" data-index=\"0\" ><div\n\t\t\t\n\t\t\tclass=\"so-widget-sow-editor so-widget-sow-editor-base\"\n\t\t\t\n\t\t>\n<div class=\"siteorigin-widget-tinymce textwidget\">\n\t<p style=\"text-align: center;\"><span style=\"font-size: 24pt; color: #008000;\"><strong>Scolariser des \u00e9l\u00e8ves \u00e0 besoins \u00e9ducatifs particuliers<br \/>\net en situation de handicap<\/strong><\/span><\/p>\n<\/div>\n<\/div><\/div><\/div><\/div><div id=\"pg-9-1\"  class=\"panel-grid panel-no-style\" ><div id=\"pgc-9-1-0\"  class=\"panel-grid-cell\" ><div id=\"panel-9-1-0-0\" class=\"so-panel widget widget_sow-image panel-first-child panel-last-child\" data-index=\"1\" ><div\n\t\t\t\n\t\t\tclass=\"so-widget-sow-image so-widget-sow-image-default-8b5b6f678277-9\"\n\t\t\t\n\t\t>\n\n<div class=\"sow-image-container\">\n\t\t<img decoding=\"async\" src=\"https:\/\/www.ddec06.fr\/guide-ash-06\/wp-content\/uploads\/2021\/10\/eleves-enseignant-travaillant-ensemble-au-bureau_13339-217282.jpg\" width=\"626\" height=\"417\" srcset=\"https:\/\/www.ddec06.fr\/guide-ash-06\/wp-content\/uploads\/2021\/10\/eleves-enseignant-travaillant-ensemble-au-bureau_13339-217282.jpg 626w, https:\/\/www.ddec06.fr\/guide-ash-06\/wp-content\/uploads\/2021\/10\/eleves-enseignant-travaillant-ensemble-au-bureau_13339-217282-300x200.jpg 300w, https:\/\/www.ddec06.fr\/guide-ash-06\/wp-content\/uploads\/2021\/10\/eleves-enseignant-travaillant-ensemble-au-bureau_13339-217282-465x310.jpg 465w, https:\/\/www.ddec06.fr\/guide-ash-06\/wp-content\/uploads\/2021\/10\/eleves-enseignant-travaillant-ensemble-au-bureau_13339-217282-272x182.jpg 272w\" sizes=\"auto, (max-width: 626px) 100vw, 626px\" alt=\"\" loading=\"lazy\" \t\tclass=\"so-widget-image\"\/>\n\t<\/div>\n\n<\/div><\/div><\/div><div id=\"pgc-9-1-1\"  class=\"panel-grid-cell\" ><div id=\"panel-9-1-1-0\" class=\"so-panel widget widget_sow-editor panel-first-child panel-last-child\" data-index=\"2\" ><div\n\t\t\t\n\t\t\tclass=\"so-widget-sow-editor so-widget-sow-editor-base\"\n\t\t\t\n\t\t>\n<div class=\"siteorigin-widget-tinymce textwidget\">\n\t<h2 style=\"text-align: center;\"><span style=\"font-size: 24pt;\"><strong>SOMMAIRE<\/strong><\/span><\/h2>\n<p style=\"text-align: left;\"><a href=\"https:\/\/www.ddec06.fr\/guide-ash-06\/scolariser-des-eleves-a-besoins-educatifs-particuliers-et-en-situation-de-handicap\/les-recommandations-officielles\/\"><img loading=\"lazy\" decoding=\"async\" class=\"alignnone size-full wp-image-431\" src=\"https:\/\/www.ddec06.fr\/guide-ash-06\/wp-content\/uploads\/2021\/10\/fleche.png\" alt=\"\" width=\"29\" height=\"20\" \/> <strong>Les recommandations officielles : <\/strong><span style=\"font-size: 10pt;\"><em>Textes officiels \/ Lois et circulaires du MEN \/ Documents d'accompagnement \/ Vade Mecum<\/em><\/span><\/a><\/p>\n<p style=\"text-align: left;\"><a href=\"https:\/\/www.ddec06.fr\/guide-ash-06\/scolariser-des-eleves-a-besoins-educatifs-particuliers-et-en-situation-de-handicap\/les-differents-plans\/\"><img loading=\"lazy\" decoding=\"async\" class=\"alignnone size-full wp-image-431\" src=\"https:\/\/www.ddec06.fr\/guide-ash-06\/wp-content\/uploads\/2021\/10\/fleche.png\" alt=\"\" width=\"29\" height=\"20\" \/> <strong>Les diff\u00e9rents plans : <\/strong><span style=\"font-size: 10pt;\"><em>PPRE \/ PAP \/ PPS \/ PAI<\/em><\/span><\/a><\/p>\n<p style=\"text-align: left;\"><a href=\"https:\/\/www.ddec06.fr\/guide-ash-06\/scolariser-des-eleves-a-besoins-educatifs-particuliers-et-en-situation-de-handicap\/les-pial\/\"><img loading=\"lazy\" decoding=\"async\" class=\"alignnone size-full wp-image-431\" src=\"https:\/\/www.ddec06.fr\/guide-ash-06\/wp-content\/uploads\/2021\/10\/fleche.png\" alt=\"\" width=\"29\" height=\"20\" \/> <strong>Les PIAL<\/strong><\/a><\/p>\n<p style=\"text-align: left;\"><strong><a href=\"https:\/\/www.ddec06.fr\/guide-ash-06\/scolariser-des-eleves-a-besoins-educatifs-particuliers-et-en-situation-de-handicap\/les-aesh\/\"><img loading=\"lazy\" decoding=\"async\" class=\"alignnone size-full wp-image-431\" src=\"https:\/\/www.ddec06.fr\/guide-ash-06\/wp-content\/uploads\/2021\/10\/fleche.png\" alt=\"\" width=\"29\" height=\"20\" \/> Les AESH<\/a><\/strong><\/p>\n<p style=\"text-align: left;\"><strong><a href=\"https:\/\/www.ddec06.fr\/guide-ash-06\/scolariser-des-eleves-a-besoins-educatifs-particuliers-et-en-situation-de-handicap\/la-mdph\/\"><img loading=\"lazy\" decoding=\"async\" class=\"alignnone size-full wp-image-431\" src=\"https:\/\/www.ddec06.fr\/guide-ash-06\/wp-content\/uploads\/2021\/10\/fleche.png\" alt=\"\" width=\"29\" height=\"20\" \/> La MDPH<\/a><\/strong><\/p>\n<p style=\"text-align: left;\"><strong><a href=\"https:\/\/www.ddec06.fr\/guide-ash-06\/amenagements-des-examens\/\"><img loading=\"lazy\" decoding=\"async\" class=\"alignnone size-full wp-image-431\" src=\"https:\/\/www.ddec06.fr\/guide-ash-06\/wp-content\/uploads\/2021\/10\/fleche.png\" alt=\"\" width=\"29\" height=\"20\" \/> Am\u00e9nagement des examens<\/a><\/strong><\/p>\n<\/div>\n<\/div><\/div><\/div><\/div><\/div>","protected":false},"excerpt":{"rendered":"<p>Scolariser des \u00e9l\u00e8ves \u00e0 besoins \u00e9ducatifs particuliers et en situation de handicap SOMMAIRE Les recommandations officielles : Textes officiels \/ Lois et circulaires du MEN \/ Documents d&rsquo;accompagnement \/ Vade Mecum Les diff\u00e9rents plans : PPRE \/ PAP \/ PPS \/ PAI Les PIAL Les AESH La MDPH Am\u00e9nagement des<span class=\"more-link\"><a href=\"https:\/\/www.ddec06.fr\/guide-ash-06\/scolariser-des-eleves-a-besoins-educatifs-particuliers-et-en-situation-de-handicap\/\">Lire la suite<\/a><\/span><\/p>\n","protected":false},"author":1,"featured_media":606,"parent":0,"menu_order":1,"comment_status":"closed","ping_status":"closed","template":"","meta":{"footnotes":""},"class_list":["entry","author-administrateur","post-9","page","type-page","status-publish","has-post-thumbnail"],"yoast_head":"<!-- This site is optimized with the Yoast SEO plugin v22.1 - https:\/\/yoast.com\/wordpress\/plugins\/seo\/ -->\n<title>Scolariser des \u00e9l\u00e8ves \u00e0 besoins \u00e9ducatifs particuliers et en situation de handicap - GUIDE Ecole Inclusive de l&#039;Enseignement Catholique des Alpes-Maritimes<\/title>\n<meta name=\"description\" content=\"Les recommandations officielles - Les diff\u00e9rents plans - Les PIAL - Les AESH - La MDPH - Am\u00e9nagement des examens\" \/>\n<meta name=\"robots\" content=\"index, follow, max-snippet:-1, max-image-preview:large, max-video-preview:-1\" \/>\n<link rel=\"canonical\" href=\"https:\/\/www.ddec06.fr\/guide-ash-06\/scolariser-des-eleves-a-besoins-educatifs-particuliers-et-en-situation-de-handicap\/\" \/>\n<meta property=\"og:locale\" content=\"fr_FR\" \/>\n<meta property=\"og:type\" content=\"article\" \/>\n<meta property=\"og:title\" content=\"Scolariser des \u00e9l\u00e8ves \u00e0 besoins \u00e9ducatifs particuliers et en situation de handicap - GUIDE Ecole Inclusive de l&#039;Enseignement Catholique des Alpes-Maritimes\" \/>\n<meta property=\"og:description\" content=\"Les recommandations officielles - Les diff\u00e9rents plans - Les PIAL - Les AESH - La MDPH - Am\u00e9nagement des examens\" \/>\n<meta property=\"og:url\" content=\"https:\/\/www.ddec06.fr\/guide-ash-06\/scolariser-des-eleves-a-besoins-educatifs-particuliers-et-en-situation-de-handicap\/\" \/>\n<meta property=\"og:site_name\" content=\"GUIDE Ecole Inclusive de l&#039;Enseignement Catholique des Alpes-Maritimes\" \/>\n<meta property=\"article:modified_time\" content=\"2021-10-27T07:32:27+00:00\" \/>\n<meta property=\"og:image\" content=\"https:\/\/www.ddec06.fr\/guide-ash-06\/wp-content\/uploads\/2021\/10\/eleves-enseignant-travaillant-ensemble-au-bureau_13339-217282.jpg\" \/>\n\t<meta property=\"og:image:width\" content=\"626\" \/>\n\t<meta property=\"og:image:height\" content=\"417\" \/>\n\t<meta property=\"og:image:type\" content=\"image\/jpeg\" \/>\n<meta name=\"twitter:card\" content=\"summary_large_image\" \/>\n<meta name=\"twitter:label1\" content=\"Dur\u00e9e de lecture estim\u00e9e\" \/>\n\t<meta name=\"twitter:data1\" content=\"2 minutes\" \/>\n<script type=\"application\/ld+json\" class=\"yoast-schema-graph\">{\"@context\":\"https:\/\/schema.org\",\"@graph\":[{\"@type\":\"WebPage\",\"@id\":\"https:\/\/www.ddec06.fr\/guide-ash-06\/scolariser-des-eleves-a-besoins-educatifs-particuliers-et-en-situation-de-handicap\/\",\"url\":\"https:\/\/www.ddec06.fr\/guide-ash-06\/scolariser-des-eleves-a-besoins-educatifs-particuliers-et-en-situation-de-handicap\/\",\"name\":\"Scolariser des \u00e9l\u00e8ves \u00e0 besoins \u00e9ducatifs particuliers et en situation de handicap - GUIDE Ecole Inclusive de l&#039;Enseignement Catholique des Alpes-Maritimes\",\"isPartOf\":{\"@id\":\"https:\/\/www.ddec06.fr\/guide-ash-06\/#website\"},\"datePublished\":\"2021-03-29T18:11:46+00:00\",\"dateModified\":\"2021-10-27T07:32:27+00:00\",\"description\":\"Les recommandations officielles - Les diff\u00e9rents plans - Les PIAL - Les AESH - La MDPH - Am\u00e9nagement des examens\",\"breadcrumb\":{\"@id\":\"https:\/\/www.ddec06.fr\/guide-ash-06\/scolariser-des-eleves-a-besoins-educatifs-particuliers-et-en-situation-de-handicap\/#breadcrumb\"},\"inLanguage\":\"fr-FR\",\"potentialAction\":[{\"@type\":\"ReadAction\",\"target\":[\"https:\/\/www.ddec06.fr\/guide-ash-06\/scolariser-des-eleves-a-besoins-educatifs-particuliers-et-en-situation-de-handicap\/\"]}]},{\"@type\":\"BreadcrumbList\",\"@id\":\"https:\/\/www.ddec06.fr\/guide-ash-06\/scolariser-des-eleves-a-besoins-educatifs-particuliers-et-en-situation-de-handicap\/#breadcrumb\",\"itemListElement\":[{\"@type\":\"ListItem\",\"position\":1,\"name\":\"Accueil\",\"item\":\"https:\/\/www.ddec06.fr\/guide-ash-06\/\"},{\"@type\":\"ListItem\",\"position\":2,\"name\":\"Scolariser des \u00e9l\u00e8ves \u00e0 besoins \u00e9ducatifs particuliers et en situation de handicap\"}]},{\"@type\":\"WebSite\",\"@id\":\"https:\/\/www.ddec06.fr\/guide-ash-06\/#website\",\"url\":\"https:\/\/www.ddec06.fr\/guide-ash-06\/\",\"name\":\"GUIDE Ecole Inclusive de l&#039;Enseignement Catholique des Alpes-Maritimes\",\"description\":\"Accueillir les diff\u00e9rences en milieu scolaire.\",\"publisher\":{\"@id\":\"https:\/\/www.ddec06.fr\/guide-ash-06\/#organization\"},\"potentialAction\":[{\"@type\":\"SearchAction\",\"target\":{\"@type\":\"EntryPoint\",\"urlTemplate\":\"https:\/\/www.ddec06.fr\/guide-ash-06\/?s={search_term_string}\"},\"query-input\":\"required name=search_term_string\"}],\"inLanguage\":\"fr-FR\"},{\"@type\":\"Organization\",\"@id\":\"https:\/\/www.ddec06.fr\/guide-ash-06\/#organization\",\"name\":\"GUIDE Ecole Inclusive de l&#039;Enseignement Catholique des Alpes-Maritimes\",\"url\":\"https:\/\/www.ddec06.fr\/guide-ash-06\/\",\"logo\":{\"@type\":\"ImageObject\",\"inLanguage\":\"fr-FR\",\"@id\":\"https:\/\/www.ddec06.fr\/guide-ash-06\/#\/schema\/logo\/image\/\",\"url\":\"https:\/\/www.ddec06.fr\/guide-ash-06\/wp-content\/uploads\/2021\/04\/cropped-DDEC-DIOCESE-DE-NICE-SANS-DEGRADE-1-1.png\",\"contentUrl\":\"https:\/\/www.ddec06.fr\/guide-ash-06\/wp-content\/uploads\/2021\/04\/cropped-DDEC-DIOCESE-DE-NICE-SANS-DEGRADE-1-1.png\",\"width\":167,\"height\":100,\"caption\":\"GUIDE Ecole Inclusive de l&#039;Enseignement Catholique des Alpes-Maritimes\"},\"image\":{\"@id\":\"https:\/\/www.ddec06.fr\/guide-ash-06\/#\/schema\/logo\/image\/\"}}]}<\/script>\n<!-- \/ Yoast SEO plugin. -->","yoast_head_json":{"title":"Scolariser des \u00e9l\u00e8ves \u00e0 besoins \u00e9ducatifs particuliers et en situation de handicap - GUIDE Ecole Inclusive de l&#039;Enseignement Catholique des Alpes-Maritimes","description":"Les recommandations officielles - Les diff\u00e9rents plans - Les PIAL - Les AESH - La MDPH - Am\u00e9nagement des examens","robots":{"index":"index","follow":"follow","max-snippet":"max-snippet:-1","max-image-preview":"max-image-preview:large","max-video-preview":"max-video-preview:-1"},"canonical":"https:\/\/www.ddec06.fr\/guide-ash-06\/scolariser-des-eleves-a-besoins-educatifs-particuliers-et-en-situation-de-handicap\/","og_locale":"fr_FR","og_type":"article","og_title":"Scolariser des \u00e9l\u00e8ves \u00e0 besoins \u00e9ducatifs particuliers et en situation de handicap - GUIDE Ecole Inclusive de l&#039;Enseignement Catholique des Alpes-Maritimes","og_description":"Les recommandations officielles - Les diff\u00e9rents plans - Les PIAL - Les AESH - La MDPH - Am\u00e9nagement des examens","og_url":"https:\/\/www.ddec06.fr\/guide-ash-06\/scolariser-des-eleves-a-besoins-educatifs-particuliers-et-en-situation-de-handicap\/","og_site_name":"GUIDE Ecole Inclusive de l&#039;Enseignement Catholique des Alpes-Maritimes","article_modified_time":"2021-10-27T07:32:27+00:00","og_image":[{"width":626,"height":417,"url":"https:\/\/www.ddec06.fr\/guide-ash-06\/wp-content\/uploads\/2021\/10\/eleves-enseignant-travaillant-ensemble-au-bureau_13339-217282.jpg","type":"image\/jpeg"}],"twitter_card":"summary_large_image","twitter_misc":{"Dur\u00e9e de lecture estim\u00e9e":"2 minutes"},"schema":{"@context":"https:\/\/schema.org","@graph":[{"@type":"WebPage","@id":"https:\/\/www.ddec06.fr\/guide-ash-06\/scolariser-des-eleves-a-besoins-educatifs-particuliers-et-en-situation-de-handicap\/","url":"https:\/\/www.ddec06.fr\/guide-ash-06\/scolariser-des-eleves-a-besoins-educatifs-particuliers-et-en-situation-de-handicap\/","name":"Scolariser des \u00e9l\u00e8ves \u00e0 besoins \u00e9ducatifs particuliers et en situation de handicap - GUIDE Ecole Inclusive de l&#039;Enseignement Catholique des Alpes-Maritimes","isPartOf":{"@id":"https:\/\/www.ddec06.fr\/guide-ash-06\/#website"},"datePublished":"2021-03-29T18:11:46+00:00","dateModified":"2021-10-27T07:32:27+00:00","description":"Les recommandations officielles - Les diff\u00e9rents plans - Les PIAL - Les AESH - La MDPH - Am\u00e9nagement des examens","breadcrumb":{"@id":"https:\/\/www.ddec06.fr\/guide-ash-06\/scolariser-des-eleves-a-besoins-educatifs-particuliers-et-en-situation-de-handicap\/#breadcrumb"},"inLanguage":"fr-FR","potentialAction":[{"@type":"ReadAction","target":["https:\/\/www.ddec06.fr\/guide-ash-06\/scolariser-des-eleves-a-besoins-educatifs-particuliers-et-en-situation-de-handicap\/"]}]},{"@type":"BreadcrumbList","@id":"https:\/\/www.ddec06.fr\/guide-ash-06\/scolariser-des-eleves-a-besoins-educatifs-particuliers-et-en-situation-de-handicap\/#breadcrumb","itemListElement":[{"@type":"ListItem","position":1,"name":"Accueil","item":"https:\/\/www.ddec06.fr\/guide-ash-06\/"},{"@type":"ListItem","position":2,"name":"Scolariser des \u00e9l\u00e8ves \u00e0 besoins \u00e9ducatifs particuliers et en situation de handicap"}]},{"@type":"WebSite","@id":"https:\/\/www.ddec06.fr\/guide-ash-06\/#website","url":"https:\/\/www.ddec06.fr\/guide-ash-06\/","name":"GUIDE Ecole Inclusive de l&#039;Enseignement Catholique des Alpes-Maritimes","description":"Accueillir les diff\u00e9rences en milieu scolaire.","publisher":{"@id":"https:\/\/www.ddec06.fr\/guide-ash-06\/#organization"},"potentialAction":[{"@type":"SearchAction","target":{"@type":"EntryPoint","urlTemplate":"https:\/\/www.ddec06.fr\/guide-ash-06\/?s={search_term_string}"},"query-input":"required name=search_term_string"}],"inLanguage":"fr-FR"},{"@type":"Organization","@id":"https:\/\/www.ddec06.fr\/guide-ash-06\/#organization","name":"GUIDE Ecole Inclusive de l&#039;Enseignement Catholique des Alpes-Maritimes","url":"https:\/\/www.ddec06.fr\/guide-ash-06\/","logo":{"@type":"ImageObject","inLanguage":"fr-FR","@id":"https:\/\/www.ddec06.fr\/guide-ash-06\/#\/schema\/logo\/image\/","url":"https:\/\/www.ddec06.fr\/guide-ash-06\/wp-content\/uploads\/2021\/04\/cropped-DDEC-DIOCESE-DE-NICE-SANS-DEGRADE-1-1.png","contentUrl":"https:\/\/www.ddec06.fr\/guide-ash-06\/wp-content\/uploads\/2021\/04\/cropped-DDEC-DIOCESE-DE-NICE-SANS-DEGRADE-1-1.png","width":167,"height":100,"caption":"GUIDE Ecole Inclusive de l&#039;Enseignement Catholique des Alpes-Maritimes"},"image":{"@id":"https:\/\/www.ddec06.fr\/guide-ash-06\/#\/schema\/logo\/image\/"}}]}},"jetpack_sharing_enabled":true,"_links":{"self":[{"href":"https:\/\/www.ddec06.fr\/guide-ash-06\/wp-json\/wp\/v2\/pages\/9","targetHints":{"allow":["GET"]}}],"collection":[{"href":"https:\/\/www.ddec06.fr\/guide-ash-06\/wp-json\/wp\/v2\/pages"}],"about":[{"href":"https:\/\/www.ddec06.fr\/guide-ash-06\/wp-json\/wp\/v2\/types\/page"}],"author":[{"embeddable":true,"href":"https:\/\/www.ddec06.fr\/guide-ash-06\/wp-json\/wp\/v2\/users\/1"}],"replies":[{"embeddable":true,"href":"https:\/\/www.ddec06.fr\/guide-ash-06\/wp-json\/wp\/v2\/comments?post=9"}],"version-history":[{"count":10,"href":"https:\/\/www.ddec06.fr\/guide-ash-06\/wp-json\/wp\/v2\/pages\/9\/revisions"}],"predecessor-version":[{"id":608,"href":"https:\/\/www.ddec06.fr\/guide-ash-06\/wp-json\/wp\/v2\/pages\/9\/revisions\/608"}],"wp:featuredmedia":[{"embeddable":true,"href":"https:\/\/www.ddec06.fr\/guide-ash-06\/wp-json\/wp\/v2\/media\/606"}],"wp:attachment":[{"href":"https:\/\/www.ddec06.fr\/guide-ash-06\/wp-json\/wp\/v2\/media?parent=9"}],"curies":[{"name":"wp","href":"https:\/\/api.w.org\/{rel}","templated":true}]}}