{"id":85,"date":"2021-04-13T14:23:39","date_gmt":"2021-04-13T12:23:39","guid":{"rendered":"https:\/\/www.ddec06.fr\/guide-ash-06\/?page_id=85"},"modified":"2021-10-27T15:56:07","modified_gmt":"2021-10-27T13:56:07","slug":"la-question-des-eleves-hpi","status":"publish","type":"page","link":"https:\/\/www.ddec06.fr\/guide-ash-06\/adapter-amenager-aider-en-classe\/la-question-des-eleves-hpi\/","title":{"rendered":"La question des \u00e9l\u00e8ves HPI"},"content":{"rendered":"<div id=\"pl-85\"  class=\"panel-layout\" ><div id=\"pg-85-0\"  class=\"panel-grid panel-no-style\" ><div id=\"pgc-85-0-0\"  class=\"panel-grid-cell\" ><div id=\"panel-85-0-0-0\" class=\"so-panel widget widget_sow-editor panel-first-child\" data-index=\"0\" ><div\n\t\t\t\n\t\t\tclass=\"so-widget-sow-editor so-widget-sow-editor-base\"\n\t\t\t\n\t\t>\n<div class=\"siteorigin-widget-tinymce textwidget\">\n\t<p style=\"text-align: center;\"><span style=\"color: #4e9072;\"><strong><span style=\"font-size: 24pt;\">La question des El\u00e8ves HPI (Haut Potentiel Intellectuel)<\/span><\/strong><\/span><\/p>\n<\/div>\n<\/div><\/div><div id=\"panel-85-0-0-1\" class=\"so-panel widget widget_sow-editor panel-last-child\" data-index=\"1\" ><div class=\"panel-widget-style panel-widget-style-for-85-0-0-1\" ><div\n\t\t\t\n\t\t\tclass=\"so-widget-sow-editor so-widget-sow-editor-base\"\n\t\t\t\n\t\t>\n<div class=\"siteorigin-widget-tinymce textwidget\">\n\t<p><span style=\"text-decoration: underline;\"><strong>En pr\u00e9ambule<\/strong><\/span><\/p>\n<p>La d\u00e9nomination des \u00e9l\u00e8ves dont il est question a chang\u00e9 au printemps 2019 : d'El\u00e8ves Intellectuellement Pr\u00e9coces (EIP), ils sont devenus El\u00e8ves \u00e0 Haut Potentiel (EHP).<br \/>\nLes documents pr\u00e9sent\u00e9s ici \u00e9tant de sources vari\u00e9es, vous trouverez indiff\u00e9remment les termes EIP, EHP et HPI.<\/p>\n<\/div>\n<\/div><\/div><\/div><\/div><\/div><div id=\"pg-85-1\"  class=\"panel-grid panel-no-style\" ><div id=\"pgc-85-1-0\"  class=\"panel-grid-cell\" ><div id=\"panel-85-1-0-0\" class=\"so-panel widget widget_sow-editor panel-first-child panel-last-child\" data-index=\"2\" ><div\n\t\t\t\n\t\t\tclass=\"so-widget-sow-editor so-widget-sow-editor-base\"\n\t\t\t\n\t\t>\n<div class=\"siteorigin-widget-tinymce textwidget\">\n\t<h2><span style=\"color: #008000;\"><strong>I \u2013 Des pistes de r\u00e9flexion<\/strong><\/span><\/h2>\n<p><strong>\u00a0* <\/strong><strong>Les ressources nationales<\/strong><\/p>\n<ul>\n<li><a href=\"https:\/\/eduscol.education.fr\/cid59724\/eleves-intellectuellement-precoces.html\"><img loading=\"lazy\" decoding=\"async\" class=\"alignnone wp-image-526 size-full\" src=\"https:\/\/www.ddec06.fr\/guide-ash-06\/wp-content\/uploads\/2021\/10\/www.jpg\" alt=\"\" width=\"56\" height=\"21\" \/><\/a>Ressources pour la personnalisation des parcours des \u00e9l\u00e8ves \u00e0 Haut potentiel : les ressources eduscol<\/li>\n<li><a href=\"https:\/\/www.education.gouv.fr\/la-scolarisation-des-eleves-intellectuellement-precoces-9878\"><img loading=\"lazy\" decoding=\"async\" class=\"alignnone wp-image-526 size-full\" src=\"https:\/\/www.ddec06.fr\/guide-ash-06\/wp-content\/uploads\/2021\/10\/www.jpg\" alt=\"\" width=\"56\" height=\"21\" \/><\/a> \"La scolarisation des \u00e9l\u00e8ves intellectuellement pr\u00e9coces\" sur le site du minist\u00e8re<\/li>\n<li><a href=\"https:\/\/mallettedesparents.education.gouv.fr\/parents\/ID221\/les-enfants-a-haut-potentiel\"><img loading=\"lazy\" decoding=\"async\" class=\"alignnone wp-image-526 size-full\" src=\"https:\/\/www.ddec06.fr\/guide-ash-06\/wp-content\/uploads\/2021\/10\/www.jpg\" alt=\"\" width=\"56\" height=\"21\" \/><\/a>\u00ab La mallette des parents \u00bb, un site de ressources mis en place par le minist\u00e8re charg\u00e9 de l\u2019\u00e9ducation nationale et destin\u00e9 \u00e0 l\u2019information des familles, pour accompagner leurs enfants vers la r\u00e9ussite : \"Les enfants \u00e0 Haut Potentiel\"<\/li>\n<li><a href=\"https:\/\/www.onisep.fr\/Choisir-mes-etudes\/College\/Collegiens-a-besoins-specifiques\/Les-eleves-a-haut-potentiel\"><img loading=\"lazy\" decoding=\"async\" class=\"alignnone wp-image-526 size-full\" src=\"https:\/\/www.ddec06.fr\/guide-ash-06\/wp-content\/uploads\/2021\/10\/www.jpg\" alt=\"\" width=\"56\" height=\"21\" \/><\/a> \"Les \u00c9l\u00e8ves \u00e0 Haut Potentiel\" sur le site de l'ONISEP<\/li>\n<li><a href=\"https:\/\/www.ddec06.fr\/guide-ash-06\/wp-content\/uploads\/2021\/10\/Vademecum-Scolariser-un-eleve-a-Haut-potentiel.pdf\"><img loading=\"lazy\" decoding=\"async\" class=\"alignnone wp-image-524\" src=\"https:\/\/www.ddec06.fr\/guide-ash-06\/wp-content\/uploads\/2021\/10\/icone-telechargement-vert.png\" alt=\"\" width=\"23\" height=\"21\" \/><\/a> Vade Mecum \"Scolariser un \u00e9l\u00e8ve \u00e0 Haut potentiel\" <a href=\"https:\/\/www.ddec06.fr\/guide-ash-06\/wp-content\/uploads\/2021\/10\/Vademecum-Scolariser-un-eleve-a-Haut-potentiel.pdf\"><img loading=\"lazy\" decoding=\"async\" class=\"alignnone wp-image-527 size-full\" src=\"https:\/\/www.ddec06.fr\/guide-ash-06\/wp-content\/uploads\/2021\/10\/pdf.png\" alt=\"\" width=\"21\" height=\"21\" \/><\/a><\/li>\n<\/ul>\n<p><strong>\u00a0* Les ressources acad\u00e9miques :<\/strong><\/p>\n<ul>\n<li><a href=\"https:\/\/www.pedagogie.ac-aix-marseille.fr\/jcms\/c_10507087\/fr\/je-suis-parent\"><img loading=\"lazy\" decoding=\"async\" class=\"alignnone wp-image-526 size-full\" src=\"https:\/\/www.ddec06.fr\/guide-ash-06\/wp-content\/uploads\/2021\/10\/www.jpg\" alt=\"\" width=\"56\" height=\"21\" \/><\/a>Espace parents du site de la r\u00e9gion acad\u00e9mique<\/li>\n<li><a href=\"https:\/\/www.ddec06.fr\/guide-ash-06\/wp-admin\/Ressources%20acad%C3%A9miques%20Documentaire%20et%20p%C3%A9dagogique\/Les_eleves_intellectuellement_precoces_guide_974.pdf\"><img loading=\"lazy\" decoding=\"async\" class=\"alignnone wp-image-524\" src=\"https:\/\/www.ddec06.fr\/guide-ash-06\/wp-content\/uploads\/2021\/10\/icone-telechargement-vert.png\" alt=\"\" width=\"23\" height=\"21\" \/><\/a> Inspection ASH \u00cele de la R\u00e9union <a href=\"https:\/\/www.ddec06.fr\/guide-ash-06\/wp-admin\/Ressources%20acad%C3%A9miques%20Documentaire%20et%20p%C3%A9dagogique\/Les_eleves_intellectuellement_precoces_guide_974.pdf\"><img loading=\"lazy\" decoding=\"async\" class=\"alignnone wp-image-527 size-full\" src=\"https:\/\/www.ddec06.fr\/guide-ash-06\/wp-content\/uploads\/2021\/10\/pdf.png\" alt=\"\" width=\"21\" height=\"21\" \/><\/a><\/li>\n<\/ul>\n<p><strong>\u00a0 * <\/strong><strong>Les associations\u00a0:<\/strong><\/p>\n<ul>\n<li><a href=\"http:\/\/www.anpeip.org\/choisir-sa-region\/cote-d-azur\"><img loading=\"lazy\" decoding=\"async\" class=\"alignnone wp-image-526 size-full\" src=\"https:\/\/www.ddec06.fr\/guide-ash-06\/wp-content\/uploads\/2021\/10\/www.jpg\" alt=\"\" width=\"56\" height=\"21\" \/><\/a>L\u2019ANPEIP<\/li>\n<li><a href=\"http:\/\/les-tribulations-dun-petit-zebre.com\/\"><img loading=\"lazy\" decoding=\"async\" class=\"alignnone wp-image-526 size-full\" src=\"https:\/\/www.ddec06.fr\/guide-ash-06\/wp-content\/uploads\/2021\/10\/www.jpg\" alt=\"\" width=\"56\" height=\"21\" \/><\/a>Les tribulations d\u2019un petit z\u00e8bre<\/li>\n<li><a href=\"https:\/\/www.cogitoz.com\/\"><img loading=\"lazy\" decoding=\"async\" class=\"alignnone wp-image-526 size-full\" src=\"https:\/\/www.ddec06.fr\/guide-ash-06\/wp-content\/uploads\/2021\/10\/www.jpg\" alt=\"\" width=\"56\" height=\"21\" \/><\/a>Cogitoz<\/li>\n<li><a href=\"http:\/\/enfants-precoces-32.e-monsite.com\/\"><img loading=\"lazy\" decoding=\"async\" class=\"alignnone wp-image-526 size-full\" src=\"https:\/\/www.ddec06.fr\/guide-ash-06\/wp-content\/uploads\/2021\/10\/www.jpg\" alt=\"\" width=\"56\" height=\"21\" \/><\/a>Asso pour les Enfants Surdou\u00e9s en Difficult\u00e9 scolaire<\/li>\n<li><a href=\"http:\/\/www.afep-asso.fr\/\"><img loading=\"lazy\" decoding=\"async\" class=\"alignnone wp-image-526 size-full\" src=\"https:\/\/www.ddec06.fr\/guide-ash-06\/wp-content\/uploads\/2021\/10\/www.jpg\" alt=\"\" width=\"56\" height=\"21\" \/><\/a>Association fran\u00e7aise pour les enfants pr\u00e9coces<\/li>\n<\/ul>\n<\/div>\n<\/div><\/div><\/div><div id=\"pgc-85-1-1\"  class=\"panel-grid-cell\" ><div id=\"panel-85-1-1-0\" class=\"so-panel widget widget_sow-image panel-first-child panel-last-child\" data-index=\"3\" ><div\n\t\t\t\n\t\t\tclass=\"so-widget-sow-image so-widget-sow-image-default-8b5b6f678277-85\"\n\t\t\t\n\t\t>\n\n<div class=\"sow-image-container\">\n\t\t<img decoding=\"async\" src=\"https:\/\/www.ddec06.fr\/guide-ash-06\/wp-content\/uploads\/2021\/10\/68448293-silhouette-d-une-tete-d-enfant-avec-un-cerveau-compose-d-engrenages-ou-de-roues-dentees-pieces-de-ma.jpg\" width=\"418\" height=\"450\" srcset=\"https:\/\/www.ddec06.fr\/guide-ash-06\/wp-content\/uploads\/2021\/10\/68448293-silhouette-d-une-tete-d-enfant-avec-un-cerveau-compose-d-engrenages-ou-de-roues-dentees-pieces-de-ma.jpg 418w, https:\/\/www.ddec06.fr\/guide-ash-06\/wp-content\/uploads\/2021\/10\/68448293-silhouette-d-une-tete-d-enfant-avec-un-cerveau-compose-d-engrenages-ou-de-roues-dentees-pieces-de-ma-279x300.jpg 279w\" sizes=\"auto, (max-width: 418px) 100vw, 418px\" title=\"68448293-silhouette-d-une-t\u00eate-d-enfant-avec-un-cerveau-compos\u00e9-d-engrenages-ou-de-roues-dent\u00e9es-pi\u00e8ces-de-ma\" alt=\"\" loading=\"lazy\" \t\tclass=\"so-widget-image\"\/>\n\t<\/div>\n\n<\/div><\/div><\/div><\/div><div id=\"pg-85-2\"  class=\"panel-grid panel-no-style\" ><div id=\"pgc-85-2-0\"  class=\"panel-grid-cell\" ><div id=\"panel-85-2-0-0\" class=\"so-panel widget widget_sow-editor panel-first-child panel-last-child\" data-index=\"4\" ><div\n\t\t\t\n\t\t\tclass=\"so-widget-sow-editor so-widget-sow-editor-base\"\n\t\t\t\n\t\t>\n<div class=\"siteorigin-widget-tinymce textwidget\">\n\t<p><strong>\u00a0<\/strong><strong>\u00a0 * <\/strong><strong>Conna\u00eetre les profils HPI<\/strong><\/p>\n<ul>\n<li><strong>Des vid\u00e9os<\/strong>\n<ul>\n<li><span style=\"font-size: 12pt;\"><a href=\"https:\/\/youtu.be\/rVwtBYB3Br0\"><img loading=\"lazy\" decoding=\"async\" class=\"alignnone wp-image-521\" src=\"https:\/\/www.ddec06.fr\/guide-ash-06\/wp-content\/uploads\/2021\/10\/icone-youtube-player50.png\" alt=\"\" width=\"30\" height=\"21\" \/><\/a> Les \u00e9l\u00e8ves<\/span> intellectuellement<span style=\"font-size: 12pt;\"> pr\u00e9coces ou \u00e0 haut potentiel : t\u00e9moignages et retours de pratiques \u00a0 <\/span><\/li>\n<li><a href=\"https:\/\/www.youtube.com\/watch?v=ZMBsJdNuxFg\"><img loading=\"lazy\" decoding=\"async\" class=\"alignnone wp-image-521\" src=\"https:\/\/www.ddec06.fr\/guide-ash-06\/wp-content\/uploads\/2021\/10\/icone-youtube-player50.png\" alt=\"\" width=\"30\" height=\"21\" \/><\/a> Jeanne Siaud Fachin Qu\u2019est-ce qu\u2019un surdou\u00e9 ? : Sources : groupe d\u2019appui acad\u00e9mique pour la scolarisation des EHP :<\/li>\n<\/ul>\n<\/li>\n<li><strong>Des outils : <\/strong>L'enseignant ne poss\u00e8de pas la comp\u00e9tence \u00e0 \"diagnostiquer\" la pr\u00e9cocit\u00e9 d'un \u00e9l\u00e8ve.\u00a0En revanche, il peut \u00eatre \u00e0 m\u00eame de le rep\u00e9rer puis d'exposer ses interrogations aux parents et\/ou au service de sant\u00e9 de son \u00e9tablissement.\u00a0Voici quelques outils pour accompagner le questionnement sur l'attitude d'un \u00e9l\u00e8ve.\n<ul>\n<li><a href=\"https:\/\/www.ddec06.fr\/guide-ash-06\/wp-content\/uploads\/2021\/10\/Grille-reperage-par-professeurs.pdf\"><img loading=\"lazy\" decoding=\"async\" class=\"alignnone wp-image-524\" src=\"https:\/\/www.ddec06.fr\/guide-ash-06\/wp-content\/uploads\/2021\/10\/icone-telechargement-vert.png\" alt=\"\" width=\"23\" height=\"21\" \/><\/a> Grilles d\u2019aide au rep\u00e9rage \u00e0 destination des enseignants <a href=\"https:\/\/www.ddec06.fr\/guide-ash-06\/wp-content\/uploads\/2021\/10\/Grille-reperage-par-professeurs.pdf\"><img loading=\"lazy\" decoding=\"async\" class=\"alignnone wp-image-527 size-full\" src=\"https:\/\/www.ddec06.fr\/guide-ash-06\/wp-content\/uploads\/2021\/10\/pdf.png\" alt=\"\" width=\"21\" height=\"21\" \/><\/a><\/li>\n<li><a href=\"https:\/\/www.ddec06.fr\/guide-ash-06\/wp-content\/uploads\/2021\/10\/Doc-daide-a-laccompagnement_EHP_college1_1153482.pdf\"><img loading=\"lazy\" decoding=\"async\" class=\"alignnone wp-image-524\" src=\"https:\/\/www.ddec06.fr\/guide-ash-06\/wp-content\/uploads\/2021\/10\/icone-telechargement-vert.png\" alt=\"\" width=\"23\" height=\"21\" \/><\/a> Document d\u2019aide \u00e0 l\u2019accompagnement des \u00e9l\u00e8ves \u00e0 HP <a href=\"https:\/\/www.ddec06.fr\/guide-ash-06\/wp-content\/uploads\/2021\/10\/Doc-daide-a-laccompagnement_EHP_college1_1153482.pdf\"><img loading=\"lazy\" decoding=\"async\" class=\"alignnone wp-image-527 size-full\" src=\"https:\/\/www.ddec06.fr\/guide-ash-06\/wp-content\/uploads\/2021\/10\/pdf.png\" alt=\"\" width=\"21\" height=\"21\" \/><\/a><\/li>\n<li><a href=\"https:\/\/www.ddec06.fr\/guide-ash-06\/wp-content\/uploads\/2021\/10\/fiche_ehp_type_v5.pdf\"><img loading=\"lazy\" decoding=\"async\" class=\"alignnone wp-image-524\" src=\"https:\/\/www.ddec06.fr\/guide-ash-06\/wp-content\/uploads\/2021\/10\/icone-telechargement-vert.png\" alt=\"\" width=\"23\" height=\"21\" \/><\/a> Fiches \u00e9l\u00e8ves \u00e0 haut potentiel <a href=\"https:\/\/www.ddec06.fr\/guide-ash-06\/wp-content\/uploads\/2021\/10\/fiche_ehp_type_v5.pdf\"><img loading=\"lazy\" decoding=\"async\" class=\"alignnone size-full wp-image-527\" src=\"https:\/\/www.ddec06.fr\/guide-ash-06\/wp-content\/uploads\/2021\/10\/pdf.png\" alt=\"\" width=\"21\" height=\"21\" \/><\/a><\/li>\n<li><a href=\"https:\/\/www.ddec06.fr\/guide-ash-06\/wp-content\/uploads\/2021\/10\/Profil-EHP-encadrement.pdf\"><img loading=\"lazy\" decoding=\"async\" class=\"alignnone wp-image-524\" src=\"https:\/\/www.ddec06.fr\/guide-ash-06\/wp-content\/uploads\/2021\/10\/icone-telechargement-vert.png\" alt=\"\" width=\"23\" height=\"21\" \/><\/a> Les profils EHP <a href=\"https:\/\/www.ddec06.fr\/guide-ash-06\/wp-content\/uploads\/2021\/10\/Profil-EHP-encadrement.pdf\"><img loading=\"lazy\" decoding=\"async\" class=\"alignnone wp-image-527 size-full\" src=\"https:\/\/www.ddec06.fr\/guide-ash-06\/wp-content\/uploads\/2021\/10\/pdf.png\" alt=\"\" width=\"21\" height=\"21\" \/><\/a><\/li>\n<\/ul>\n<\/li>\n<\/ul>\n<h2><span style=\"color: #008000;\"><strong>II \u2013 Des vid\u00e9os ressources pour aborder quelques \u00e9l\u00e9ments sur l\u2019approche cognitive des EHP\u00a0<\/strong><\/span><span style=\"font-size: 12pt;\"><em>(Source\u00a0: Scolarisation EHP Miraep avril 2021)<\/em><\/span><\/h2>\n<p>1 - <a href=\"https:\/\/tube-aix-marseille.beta.education.fr\/videos\/watch\/ffa85423-6c2c-42d2-adc0-28c56128e9ca?title=0&amp;warningTitle=0&amp;peertubeLink=0\"><img loading=\"lazy\" decoding=\"async\" class=\"alignnone wp-image-521\" src=\"https:\/\/www.ddec06.fr\/guide-ash-06\/wp-content\/uploads\/2021\/10\/icone-youtube-player50.png\" alt=\"\" width=\"30\" height=\"21\" \/><\/a> Terminologie et pr\u00e9jug\u00e9s : Comment appeler ces enfants ?<\/p>\n<p>2 - <a href=\"https:\/\/tube-aix-marseille.beta.education.fr\/videos\/watch\/d14a82ff-6b52-4c54-a7b2-0d04506fb408?title=0&amp;warningTitle=0&amp;peertubeLink=0\"><img loading=\"lazy\" decoding=\"async\" class=\"alignnone wp-image-521\" src=\"https:\/\/www.ddec06.fr\/guide-ash-06\/wp-content\/uploads\/2021\/10\/icone-youtube-player50.png\" alt=\"\" width=\"30\" height=\"21\" \/><\/a> Caract\u00e9ristiques communes : Comment rep\u00e9rer ces enfants ?<\/p>\n<p>3 - <a href=\"https:\/\/tube-aix-marseille.beta.education.fr\/videos\/watch\/fc96e447-ae61-405a-bccb-5e7904e71b77?title=0&amp;warningTitle=0&amp;peertubeLink=0\"><img loading=\"lazy\" decoding=\"async\" class=\"alignnone wp-image-521\" src=\"https:\/\/www.ddec06.fr\/guide-ash-06\/wp-content\/uploads\/2021\/10\/icone-youtube-player50.png\" alt=\"\" width=\"30\" height=\"21\" \/><\/a> QI et test Wisc V : Comment poser un bilan de pr\u00e9cocit\u00e9 ?<\/p>\n<p>4 - <a href=\"https:\/\/tube-aix-marseille.beta.education.fr\/videos\/watch\/17598eaf-a04d-4c05-9356-0a43eb58bf5e?title=0&amp;warningTitle=0&amp;peertubeLink=0\"><img loading=\"lazy\" decoding=\"async\" class=\"alignnone wp-image-521\" src=\"https:\/\/www.ddec06.fr\/guide-ash-06\/wp-content\/uploads\/2021\/10\/icone-youtube-player50.png\" alt=\"\" width=\"30\" height=\"21\" \/><\/a> Les profils homog\u00e8nes : les ehp sont-ils tous pareil ?<\/p>\n<p>5 -\u00a0<img loading=\"lazy\" decoding=\"async\" class=\"alignnone wp-image-521\" src=\"https:\/\/www.ddec06.fr\/guide-ash-06\/wp-content\/uploads\/2021\/10\/icone-youtube-player50.png\" alt=\"\" width=\"30\" height=\"21\" \/> Les profils h\u00e9t\u00e9rog\u00e8nes : les ehp sont-ils tous pareil ?<\/p>\n<p>6 - <a href=\"https:\/\/tube-aix-marseille.beta.education.fr\/videos\/watch\/6305881a-57d9-4069-8f75-1082c4d832bc?title=0&amp;warningTitle=0&amp;peertubeLink=0\"><img loading=\"lazy\" decoding=\"async\" class=\"alignnone wp-image-521\" src=\"https:\/\/www.ddec06.fr\/guide-ash-06\/wp-content\/uploads\/2021\/10\/icone-youtube-player50.png\" alt=\"\" width=\"30\" height=\"21\" \/><\/a> Pr\u00e9cocit\u00e9 et troubles dys : les ehp sont-ils tous pareil ?<\/p>\n<p>7 - <a href=\"https:\/\/tube-aix-marseille.beta.education.fr\/videos\/watch\/d4c3b998-29fb-4844-8067-48444dfe8962?title=0&amp;warningTitle=0&amp;peertubeLink=0\"><img loading=\"lazy\" decoding=\"async\" class=\"alignnone wp-image-521\" src=\"https:\/\/www.ddec06.fr\/guide-ash-06\/wp-content\/uploads\/2021\/10\/icone-youtube-player50.png\" alt=\"\" width=\"30\" height=\"21\" \/><\/a> Raccourcissement de cycle : pertinence ou non du saut de classe ?<\/p>\n<p>&nbsp;<\/p>\n<\/div>\n<\/div><\/div><\/div><\/div><\/div>","protected":false},"excerpt":{"rendered":"<p>La question des El\u00e8ves HPI (Haut Potentiel Intellectuel) En pr\u00e9ambule La d\u00e9nomination des \u00e9l\u00e8ves dont il est question a chang\u00e9 au printemps 2019 : d&rsquo;El\u00e8ves Intellectuellement Pr\u00e9coces (EIP), ils sont devenus El\u00e8ves \u00e0 Haut Potentiel (EHP). Les documents pr\u00e9sent\u00e9s ici \u00e9tant de sources vari\u00e9es, vous trouverez indiff\u00e9remment les termes EIP,<span class=\"more-link\"><a href=\"https:\/\/www.ddec06.fr\/guide-ash-06\/adapter-amenager-aider-en-classe\/la-question-des-eleves-hpi\/\">Lire la suite<\/a><\/span><\/p>\n","protected":false},"author":1,"featured_media":531,"parent":24,"menu_order":2,"comment_status":"closed","ping_status":"closed","template":"","meta":{"footnotes":""},"class_list":["entry","author-administrateur","post-85","page","type-page","status-publish","has-post-thumbnail"],"yoast_head":"<!-- This site is optimized with the Yoast SEO plugin v22.1 - https:\/\/yoast.com\/wordpress\/plugins\/seo\/ -->\n<title>La question des \u00e9l\u00e8ves HPI - GUIDE Ecole Inclusive de l&#039;Enseignement Catholique des Alpes-Maritimes<\/title>\n<meta name=\"description\" content=\"Les documents pr\u00e9sent\u00e9s ici \u00e9tant de sources vari\u00e9es, vous trouverez indiff\u00e9remment les termes EIP, EHP et HPI.\" \/>\n<meta name=\"robots\" content=\"index, follow, max-snippet:-1, max-image-preview:large, max-video-preview:-1\" \/>\n<link rel=\"canonical\" href=\"https:\/\/www.ddec06.fr\/guide-ash-06\/adapter-amenager-aider-en-classe\/la-question-des-eleves-hpi\/\" \/>\n<meta property=\"og:locale\" content=\"fr_FR\" \/>\n<meta property=\"og:type\" content=\"article\" \/>\n<meta property=\"og:title\" content=\"La question des \u00e9l\u00e8ves HPI - GUIDE Ecole Inclusive de l&#039;Enseignement Catholique des Alpes-Maritimes\" \/>\n<meta property=\"og:description\" content=\"Les documents pr\u00e9sent\u00e9s ici \u00e9tant de sources vari\u00e9es, vous trouverez indiff\u00e9remment les termes EIP, EHP et HPI.\" \/>\n<meta property=\"og:url\" content=\"https:\/\/www.ddec06.fr\/guide-ash-06\/adapter-amenager-aider-en-classe\/la-question-des-eleves-hpi\/\" \/>\n<meta property=\"og:site_name\" content=\"GUIDE Ecole Inclusive de l&#039;Enseignement Catholique des Alpes-Maritimes\" \/>\n<meta property=\"article:modified_time\" content=\"2021-10-27T13:56:07+00:00\" \/>\n<meta property=\"og:image\" content=\"https:\/\/www.ddec06.fr\/guide-ash-06\/wp-content\/uploads\/2021\/10\/68448293-silhouette-d-une-tete-d-enfant-avec-un-cerveau-compose-d-engrenages-ou-de-roues-dentees-pieces-de-ma.jpg\" \/>\n\t<meta property=\"og:image:width\" content=\"418\" \/>\n\t<meta property=\"og:image:height\" content=\"450\" \/>\n\t<meta property=\"og:image:type\" content=\"image\/jpeg\" \/>\n<meta name=\"twitter:card\" content=\"summary_large_image\" \/>\n<meta name=\"twitter:label1\" content=\"Dur\u00e9e de lecture estim\u00e9e\" \/>\n\t<meta name=\"twitter:data1\" content=\"8 minutes\" \/>\n<script type=\"application\/ld+json\" class=\"yoast-schema-graph\">{\"@context\":\"https:\/\/schema.org\",\"@graph\":[{\"@type\":\"WebPage\",\"@id\":\"https:\/\/www.ddec06.fr\/guide-ash-06\/adapter-amenager-aider-en-classe\/la-question-des-eleves-hpi\/\",\"url\":\"https:\/\/www.ddec06.fr\/guide-ash-06\/adapter-amenager-aider-en-classe\/la-question-des-eleves-hpi\/\",\"name\":\"La question des \u00e9l\u00e8ves HPI - GUIDE Ecole Inclusive de l&#039;Enseignement Catholique des Alpes-Maritimes\",\"isPartOf\":{\"@id\":\"https:\/\/www.ddec06.fr\/guide-ash-06\/#website\"},\"datePublished\":\"2021-04-13T12:23:39+00:00\",\"dateModified\":\"2021-10-27T13:56:07+00:00\",\"description\":\"Les documents pr\u00e9sent\u00e9s ici \u00e9tant de sources vari\u00e9es, vous trouverez indiff\u00e9remment les termes EIP, EHP et HPI.\",\"breadcrumb\":{\"@id\":\"https:\/\/www.ddec06.fr\/guide-ash-06\/adapter-amenager-aider-en-classe\/la-question-des-eleves-hpi\/#breadcrumb\"},\"inLanguage\":\"fr-FR\",\"potentialAction\":[{\"@type\":\"ReadAction\",\"target\":[\"https:\/\/www.ddec06.fr\/guide-ash-06\/adapter-amenager-aider-en-classe\/la-question-des-eleves-hpi\/\"]}]},{\"@type\":\"BreadcrumbList\",\"@id\":\"https:\/\/www.ddec06.fr\/guide-ash-06\/adapter-amenager-aider-en-classe\/la-question-des-eleves-hpi\/#breadcrumb\",\"itemListElement\":[{\"@type\":\"ListItem\",\"position\":1,\"name\":\"Accueil\",\"item\":\"https:\/\/www.ddec06.fr\/guide-ash-06\/\"},{\"@type\":\"ListItem\",\"position\":2,\"name\":\"Adapter &#8211; Am\u00e9nager &#8211; Aider en classe\",\"item\":\"https:\/\/www.ddec06.fr\/guide-ash-06\/adapter-amenager-aider-en-classe\/\"},{\"@type\":\"ListItem\",\"position\":3,\"name\":\"La question des \u00e9l\u00e8ves HPI\"}]},{\"@type\":\"WebSite\",\"@id\":\"https:\/\/www.ddec06.fr\/guide-ash-06\/#website\",\"url\":\"https:\/\/www.ddec06.fr\/guide-ash-06\/\",\"name\":\"GUIDE Ecole Inclusive de l&#039;Enseignement Catholique des Alpes-Maritimes\",\"description\":\"Accueillir les diff\u00e9rences en milieu scolaire.\",\"publisher\":{\"@id\":\"https:\/\/www.ddec06.fr\/guide-ash-06\/#organization\"},\"potentialAction\":[{\"@type\":\"SearchAction\",\"target\":{\"@type\":\"EntryPoint\",\"urlTemplate\":\"https:\/\/www.ddec06.fr\/guide-ash-06\/?s={search_term_string}\"},\"query-input\":\"required name=search_term_string\"}],\"inLanguage\":\"fr-FR\"},{\"@type\":\"Organization\",\"@id\":\"https:\/\/www.ddec06.fr\/guide-ash-06\/#organization\",\"name\":\"GUIDE Ecole Inclusive de l&#039;Enseignement Catholique des Alpes-Maritimes\",\"url\":\"https:\/\/www.ddec06.fr\/guide-ash-06\/\",\"logo\":{\"@type\":\"ImageObject\",\"inLanguage\":\"fr-FR\",\"@id\":\"https:\/\/www.ddec06.fr\/guide-ash-06\/#\/schema\/logo\/image\/\",\"url\":\"https:\/\/www.ddec06.fr\/guide-ash-06\/wp-content\/uploads\/2021\/04\/cropped-DDEC-DIOCESE-DE-NICE-SANS-DEGRADE-1-1.png\",\"contentUrl\":\"https:\/\/www.ddec06.fr\/guide-ash-06\/wp-content\/uploads\/2021\/04\/cropped-DDEC-DIOCESE-DE-NICE-SANS-DEGRADE-1-1.png\",\"width\":167,\"height\":100,\"caption\":\"GUIDE Ecole Inclusive de l&#039;Enseignement Catholique des Alpes-Maritimes\"},\"image\":{\"@id\":\"https:\/\/www.ddec06.fr\/guide-ash-06\/#\/schema\/logo\/image\/\"}}]}<\/script>\n<!-- \/ Yoast SEO plugin. -->","yoast_head_json":{"title":"La question des \u00e9l\u00e8ves HPI - GUIDE Ecole Inclusive de l&#039;Enseignement Catholique des Alpes-Maritimes","description":"Les documents pr\u00e9sent\u00e9s ici \u00e9tant de sources vari\u00e9es, vous trouverez indiff\u00e9remment les termes EIP, EHP et HPI.","robots":{"index":"index","follow":"follow","max-snippet":"max-snippet:-1","max-image-preview":"max-image-preview:large","max-video-preview":"max-video-preview:-1"},"canonical":"https:\/\/www.ddec06.fr\/guide-ash-06\/adapter-amenager-aider-en-classe\/la-question-des-eleves-hpi\/","og_locale":"fr_FR","og_type":"article","og_title":"La question des \u00e9l\u00e8ves HPI - GUIDE Ecole Inclusive de l&#039;Enseignement Catholique des Alpes-Maritimes","og_description":"Les documents pr\u00e9sent\u00e9s ici \u00e9tant de sources vari\u00e9es, vous trouverez indiff\u00e9remment les termes EIP, EHP et HPI.","og_url":"https:\/\/www.ddec06.fr\/guide-ash-06\/adapter-amenager-aider-en-classe\/la-question-des-eleves-hpi\/","og_site_name":"GUIDE Ecole Inclusive de l&#039;Enseignement Catholique des Alpes-Maritimes","article_modified_time":"2021-10-27T13:56:07+00:00","og_image":[{"width":418,"height":450,"url":"https:\/\/www.ddec06.fr\/guide-ash-06\/wp-content\/uploads\/2021\/10\/68448293-silhouette-d-une-tete-d-enfant-avec-un-cerveau-compose-d-engrenages-ou-de-roues-dentees-pieces-de-ma.jpg","type":"image\/jpeg"}],"twitter_card":"summary_large_image","twitter_misc":{"Dur\u00e9e de lecture estim\u00e9e":"8 minutes"},"schema":{"@context":"https:\/\/schema.org","@graph":[{"@type":"WebPage","@id":"https:\/\/www.ddec06.fr\/guide-ash-06\/adapter-amenager-aider-en-classe\/la-question-des-eleves-hpi\/","url":"https:\/\/www.ddec06.fr\/guide-ash-06\/adapter-amenager-aider-en-classe\/la-question-des-eleves-hpi\/","name":"La question des \u00e9l\u00e8ves HPI - GUIDE Ecole Inclusive de l&#039;Enseignement Catholique des Alpes-Maritimes","isPartOf":{"@id":"https:\/\/www.ddec06.fr\/guide-ash-06\/#website"},"datePublished":"2021-04-13T12:23:39+00:00","dateModified":"2021-10-27T13:56:07+00:00","description":"Les documents pr\u00e9sent\u00e9s ici \u00e9tant de sources vari\u00e9es, vous trouverez indiff\u00e9remment les termes EIP, EHP et HPI.","breadcrumb":{"@id":"https:\/\/www.ddec06.fr\/guide-ash-06\/adapter-amenager-aider-en-classe\/la-question-des-eleves-hpi\/#breadcrumb"},"inLanguage":"fr-FR","potentialAction":[{"@type":"ReadAction","target":["https:\/\/www.ddec06.fr\/guide-ash-06\/adapter-amenager-aider-en-classe\/la-question-des-eleves-hpi\/"]}]},{"@type":"BreadcrumbList","@id":"https:\/\/www.ddec06.fr\/guide-ash-06\/adapter-amenager-aider-en-classe\/la-question-des-eleves-hpi\/#breadcrumb","itemListElement":[{"@type":"ListItem","position":1,"name":"Accueil","item":"https:\/\/www.ddec06.fr\/guide-ash-06\/"},{"@type":"ListItem","position":2,"name":"Adapter &#8211; Am\u00e9nager &#8211; Aider en classe","item":"https:\/\/www.ddec06.fr\/guide-ash-06\/adapter-amenager-aider-en-classe\/"},{"@type":"ListItem","position":3,"name":"La question des \u00e9l\u00e8ves HPI"}]},{"@type":"WebSite","@id":"https:\/\/www.ddec06.fr\/guide-ash-06\/#website","url":"https:\/\/www.ddec06.fr\/guide-ash-06\/","name":"GUIDE Ecole Inclusive de l&#039;Enseignement Catholique des Alpes-Maritimes","description":"Accueillir les diff\u00e9rences en milieu scolaire.","publisher":{"@id":"https:\/\/www.ddec06.fr\/guide-ash-06\/#organization"},"potentialAction":[{"@type":"SearchAction","target":{"@type":"EntryPoint","urlTemplate":"https:\/\/www.ddec06.fr\/guide-ash-06\/?s={search_term_string}"},"query-input":"required name=search_term_string"}],"inLanguage":"fr-FR"},{"@type":"Organization","@id":"https:\/\/www.ddec06.fr\/guide-ash-06\/#organization","name":"GUIDE Ecole Inclusive de l&#039;Enseignement Catholique des Alpes-Maritimes","url":"https:\/\/www.ddec06.fr\/guide-ash-06\/","logo":{"@type":"ImageObject","inLanguage":"fr-FR","@id":"https:\/\/www.ddec06.fr\/guide-ash-06\/#\/schema\/logo\/image\/","url":"https:\/\/www.ddec06.fr\/guide-ash-06\/wp-content\/uploads\/2021\/04\/cropped-DDEC-DIOCESE-DE-NICE-SANS-DEGRADE-1-1.png","contentUrl":"https:\/\/www.ddec06.fr\/guide-ash-06\/wp-content\/uploads\/2021\/04\/cropped-DDEC-DIOCESE-DE-NICE-SANS-DEGRADE-1-1.png","width":167,"height":100,"caption":"GUIDE Ecole Inclusive de l&#039;Enseignement Catholique des Alpes-Maritimes"},"image":{"@id":"https:\/\/www.ddec06.fr\/guide-ash-06\/#\/schema\/logo\/image\/"}}]}},"jetpack_sharing_enabled":true,"_links":{"self":[{"href":"https:\/\/www.ddec06.fr\/guide-ash-06\/wp-json\/wp\/v2\/pages\/85","targetHints":{"allow":["GET"]}}],"collection":[{"href":"https:\/\/www.ddec06.fr\/guide-ash-06\/wp-json\/wp\/v2\/pages"}],"about":[{"href":"https:\/\/www.ddec06.fr\/guide-ash-06\/wp-json\/wp\/v2\/types\/page"}],"author":[{"embeddable":true,"href":"https:\/\/www.ddec06.fr\/guide-ash-06\/wp-json\/wp\/v2\/users\/1"}],"replies":[{"embeddable":true,"href":"https:\/\/www.ddec06.fr\/guide-ash-06\/wp-json\/wp\/v2\/comments?post=85"}],"version-history":[{"count":25,"href":"https:\/\/www.ddec06.fr\/guide-ash-06\/wp-json\/wp\/v2\/pages\/85\/revisions"}],"predecessor-version":[{"id":668,"href":"https:\/\/www.ddec06.fr\/guide-ash-06\/wp-json\/wp\/v2\/pages\/85\/revisions\/668"}],"up":[{"embeddable":true,"href":"https:\/\/www.ddec06.fr\/guide-ash-06\/wp-json\/wp\/v2\/pages\/24"}],"wp:featuredmedia":[{"embeddable":true,"href":"https:\/\/www.ddec06.fr\/guide-ash-06\/wp-json\/wp\/v2\/media\/531"}],"wp:attachment":[{"href":"https:\/\/www.ddec06.fr\/guide-ash-06\/wp-json\/wp\/v2\/media?parent=85"}],"curies":[{"name":"wp","href":"https:\/\/api.w.org\/{rel}","templated":true}]}}