{"id":379,"date":"2021-10-01T11:02:38","date_gmt":"2021-10-01T09:02:38","guid":{"rendered":"https:\/\/www.ddec06.fr\/guide-ash-06\/?page_id=379"},"modified":"2021-10-27T15:27:06","modified_gmt":"2021-10-27T13:27:06","slug":"amenagements-des-examens","status":"publish","type":"page","link":"https:\/\/www.ddec06.fr\/guide-ash-06\/scolariser-des-eleves-a-besoins-educatifs-particuliers-et-en-situation-de-handicap\/amenagements-des-examens\/","title":{"rendered":"Am\u00e9nagements des examens"},"content":{"rendered":"<div id=\"panel-14-0-0-10\" class=\"so-panel widget widget_sow-editor\" data-index=\"10\">\n<div class=\"panel-widget-style panel-widget-style-for-14-0-0-10\">\n<div class=\"so-widget-sow-editor so-widget-sow-editor-base\">\n<div class=\"siteorigin-widget-tinymce textwidget\">\n<h1><span style=\"color: #4e9072;\">Am\u00e9nagement des examens<\/span><\/h1>\n<p><img loading=\"lazy\" decoding=\"async\" class=\" wp-image-655 alignleft\" src=\"https:\/\/www.ddec06.fr\/guide-ash-06\/wp-content\/uploads\/2021\/10\/rangee-etudiants-faisant-examen_1098-174-300x200.jpg\" alt=\"\" width=\"367\" height=\"244\" srcset=\"https:\/\/www.ddec06.fr\/guide-ash-06\/wp-content\/uploads\/2021\/10\/rangee-etudiants-faisant-examen_1098-174-300x200.jpg 300w, https:\/\/www.ddec06.fr\/guide-ash-06\/wp-content\/uploads\/2021\/10\/rangee-etudiants-faisant-examen_1098-174-465x310.jpg 465w, https:\/\/www.ddec06.fr\/guide-ash-06\/wp-content\/uploads\/2021\/10\/rangee-etudiants-faisant-examen_1098-174-272x182.jpg 272w, https:\/\/www.ddec06.fr\/guide-ash-06\/wp-content\/uploads\/2021\/10\/rangee-etudiants-faisant-examen_1098-174.jpg 626w\" sizes=\"auto, (max-width: 367px) 100vw, 367px\" \/>Les informations et dossiers pour les am\u00e9nagements des examens\u00a0<strong>2021<\/strong>\u00a0organis\u00e9s par l\u2019Education Nationales sont \u00e0 retrouver ici\u00a0:<\/p>\n<p><strong><a href=\"https:\/\/www.ac-nice.fr\/candidats-en-situation-de-handicap-amenagement-pour-les-examens-informations-et-formulaires-121602\"><img loading=\"lazy\" decoding=\"async\" class=\"alignnone size-full wp-image-526\" src=\"https:\/\/www.ddec06.fr\/guide-ash-06\/wp-content\/uploads\/2021\/10\/www.jpg\" alt=\"\" width=\"56\" height=\"21\" \/>Acad\u00e9mie de Nice &#8211; candidats en situation de handicap &#8211; amenagement pour les examens informations et formulaires<\/a><\/strong><\/p>\n<p>Les am\u00e9nagements d&rsquo;examens pour les \u00e9l\u00e8ves en situation de handicap<\/p>\n<p>Cette rubrique expose la r\u00e9glementation qui s&rsquo;applique aux candidats en situation de handicap pr\u00e9parant des examens de l&rsquo;enseignement scolaire.<\/p>\n<p>Il existe une r\u00e9glementation commune \u00e0 tous les examens de l&rsquo;enseignement scolaire concernant les am\u00e9nagements dont peuvent b\u00e9n\u00e9ficier les candidats en situation de handicap.\u00a0\u00a0<em>\u00c0 cette r\u00e9glementation commune s&rsquo;ajoutent des r\u00e9glementations particuli\u00e8res propres \u00e0 chaque examen.<\/em><\/p>\n<p><span style=\"color: #4e9072;\"><strong><em>Mis \u00e0 jour : d\u00e9cembre 2020<\/em><\/strong><\/span><\/p>\n<\/div>\n<\/div>\n<\/div>\n<\/div>\n<div id=\"panel-14-0-0-11\" class=\"so-panel widget widget_sow-editor panel-last-child\" data-index=\"11\">\n<div class=\"so-widget-sow-editor so-widget-sow-editor-base\">\n<div class=\"siteorigin-widget-tinymce textwidget\">\n<p>La proc\u00e9dure de demande d\u2019am\u00e9nagement des \u00e9preuves et concours de l\u2019enseignement scolaire<\/p>\n<p>Consultez les dispositions transitoires pour la demande d&rsquo;am\u00e9nagements aux conditions de passation des \u00e9preuves du baccalaur\u00e9at g\u00e9n\u00e9ral et technologique de la session 2021<\/p>\n<p><a href=\"https:\/\/www.legifrance.gouv.fr\/jorf\/id\/JORFTEXT000042614315\"><img loading=\"lazy\" decoding=\"async\" class=\"alignnone size-full wp-image-526\" src=\"https:\/\/www.ddec06.fr\/guide-ash-06\/wp-content\/uploads\/2021\/10\/www.jpg\" alt=\"\" width=\"56\" height=\"21\" \/> D\u00e9cret n\u00b0 2020-1523 du 4 d\u00e9cembre 2020 portant diverses dispositions relatives \u00e0 l&rsquo;am\u00e9nagement des \u00e9preuves des examens et concours de l&rsquo;enseignement scolaire et modifiant le code de l&rsquo;\u00e9ducation et le code rural et de la p\u00eache maritime<\/a><\/p>\n<p><a href=\"https:\/\/www.education.gouv.fr\/bo\/20\/Hebdo47\/MENE2034197C.htm\"><img loading=\"lazy\" decoding=\"async\" class=\"alignnone size-full wp-image-526\" src=\"https:\/\/www.ddec06.fr\/guide-ash-06\/wp-content\/uploads\/2021\/10\/www.jpg\" alt=\"\" width=\"56\" height=\"21\" \/> Circulaire du 8-12-2020 \u00ab\u00a0Organisation de la proc\u00e9dure et adaptations et am\u00e9nagements des \u00e9preuves d&rsquo;examen et concours pour les candidats en situation de handicap\u00a0\u00bb<\/a><\/p>\n<table style=\"border-collapse: collapse; width: 66.3524%; height: 92px;\">\n<tbody>\n<tr style=\"height: 62px;\">\n<td style=\"width: 39.622%; height: 40px; border-style: solid; border-color: #4e9072;\">Formulaire de demande d&rsquo;am\u00e9nagements d&rsquo;\u00e9preuves<br \/>\ndu <strong>dipl\u00f4me national du brevet<\/strong> et <strong>certificat de formation g\u00e9n\u00e9rale<\/strong><\/td>\n<td style=\"width: 25.059%; height: 40px; border-style: solid; border-color: #4e9072;\"><a href=\"https:\/\/cache.media.education.gouv.fr\/file\/47\/00\/4\/ensel197_annexe1a_1360004.pdf\"><img loading=\"lazy\" decoding=\"async\" class=\"alignnone size-full wp-image-524\" src=\"https:\/\/www.ddec06.fr\/guide-ash-06\/wp-content\/uploads\/2021\/10\/icone-telechargement-vert-e1635258997547.png\" alt=\"\" width=\"23\" height=\"21\" \/>\u00a0Annexe 1a &#8211; proc\u00e9dure compl\u00e8te\u00a0<img loading=\"lazy\" decoding=\"async\" class=\"alignnone size-full wp-image-527\" src=\"https:\/\/www.ddec06.fr\/guide-ash-06\/wp-content\/uploads\/2021\/10\/pdf.png\" alt=\"\" width=\"21\" height=\"21\" \/><\/a><br \/>\n<a href=\"https:\/\/cache.media.education.gouv.fr\/file\/47\/00\/6\/ensel197_annexe1b_1360006.pdf\"><img loading=\"lazy\" decoding=\"async\" class=\"alignnone size-full wp-image-524\" src=\"https:\/\/www.ddec06.fr\/guide-ash-06\/wp-content\/uploads\/2021\/10\/icone-telechargement-vert-e1635258997547.png\" alt=\"\" width=\"23\" height=\"21\" \/> Annexe 1b &#8211; proc\u00e9dure simplifi\u00e9e\u00a0<img loading=\"lazy\" decoding=\"async\" class=\"alignnone size-full wp-image-527\" src=\"https:\/\/www.ddec06.fr\/guide-ash-06\/wp-content\/uploads\/2021\/10\/pdf.png\" alt=\"\" width=\"21\" height=\"21\" \/><\/a><\/td>\n<\/tr>\n<tr style=\"height: 22px;\">\n<td style=\"width: 39.622%; height: 40px; border-style: solid; border-color: #4e9072;\">Formulaire de demande d&rsquo;am\u00e9nagements des \u00e9preuves<br \/>\ndu <strong>baccalaur\u00e9at g\u00e9n\u00e9ral<\/strong> et du <strong>baccalaur\u00e9at technologique<\/strong><\/td>\n<td style=\"width: 25.059%; height: 10px; border-style: solid; border-color: #4e9072;\"><a href=\"https:\/\/cache.media.education.gouv.fr\/file\/47\/00\/8\/ensel197_annexe2a_1360008.pdf\"><img loading=\"lazy\" decoding=\"async\" class=\"alignnone size-full wp-image-524\" src=\"https:\/\/www.ddec06.fr\/guide-ash-06\/wp-content\/uploads\/2021\/10\/icone-telechargement-vert-e1635258997547.png\" alt=\"\" width=\"23\" height=\"21\" \/>\u00a0Annexe 2a &#8211; proc\u00e9dure compl\u00e8te\u00a0<img loading=\"lazy\" decoding=\"async\" class=\"alignnone size-full wp-image-527\" src=\"https:\/\/www.ddec06.fr\/guide-ash-06\/wp-content\/uploads\/2021\/10\/pdf.png\" alt=\"\" width=\"21\" height=\"21\" \/><\/a><br \/>\n<a href=\"https:\/\/cache.media.education.gouv.fr\/file\/47\/01\/0\/ensel197_annexe2b_1360010.pdf\"><img loading=\"lazy\" decoding=\"async\" class=\"alignnone size-full wp-image-524\" src=\"https:\/\/www.ddec06.fr\/guide-ash-06\/wp-content\/uploads\/2021\/10\/icone-telechargement-vert-e1635258997547.png\" alt=\"\" width=\"23\" height=\"21\" \/> Annexe 2b &#8211; proc\u00e9dure simplifi\u00e9e\u00a0<img loading=\"lazy\" decoding=\"async\" class=\"alignnone size-full wp-image-527\" src=\"https:\/\/www.ddec06.fr\/guide-ash-06\/wp-content\/uploads\/2021\/10\/pdf.png\" alt=\"\" width=\"21\" height=\"21\" \/><\/a><\/td>\n<\/tr>\n<tr style=\"height: 96px;\">\n<td style=\"width: 39.622%; height: 42px; border-style: solid; border-color: #4e9072;\">Formulaire de demande d&rsquo;am\u00e9nagements des \u00e9preuves<br \/>\nd&rsquo;<strong>examens professionnels<\/strong><\/td>\n<td style=\"width: 25.059%; height: 40px; border-style: solid; border-color: #4e9072;\"><a href=\"https:\/\/cache.media.education.gouv.fr\/file\/47\/01\/4\/ensel197_annexe3a_1360014.pdf\"><img loading=\"lazy\" decoding=\"async\" class=\"alignnone size-full wp-image-524\" src=\"https:\/\/www.ddec06.fr\/guide-ash-06\/wp-content\/uploads\/2021\/10\/icone-telechargement-vert-e1635258997547.png\" alt=\"\" width=\"23\" height=\"21\" \/> Annexe 3a &#8211; proc\u00e9dure compl\u00e8te <img loading=\"lazy\" decoding=\"async\" class=\"alignnone size-full wp-image-527\" src=\"https:\/\/www.ddec06.fr\/guide-ash-06\/wp-content\/uploads\/2021\/10\/pdf.png\" alt=\"\" width=\"21\" height=\"21\" \/><\/a><br \/>\n<a href=\"https:\/\/cache.media.education.gouv.fr\/file\/47\/01\/6\/ensel197_annexe3b_1360016.pdf\"><img loading=\"lazy\" decoding=\"async\" class=\"alignnone size-full wp-image-524\" src=\"https:\/\/www.ddec06.fr\/guide-ash-06\/wp-content\/uploads\/2021\/10\/icone-telechargement-vert-e1635258997547.png\" alt=\"\" width=\"23\" height=\"21\" \/> Annexe 3b &#8211; proc\u00e9dure simplifi\u00e9e <img loading=\"lazy\" decoding=\"async\" class=\"alignnone size-full wp-image-527\" src=\"https:\/\/www.ddec06.fr\/guide-ash-06\/wp-content\/uploads\/2021\/10\/pdf.png\" alt=\"\" width=\"21\" height=\"21\" \/><\/a><\/td>\n<\/tr>\n<\/tbody>\n<\/table>\n<\/div>\n<\/div>\n<p>&nbsp;<\/p>\n<\/div>\n","protected":false},"excerpt":{"rendered":"<p>Am\u00e9nagement des examens Les informations et dossiers pour les am\u00e9nagements des examens\u00a02021\u00a0organis\u00e9s par l\u2019Education Nationales sont \u00e0 retrouver ici\u00a0: Acad\u00e9mie de Nice &#8211; candidats en situation de handicap &#8211; amenagement pour les examens informations et formulaires Les am\u00e9nagements d&rsquo;examens pour les \u00e9l\u00e8ves en situation de handicap Cette rubrique expose la<span class=\"more-link\"><a href=\"https:\/\/www.ddec06.fr\/guide-ash-06\/scolariser-des-eleves-a-besoins-educatifs-particuliers-et-en-situation-de-handicap\/amenagements-des-examens\/\">Lire la suite<\/a><\/span><\/p>\n","protected":false},"author":1,"featured_media":0,"parent":9,"menu_order":0,"comment_status":"closed","ping_status":"closed","template":"","meta":{"footnotes":""},"class_list":["entry","author-administrateur","post-379","page","type-page","status-publish"],"yoast_head":"<!-- This site is optimized with the Yoast SEO plugin v22.1 - https:\/\/yoast.com\/wordpress\/plugins\/seo\/ -->\n<title>Am\u00e9nagements des examens - GUIDE Ecole Inclusive de l&#039;Enseignement Catholique des Alpes-Maritimes<\/title>\n<meta name=\"robots\" content=\"index, follow, max-snippet:-1, max-image-preview:large, max-video-preview:-1\" \/>\n<link rel=\"canonical\" href=\"https:\/\/www.ddec06.fr\/guide-ash-06\/scolariser-des-eleves-a-besoins-educatifs-particuliers-et-en-situation-de-handicap\/amenagements-des-examens\/\" \/>\n<meta property=\"og:locale\" content=\"fr_FR\" \/>\n<meta property=\"og:type\" content=\"article\" \/>\n<meta property=\"og:title\" content=\"Am\u00e9nagements des examens - GUIDE Ecole Inclusive de l&#039;Enseignement Catholique des Alpes-Maritimes\" \/>\n<meta property=\"og:description\" content=\"Am\u00e9nagement des examens Les informations et dossiers pour les am\u00e9nagements des examens\u00a02021\u00a0organis\u00e9s par l\u2019Education Nationales sont \u00e0 retrouver ici\u00a0: Acad\u00e9mie de Nice &#8211; candidats en situation de handicap &#8211; amenagement pour les examens informations et formulaires Les am\u00e9nagements d&rsquo;examens pour les \u00e9l\u00e8ves en situation de handicap Cette rubrique expose laLire la suite\" \/>\n<meta property=\"og:url\" content=\"https:\/\/www.ddec06.fr\/guide-ash-06\/scolariser-des-eleves-a-besoins-educatifs-particuliers-et-en-situation-de-handicap\/amenagements-des-examens\/\" \/>\n<meta property=\"og:site_name\" content=\"GUIDE Ecole Inclusive de l&#039;Enseignement Catholique des Alpes-Maritimes\" \/>\n<meta property=\"article:modified_time\" content=\"2021-10-27T13:27:06+00:00\" \/>\n<meta property=\"og:image\" content=\"https:\/\/www.ddec06.fr\/guide-ash-06\/wp-content\/uploads\/2021\/10\/rangee-etudiants-faisant-examen_1098-174-300x200.jpg\" \/>\n<meta name=\"twitter:card\" content=\"summary_large_image\" \/>\n<meta name=\"twitter:label1\" content=\"Dur\u00e9e de lecture estim\u00e9e\" \/>\n\t<meta name=\"twitter:data1\" content=\"5 minutes\" \/>\n<script type=\"application\/ld+json\" class=\"yoast-schema-graph\">{\"@context\":\"https:\/\/schema.org\",\"@graph\":[{\"@type\":\"WebPage\",\"@id\":\"https:\/\/www.ddec06.fr\/guide-ash-06\/scolariser-des-eleves-a-besoins-educatifs-particuliers-et-en-situation-de-handicap\/amenagements-des-examens\/\",\"url\":\"https:\/\/www.ddec06.fr\/guide-ash-06\/scolariser-des-eleves-a-besoins-educatifs-particuliers-et-en-situation-de-handicap\/amenagements-des-examens\/\",\"name\":\"Am\u00e9nagements des examens - GUIDE Ecole Inclusive de l&#039;Enseignement Catholique des Alpes-Maritimes\",\"isPartOf\":{\"@id\":\"https:\/\/www.ddec06.fr\/guide-ash-06\/#website\"},\"datePublished\":\"2021-10-01T09:02:38+00:00\",\"dateModified\":\"2021-10-27T13:27:06+00:00\",\"breadcrumb\":{\"@id\":\"https:\/\/www.ddec06.fr\/guide-ash-06\/scolariser-des-eleves-a-besoins-educatifs-particuliers-et-en-situation-de-handicap\/amenagements-des-examens\/#breadcrumb\"},\"inLanguage\":\"fr-FR\",\"potentialAction\":[{\"@type\":\"ReadAction\",\"target\":[\"https:\/\/www.ddec06.fr\/guide-ash-06\/scolariser-des-eleves-a-besoins-educatifs-particuliers-et-en-situation-de-handicap\/amenagements-des-examens\/\"]}]},{\"@type\":\"BreadcrumbList\",\"@id\":\"https:\/\/www.ddec06.fr\/guide-ash-06\/scolariser-des-eleves-a-besoins-educatifs-particuliers-et-en-situation-de-handicap\/amenagements-des-examens\/#breadcrumb\",\"itemListElement\":[{\"@type\":\"ListItem\",\"position\":1,\"name\":\"Accueil\",\"item\":\"https:\/\/www.ddec06.fr\/guide-ash-06\/\"},{\"@type\":\"ListItem\",\"position\":2,\"name\":\"Scolariser des \u00e9l\u00e8ves \u00e0 besoins \u00e9ducatifs particuliers et en situation de handicap\",\"item\":\"https:\/\/www.ddec06.fr\/guide-ash-06\/scolariser-des-eleves-a-besoins-educatifs-particuliers-et-en-situation-de-handicap\/\"},{\"@type\":\"ListItem\",\"position\":3,\"name\":\"Am\u00e9nagements des examens\"}]},{\"@type\":\"WebSite\",\"@id\":\"https:\/\/www.ddec06.fr\/guide-ash-06\/#website\",\"url\":\"https:\/\/www.ddec06.fr\/guide-ash-06\/\",\"name\":\"GUIDE Ecole Inclusive de l&#039;Enseignement Catholique des Alpes-Maritimes\",\"description\":\"Accueillir les diff\u00e9rences en milieu scolaire.\",\"publisher\":{\"@id\":\"https:\/\/www.ddec06.fr\/guide-ash-06\/#organization\"},\"potentialAction\":[{\"@type\":\"SearchAction\",\"target\":{\"@type\":\"EntryPoint\",\"urlTemplate\":\"https:\/\/www.ddec06.fr\/guide-ash-06\/?s={search_term_string}\"},\"query-input\":\"required name=search_term_string\"}],\"inLanguage\":\"fr-FR\"},{\"@type\":\"Organization\",\"@id\":\"https:\/\/www.ddec06.fr\/guide-ash-06\/#organization\",\"name\":\"GUIDE Ecole Inclusive de l&#039;Enseignement Catholique des Alpes-Maritimes\",\"url\":\"https:\/\/www.ddec06.fr\/guide-ash-06\/\",\"logo\":{\"@type\":\"ImageObject\",\"inLanguage\":\"fr-FR\",\"@id\":\"https:\/\/www.ddec06.fr\/guide-ash-06\/#\/schema\/logo\/image\/\",\"url\":\"https:\/\/www.ddec06.fr\/guide-ash-06\/wp-content\/uploads\/2021\/04\/cropped-DDEC-DIOCESE-DE-NICE-SANS-DEGRADE-1-1.png\",\"contentUrl\":\"https:\/\/www.ddec06.fr\/guide-ash-06\/wp-content\/uploads\/2021\/04\/cropped-DDEC-DIOCESE-DE-NICE-SANS-DEGRADE-1-1.png\",\"width\":167,\"height\":100,\"caption\":\"GUIDE Ecole Inclusive de l&#039;Enseignement Catholique des Alpes-Maritimes\"},\"image\":{\"@id\":\"https:\/\/www.ddec06.fr\/guide-ash-06\/#\/schema\/logo\/image\/\"}}]}<\/script>\n<!-- \/ Yoast SEO plugin. -->","yoast_head_json":{"title":"Am\u00e9nagements des examens - GUIDE Ecole Inclusive de l&#039;Enseignement Catholique des Alpes-Maritimes","robots":{"index":"index","follow":"follow","max-snippet":"max-snippet:-1","max-image-preview":"max-image-preview:large","max-video-preview":"max-video-preview:-1"},"canonical":"https:\/\/www.ddec06.fr\/guide-ash-06\/scolariser-des-eleves-a-besoins-educatifs-particuliers-et-en-situation-de-handicap\/amenagements-des-examens\/","og_locale":"fr_FR","og_type":"article","og_title":"Am\u00e9nagements des examens - GUIDE Ecole Inclusive de l&#039;Enseignement Catholique des Alpes-Maritimes","og_description":"Am\u00e9nagement des examens Les informations et dossiers pour les am\u00e9nagements des examens\u00a02021\u00a0organis\u00e9s par l\u2019Education Nationales sont \u00e0 retrouver ici\u00a0: Acad\u00e9mie de Nice &#8211; candidats en situation de handicap &#8211; amenagement pour les examens informations et formulaires Les am\u00e9nagements d&rsquo;examens pour les \u00e9l\u00e8ves en situation de handicap Cette rubrique expose laLire la suite","og_url":"https:\/\/www.ddec06.fr\/guide-ash-06\/scolariser-des-eleves-a-besoins-educatifs-particuliers-et-en-situation-de-handicap\/amenagements-des-examens\/","og_site_name":"GUIDE Ecole Inclusive de l&#039;Enseignement Catholique des Alpes-Maritimes","article_modified_time":"2021-10-27T13:27:06+00:00","og_image":[{"url":"https:\/\/www.ddec06.fr\/guide-ash-06\/wp-content\/uploads\/2021\/10\/rangee-etudiants-faisant-examen_1098-174-300x200.jpg"}],"twitter_card":"summary_large_image","twitter_misc":{"Dur\u00e9e de lecture estim\u00e9e":"5 minutes"},"schema":{"@context":"https:\/\/schema.org","@graph":[{"@type":"WebPage","@id":"https:\/\/www.ddec06.fr\/guide-ash-06\/scolariser-des-eleves-a-besoins-educatifs-particuliers-et-en-situation-de-handicap\/amenagements-des-examens\/","url":"https:\/\/www.ddec06.fr\/guide-ash-06\/scolariser-des-eleves-a-besoins-educatifs-particuliers-et-en-situation-de-handicap\/amenagements-des-examens\/","name":"Am\u00e9nagements des examens - GUIDE Ecole Inclusive de l&#039;Enseignement Catholique des Alpes-Maritimes","isPartOf":{"@id":"https:\/\/www.ddec06.fr\/guide-ash-06\/#website"},"datePublished":"2021-10-01T09:02:38+00:00","dateModified":"2021-10-27T13:27:06+00:00","breadcrumb":{"@id":"https:\/\/www.ddec06.fr\/guide-ash-06\/scolariser-des-eleves-a-besoins-educatifs-particuliers-et-en-situation-de-handicap\/amenagements-des-examens\/#breadcrumb"},"inLanguage":"fr-FR","potentialAction":[{"@type":"ReadAction","target":["https:\/\/www.ddec06.fr\/guide-ash-06\/scolariser-des-eleves-a-besoins-educatifs-particuliers-et-en-situation-de-handicap\/amenagements-des-examens\/"]}]},{"@type":"BreadcrumbList","@id":"https:\/\/www.ddec06.fr\/guide-ash-06\/scolariser-des-eleves-a-besoins-educatifs-particuliers-et-en-situation-de-handicap\/amenagements-des-examens\/#breadcrumb","itemListElement":[{"@type":"ListItem","position":1,"name":"Accueil","item":"https:\/\/www.ddec06.fr\/guide-ash-06\/"},{"@type":"ListItem","position":2,"name":"Scolariser des \u00e9l\u00e8ves \u00e0 besoins \u00e9ducatifs particuliers et en situation de handicap","item":"https:\/\/www.ddec06.fr\/guide-ash-06\/scolariser-des-eleves-a-besoins-educatifs-particuliers-et-en-situation-de-handicap\/"},{"@type":"ListItem","position":3,"name":"Am\u00e9nagements des examens"}]},{"@type":"WebSite","@id":"https:\/\/www.ddec06.fr\/guide-ash-06\/#website","url":"https:\/\/www.ddec06.fr\/guide-ash-06\/","name":"GUIDE Ecole Inclusive de l&#039;Enseignement Catholique des Alpes-Maritimes","description":"Accueillir les diff\u00e9rences en milieu scolaire.","publisher":{"@id":"https:\/\/www.ddec06.fr\/guide-ash-06\/#organization"},"potentialAction":[{"@type":"SearchAction","target":{"@type":"EntryPoint","urlTemplate":"https:\/\/www.ddec06.fr\/guide-ash-06\/?s={search_term_string}"},"query-input":"required name=search_term_string"}],"inLanguage":"fr-FR"},{"@type":"Organization","@id":"https:\/\/www.ddec06.fr\/guide-ash-06\/#organization","name":"GUIDE Ecole Inclusive de l&#039;Enseignement Catholique des Alpes-Maritimes","url":"https:\/\/www.ddec06.fr\/guide-ash-06\/","logo":{"@type":"ImageObject","inLanguage":"fr-FR","@id":"https:\/\/www.ddec06.fr\/guide-ash-06\/#\/schema\/logo\/image\/","url":"https:\/\/www.ddec06.fr\/guide-ash-06\/wp-content\/uploads\/2021\/04\/cropped-DDEC-DIOCESE-DE-NICE-SANS-DEGRADE-1-1.png","contentUrl":"https:\/\/www.ddec06.fr\/guide-ash-06\/wp-content\/uploads\/2021\/04\/cropped-DDEC-DIOCESE-DE-NICE-SANS-DEGRADE-1-1.png","width":167,"height":100,"caption":"GUIDE Ecole Inclusive de l&#039;Enseignement Catholique des Alpes-Maritimes"},"image":{"@id":"https:\/\/www.ddec06.fr\/guide-ash-06\/#\/schema\/logo\/image\/"}}]}},"jetpack_sharing_enabled":true,"_links":{"self":[{"href":"https:\/\/www.ddec06.fr\/guide-ash-06\/wp-json\/wp\/v2\/pages\/379","targetHints":{"allow":["GET"]}}],"collection":[{"href":"https:\/\/www.ddec06.fr\/guide-ash-06\/wp-json\/wp\/v2\/pages"}],"about":[{"href":"https:\/\/www.ddec06.fr\/guide-ash-06\/wp-json\/wp\/v2\/types\/page"}],"author":[{"embeddable":true,"href":"https:\/\/www.ddec06.fr\/guide-ash-06\/wp-json\/wp\/v2\/users\/1"}],"replies":[{"embeddable":true,"href":"https:\/\/www.ddec06.fr\/guide-ash-06\/wp-json\/wp\/v2\/comments?post=379"}],"version-history":[{"count":8,"href":"https:\/\/www.ddec06.fr\/guide-ash-06\/wp-json\/wp\/v2\/pages\/379\/revisions"}],"predecessor-version":[{"id":659,"href":"https:\/\/www.ddec06.fr\/guide-ash-06\/wp-json\/wp\/v2\/pages\/379\/revisions\/659"}],"up":[{"embeddable":true,"href":"https:\/\/www.ddec06.fr\/guide-ash-06\/wp-json\/wp\/v2\/pages\/9"}],"wp:attachment":[{"href":"https:\/\/www.ddec06.fr\/guide-ash-06\/wp-json\/wp\/v2\/media?parent=379"}],"curies":[{"name":"wp","href":"https:\/\/api.w.org\/{rel}","templated":true}]}}