{"id":26,"date":"2021-03-29T20:18:16","date_gmt":"2021-03-29T18:18:16","guid":{"rendered":"https:\/\/www.ddec06.fr\/guide-ash-06\/?page_id=26"},"modified":"2021-10-28T15:19:37","modified_gmt":"2021-10-28T13:19:37","slug":"les-structures-et-dispositifs-adaptes-les-centres-et-professionnels-partenaires","status":"publish","type":"page","link":"https:\/\/www.ddec06.fr\/guide-ash-06\/les-structures-et-dispositifs-adaptes-les-centres-et-professionnels-partenaires\/","title":{"rendered":"Les structures et dispositifs adapt\u00e9s &#8211; Les centres et professionnels partenaires"},"content":{"rendered":"<div id=\"pl-26\"  class=\"panel-layout\" ><div id=\"pg-26-0\"  class=\"panel-grid panel-no-style\" ><div id=\"pgc-26-0-0\"  class=\"panel-grid-cell\" ><div id=\"panel-26-0-0-0\" class=\"so-panel widget widget_sow-editor panel-first-child panel-last-child\" data-index=\"0\" ><div\n\t\t\t\n\t\t\tclass=\"so-widget-sow-editor so-widget-sow-editor-base\"\n\t\t\t\n\t\t>\n<div class=\"siteorigin-widget-tinymce textwidget\">\n\t<p style=\"text-align: center;\"><span style=\"font-size: 24pt; color: #4e9072;\"><strong>Les structures et dispositifs adapt\u00e9s - Les centres et professionnels partenaires<\/strong><\/span><\/p>\n<\/div>\n<\/div><\/div><\/div><\/div><div id=\"pg-26-1\"  class=\"panel-grid panel-no-style\" ><div id=\"pgc-26-1-0\"  class=\"panel-grid-cell\" ><div id=\"panel-26-1-0-0\" class=\"so-panel widget widget_sow-image panel-first-child panel-last-child\" data-index=\"1\" ><div\n\t\t\t\n\t\t\tclass=\"so-widget-sow-image so-widget-sow-image-default-8b5b6f678277-26\"\n\t\t\t\n\t\t>\n\n<div class=\"sow-image-container\">\n\t\t<img decoding=\"async\" src=\"https:\/\/www.ddec06.fr\/guide-ash-06\/wp-content\/uploads\/2021\/10\/ecole-neon_1262-21378.jpg\" width=\"626\" height=\"626\" srcset=\"https:\/\/www.ddec06.fr\/guide-ash-06\/wp-content\/uploads\/2021\/10\/ecole-neon_1262-21378.jpg 626w, https:\/\/www.ddec06.fr\/guide-ash-06\/wp-content\/uploads\/2021\/10\/ecole-neon_1262-21378-300x300.jpg 300w, https:\/\/www.ddec06.fr\/guide-ash-06\/wp-content\/uploads\/2021\/10\/ecole-neon_1262-21378-150x150.jpg 150w, https:\/\/www.ddec06.fr\/guide-ash-06\/wp-content\/uploads\/2021\/10\/ecole-neon_1262-21378-465x465.jpg 465w, https:\/\/www.ddec06.fr\/guide-ash-06\/wp-content\/uploads\/2021\/10\/ecole-neon_1262-21378-500x500.jpg 500w\" sizes=\"auto, (max-width: 626px) 100vw, 626px\" alt=\"\" loading=\"lazy\" \t\tclass=\"so-widget-image\"\/>\n\t<\/div>\n\n<\/div><\/div><\/div><div id=\"pgc-26-1-1\"  class=\"panel-grid-cell\" ><div id=\"panel-26-1-1-0\" class=\"so-panel widget widget_sow-editor panel-first-child panel-last-child\" data-index=\"2\" ><div\n\t\t\t\n\t\t\tclass=\"so-widget-sow-editor so-widget-sow-editor-base\"\n\t\t\t\n\t\t>\n<div class=\"siteorigin-widget-tinymce textwidget\">\n\t<h2 style=\"text-align: center;\"><span style=\"text-decoration: underline;\"><strong>SOMMAIRE<\/strong><\/span><\/h2>\n<p>&nbsp;<\/p>\n<p style=\"text-align: left;\"><img loading=\"lazy\" decoding=\"async\" class=\"alignnone size-full wp-image-431\" src=\"https:\/\/www.ddec06.fr\/guide-ash-06\/wp-content\/uploads\/2021\/10\/fleche.png\" alt=\"\" width=\"29\" height=\"20\" \/>\u00a0<a href=\"https:\/\/www.ddec06.fr\/guide-ash-06\/les-structures-et-dispositifs-adaptes-les-centres-et-professionnels-partenaires\/les-etablissements-avec-ra-et-ulis-dans-le-diocese\/\">Les \u00e9tablissements avec RA et ULIS <\/a><a href=\"https:\/\/www.ddec06.fr\/guide-ash-06\/les-structures-et-dispositifs-adaptes-les-centres-et-professionnels-partenaires\/les-etablissements-avec-ra-et-ulis-dans-le-diocese\/\">dans le dioc\u00e8se<\/a><\/p>\n<p style=\"text-align: left;\"><img loading=\"lazy\" decoding=\"async\" class=\"alignnone size-full wp-image-431\" src=\"https:\/\/www.ddec06.fr\/guide-ash-06\/wp-content\/uploads\/2021\/10\/fleche.png\" alt=\"\" width=\"29\" height=\"20\" \/> <a href=\"https:\/\/www.ddec06.fr\/guide-ash-06\/les-structures-et-dispositifs-adaptes-les-centres-et-professionnels-partenaires\/les-structures-et-dispositifs-dans-lacademie-rased-ulis-ime-itep-segpa-la-liste-des-erh\/\">Les structures et dispositifs dans l'acad\u00e9mie :<\/a> <a href=\"https:\/\/www.ddec06.fr\/guide-ash-06\/les-structures-et-dispositifs-adaptes-les-centres-et-professionnels-partenaires\/les-structures-et-dispositifs-dans-lacademie-rased-ulis-ime-itep-segpa-la-liste-des-erh\/\">Rased - Ulis - IME\/ITEP - SEGPA - la liste des ERH<\/a><\/p>\n<p style=\"text-align: left;\"><img loading=\"lazy\" decoding=\"async\" class=\"alignnone size-full wp-image-431\" src=\"https:\/\/www.ddec06.fr\/guide-ash-06\/wp-content\/uploads\/2021\/10\/fleche.png\" alt=\"\" width=\"29\" height=\"20\" \/> <a href=\"https:\/\/www.ddec06.fr\/guide-ash-06\/les-structures-et-dispositifs-adaptes-les-centres-et-professionnels-partenaires\/les-centres-certa-cra\/\">Les centres :<\/a> <a href=\"https:\/\/www.ddec06.fr\/guide-ash-06\/les-structures-et-dispositifs-adaptes-les-centres-et-professionnels-partenaires\/les-centres-certa-cra\/\">CERTA - CRA<\/a><\/p>\n<p style=\"text-align: left;\"><img loading=\"lazy\" decoding=\"async\" class=\"alignnone size-full wp-image-431\" src=\"https:\/\/www.ddec06.fr\/guide-ash-06\/wp-content\/uploads\/2021\/10\/fleche.png\" alt=\"\" width=\"29\" height=\"20\" \/> <a href=\"https:\/\/www.ddec06.fr\/guide-ash-06\/les-structures-et-dispositifs-adaptes-les-centres-et-professionnels-partenaires\/les-professionnels-de-la-reeducation\/\">Les professionnels de la r\u00e9\u00e9ducation<\/a><\/p>\n<\/div>\n<\/div><\/div><\/div><\/div><\/div>","protected":false},"excerpt":{"rendered":"<p>Les structures et dispositifs adapt\u00e9s &#8211; Les centres et professionnels partenaires SOMMAIRE &nbsp; \u00a0Les \u00e9tablissements avec RA et ULIS dans le dioc\u00e8se Les structures et dispositifs dans l&rsquo;acad\u00e9mie : Rased &#8211; Ulis &#8211; IME\/ITEP &#8211; SEGPA &#8211; la liste des ERH Les centres : CERTA &#8211; CRA Les professionnels de<span class=\"more-link\"><a href=\"https:\/\/www.ddec06.fr\/guide-ash-06\/les-structures-et-dispositifs-adaptes-les-centres-et-professionnels-partenaires\/\">Lire la suite<\/a><\/span><\/p>\n","protected":false},"author":1,"featured_media":693,"parent":0,"menu_order":3,"comment_status":"closed","ping_status":"closed","template":"","meta":{"footnotes":""},"class_list":["entry","author-administrateur","post-26","page","type-page","status-publish","has-post-thumbnail"],"yoast_head":"<!-- This site is optimized with the Yoast SEO plugin v22.1 - https:\/\/yoast.com\/wordpress\/plugins\/seo\/ -->\n<title>Les structures et dispositifs adapt\u00e9s - Les centres et professionnels partenaires - GUIDE Ecole Inclusive de l&#039;Enseignement Catholique des Alpes-Maritimes<\/title>\n<meta name=\"description\" content=\"Les \u00e9tablissements avec RA et ULIS, Les structures et dispositifs dans l&#039;acad\u00e9mie, la liste des ERH, Les centres, Les professionnels de la r\u00e9\u00e9ducation.\" \/>\n<meta name=\"robots\" content=\"index, follow, max-snippet:-1, max-image-preview:large, max-video-preview:-1\" \/>\n<link rel=\"canonical\" href=\"https:\/\/www.ddec06.fr\/guide-ash-06\/les-structures-et-dispositifs-adaptes-les-centres-et-professionnels-partenaires\/\" \/>\n<meta property=\"og:locale\" content=\"fr_FR\" \/>\n<meta property=\"og:type\" content=\"article\" \/>\n<meta property=\"og:title\" content=\"Les structures et dispositifs adapt\u00e9s - Les centres et professionnels partenaires - GUIDE Ecole Inclusive de l&#039;Enseignement Catholique des Alpes-Maritimes\" \/>\n<meta property=\"og:description\" content=\"Les \u00e9tablissements avec RA et ULIS, Les structures et dispositifs dans l&#039;acad\u00e9mie, la liste des ERH, Les centres, Les professionnels de la r\u00e9\u00e9ducation.\" \/>\n<meta property=\"og:url\" content=\"https:\/\/www.ddec06.fr\/guide-ash-06\/les-structures-et-dispositifs-adaptes-les-centres-et-professionnels-partenaires\/\" \/>\n<meta property=\"og:site_name\" content=\"GUIDE Ecole Inclusive de l&#039;Enseignement Catholique des Alpes-Maritimes\" \/>\n<meta property=\"article:modified_time\" content=\"2021-10-28T13:19:37+00:00\" \/>\n<meta property=\"og:image\" content=\"https:\/\/www.ddec06.fr\/guide-ash-06\/wp-content\/uploads\/2021\/10\/ecole-neon_1262-21378.jpg\" \/>\n\t<meta property=\"og:image:width\" content=\"626\" \/>\n\t<meta property=\"og:image:height\" content=\"626\" \/>\n\t<meta property=\"og:image:type\" content=\"image\/jpeg\" \/>\n<meta name=\"twitter:card\" content=\"summary_large_image\" \/>\n<meta name=\"twitter:label1\" content=\"Dur\u00e9e de lecture estim\u00e9e\" \/>\n\t<meta name=\"twitter:data1\" content=\"1 minute\" \/>\n<script type=\"application\/ld+json\" class=\"yoast-schema-graph\">{\"@context\":\"https:\/\/schema.org\",\"@graph\":[{\"@type\":\"WebPage\",\"@id\":\"https:\/\/www.ddec06.fr\/guide-ash-06\/les-structures-et-dispositifs-adaptes-les-centres-et-professionnels-partenaires\/\",\"url\":\"https:\/\/www.ddec06.fr\/guide-ash-06\/les-structures-et-dispositifs-adaptes-les-centres-et-professionnels-partenaires\/\",\"name\":\"Les structures et dispositifs adapt\u00e9s - Les centres et professionnels partenaires - GUIDE Ecole Inclusive de l&#039;Enseignement Catholique des Alpes-Maritimes\",\"isPartOf\":{\"@id\":\"https:\/\/www.ddec06.fr\/guide-ash-06\/#website\"},\"datePublished\":\"2021-03-29T18:18:16+00:00\",\"dateModified\":\"2021-10-28T13:19:37+00:00\",\"description\":\"Les \u00e9tablissements avec RA et ULIS, Les structures et dispositifs dans l'acad\u00e9mie, la liste des ERH, Les centres, Les professionnels de la r\u00e9\u00e9ducation.\",\"breadcrumb\":{\"@id\":\"https:\/\/www.ddec06.fr\/guide-ash-06\/les-structures-et-dispositifs-adaptes-les-centres-et-professionnels-partenaires\/#breadcrumb\"},\"inLanguage\":\"fr-FR\",\"potentialAction\":[{\"@type\":\"ReadAction\",\"target\":[\"https:\/\/www.ddec06.fr\/guide-ash-06\/les-structures-et-dispositifs-adaptes-les-centres-et-professionnels-partenaires\/\"]}]},{\"@type\":\"BreadcrumbList\",\"@id\":\"https:\/\/www.ddec06.fr\/guide-ash-06\/les-structures-et-dispositifs-adaptes-les-centres-et-professionnels-partenaires\/#breadcrumb\",\"itemListElement\":[{\"@type\":\"ListItem\",\"position\":1,\"name\":\"Accueil\",\"item\":\"https:\/\/www.ddec06.fr\/guide-ash-06\/\"},{\"@type\":\"ListItem\",\"position\":2,\"name\":\"Les structures et dispositifs adapt\u00e9s &#8211; Les centres et professionnels partenaires\"}]},{\"@type\":\"WebSite\",\"@id\":\"https:\/\/www.ddec06.fr\/guide-ash-06\/#website\",\"url\":\"https:\/\/www.ddec06.fr\/guide-ash-06\/\",\"name\":\"GUIDE Ecole Inclusive de l&#039;Enseignement Catholique des Alpes-Maritimes\",\"description\":\"Accueillir les diff\u00e9rences en milieu scolaire.\",\"publisher\":{\"@id\":\"https:\/\/www.ddec06.fr\/guide-ash-06\/#organization\"},\"potentialAction\":[{\"@type\":\"SearchAction\",\"target\":{\"@type\":\"EntryPoint\",\"urlTemplate\":\"https:\/\/www.ddec06.fr\/guide-ash-06\/?s={search_term_string}\"},\"query-input\":\"required name=search_term_string\"}],\"inLanguage\":\"fr-FR\"},{\"@type\":\"Organization\",\"@id\":\"https:\/\/www.ddec06.fr\/guide-ash-06\/#organization\",\"name\":\"GUIDE Ecole Inclusive de l&#039;Enseignement Catholique des Alpes-Maritimes\",\"url\":\"https:\/\/www.ddec06.fr\/guide-ash-06\/\",\"logo\":{\"@type\":\"ImageObject\",\"inLanguage\":\"fr-FR\",\"@id\":\"https:\/\/www.ddec06.fr\/guide-ash-06\/#\/schema\/logo\/image\/\",\"url\":\"https:\/\/www.ddec06.fr\/guide-ash-06\/wp-content\/uploads\/2021\/04\/cropped-DDEC-DIOCESE-DE-NICE-SANS-DEGRADE-1-1.png\",\"contentUrl\":\"https:\/\/www.ddec06.fr\/guide-ash-06\/wp-content\/uploads\/2021\/04\/cropped-DDEC-DIOCESE-DE-NICE-SANS-DEGRADE-1-1.png\",\"width\":167,\"height\":100,\"caption\":\"GUIDE Ecole Inclusive de l&#039;Enseignement Catholique des Alpes-Maritimes\"},\"image\":{\"@id\":\"https:\/\/www.ddec06.fr\/guide-ash-06\/#\/schema\/logo\/image\/\"}}]}<\/script>\n<!-- \/ Yoast SEO plugin. -->","yoast_head_json":{"title":"Les structures et dispositifs adapt\u00e9s - Les centres et professionnels partenaires - GUIDE Ecole Inclusive de l&#039;Enseignement Catholique des Alpes-Maritimes","description":"Les \u00e9tablissements avec RA et ULIS, Les structures et dispositifs dans l'acad\u00e9mie, la liste des ERH, Les centres, Les professionnels de la r\u00e9\u00e9ducation.","robots":{"index":"index","follow":"follow","max-snippet":"max-snippet:-1","max-image-preview":"max-image-preview:large","max-video-preview":"max-video-preview:-1"},"canonical":"https:\/\/www.ddec06.fr\/guide-ash-06\/les-structures-et-dispositifs-adaptes-les-centres-et-professionnels-partenaires\/","og_locale":"fr_FR","og_type":"article","og_title":"Les structures et dispositifs adapt\u00e9s - Les centres et professionnels partenaires - GUIDE Ecole Inclusive de l&#039;Enseignement Catholique des Alpes-Maritimes","og_description":"Les \u00e9tablissements avec RA et ULIS, Les structures et dispositifs dans l'acad\u00e9mie, la liste des ERH, Les centres, Les professionnels de la r\u00e9\u00e9ducation.","og_url":"https:\/\/www.ddec06.fr\/guide-ash-06\/les-structures-et-dispositifs-adaptes-les-centres-et-professionnels-partenaires\/","og_site_name":"GUIDE Ecole Inclusive de l&#039;Enseignement Catholique des Alpes-Maritimes","article_modified_time":"2021-10-28T13:19:37+00:00","og_image":[{"width":626,"height":626,"url":"https:\/\/www.ddec06.fr\/guide-ash-06\/wp-content\/uploads\/2021\/10\/ecole-neon_1262-21378.jpg","type":"image\/jpeg"}],"twitter_card":"summary_large_image","twitter_misc":{"Dur\u00e9e de lecture estim\u00e9e":"1 minute"},"schema":{"@context":"https:\/\/schema.org","@graph":[{"@type":"WebPage","@id":"https:\/\/www.ddec06.fr\/guide-ash-06\/les-structures-et-dispositifs-adaptes-les-centres-et-professionnels-partenaires\/","url":"https:\/\/www.ddec06.fr\/guide-ash-06\/les-structures-et-dispositifs-adaptes-les-centres-et-professionnels-partenaires\/","name":"Les structures et dispositifs adapt\u00e9s - Les centres et professionnels partenaires - GUIDE Ecole Inclusive de l&#039;Enseignement Catholique des Alpes-Maritimes","isPartOf":{"@id":"https:\/\/www.ddec06.fr\/guide-ash-06\/#website"},"datePublished":"2021-03-29T18:18:16+00:00","dateModified":"2021-10-28T13:19:37+00:00","description":"Les \u00e9tablissements avec RA et ULIS, Les structures et dispositifs dans l'acad\u00e9mie, la liste des ERH, Les centres, Les professionnels de la r\u00e9\u00e9ducation.","breadcrumb":{"@id":"https:\/\/www.ddec06.fr\/guide-ash-06\/les-structures-et-dispositifs-adaptes-les-centres-et-professionnels-partenaires\/#breadcrumb"},"inLanguage":"fr-FR","potentialAction":[{"@type":"ReadAction","target":["https:\/\/www.ddec06.fr\/guide-ash-06\/les-structures-et-dispositifs-adaptes-les-centres-et-professionnels-partenaires\/"]}]},{"@type":"BreadcrumbList","@id":"https:\/\/www.ddec06.fr\/guide-ash-06\/les-structures-et-dispositifs-adaptes-les-centres-et-professionnels-partenaires\/#breadcrumb","itemListElement":[{"@type":"ListItem","position":1,"name":"Accueil","item":"https:\/\/www.ddec06.fr\/guide-ash-06\/"},{"@type":"ListItem","position":2,"name":"Les structures et dispositifs adapt\u00e9s &#8211; Les centres et professionnels partenaires"}]},{"@type":"WebSite","@id":"https:\/\/www.ddec06.fr\/guide-ash-06\/#website","url":"https:\/\/www.ddec06.fr\/guide-ash-06\/","name":"GUIDE Ecole Inclusive de l&#039;Enseignement Catholique des Alpes-Maritimes","description":"Accueillir les diff\u00e9rences en milieu scolaire.","publisher":{"@id":"https:\/\/www.ddec06.fr\/guide-ash-06\/#organization"},"potentialAction":[{"@type":"SearchAction","target":{"@type":"EntryPoint","urlTemplate":"https:\/\/www.ddec06.fr\/guide-ash-06\/?s={search_term_string}"},"query-input":"required name=search_term_string"}],"inLanguage":"fr-FR"},{"@type":"Organization","@id":"https:\/\/www.ddec06.fr\/guide-ash-06\/#organization","name":"GUIDE Ecole Inclusive de l&#039;Enseignement Catholique des Alpes-Maritimes","url":"https:\/\/www.ddec06.fr\/guide-ash-06\/","logo":{"@type":"ImageObject","inLanguage":"fr-FR","@id":"https:\/\/www.ddec06.fr\/guide-ash-06\/#\/schema\/logo\/image\/","url":"https:\/\/www.ddec06.fr\/guide-ash-06\/wp-content\/uploads\/2021\/04\/cropped-DDEC-DIOCESE-DE-NICE-SANS-DEGRADE-1-1.png","contentUrl":"https:\/\/www.ddec06.fr\/guide-ash-06\/wp-content\/uploads\/2021\/04\/cropped-DDEC-DIOCESE-DE-NICE-SANS-DEGRADE-1-1.png","width":167,"height":100,"caption":"GUIDE Ecole Inclusive de l&#039;Enseignement Catholique des Alpes-Maritimes"},"image":{"@id":"https:\/\/www.ddec06.fr\/guide-ash-06\/#\/schema\/logo\/image\/"}}]}},"jetpack_sharing_enabled":true,"_links":{"self":[{"href":"https:\/\/www.ddec06.fr\/guide-ash-06\/wp-json\/wp\/v2\/pages\/26","targetHints":{"allow":["GET"]}}],"collection":[{"href":"https:\/\/www.ddec06.fr\/guide-ash-06\/wp-json\/wp\/v2\/pages"}],"about":[{"href":"https:\/\/www.ddec06.fr\/guide-ash-06\/wp-json\/wp\/v2\/types\/page"}],"author":[{"embeddable":true,"href":"https:\/\/www.ddec06.fr\/guide-ash-06\/wp-json\/wp\/v2\/users\/1"}],"replies":[{"embeddable":true,"href":"https:\/\/www.ddec06.fr\/guide-ash-06\/wp-json\/wp\/v2\/comments?post=26"}],"version-history":[{"count":7,"href":"https:\/\/www.ddec06.fr\/guide-ash-06\/wp-json\/wp\/v2\/pages\/26\/revisions"}],"predecessor-version":[{"id":703,"href":"https:\/\/www.ddec06.fr\/guide-ash-06\/wp-json\/wp\/v2\/pages\/26\/revisions\/703"}],"wp:featuredmedia":[{"embeddable":true,"href":"https:\/\/www.ddec06.fr\/guide-ash-06\/wp-json\/wp\/v2\/media\/693"}],"wp:attachment":[{"href":"https:\/\/www.ddec06.fr\/guide-ash-06\/wp-json\/wp\/v2\/media?parent=26"}],"curies":[{"name":"wp","href":"https:\/\/api.w.org\/{rel}","templated":true}]}}