{"id":247,"date":"2021-04-13T15:11:03","date_gmt":"2021-04-13T13:11:03","guid":{"rendered":"https:\/\/www.ddec06.fr\/guide-ash-06\/?page_id=247"},"modified":"2021-10-28T16:04:48","modified_gmt":"2021-10-28T14:04:48","slug":"les-etablissements-avec-ra-et-ulis-dans-le-diocese","status":"publish","type":"page","link":"https:\/\/www.ddec06.fr\/guide-ash-06\/les-structures-et-dispositifs-adaptes-les-centres-et-professionnels-partenaires\/les-etablissements-avec-ra-et-ulis-dans-le-diocese\/","title":{"rendered":"Les \u00e9tablissements avec RA et ULIS dans le dioc\u00e8se"},"content":{"rendered":"<div id=\"pl-247\"  class=\"panel-layout\" ><div id=\"pg-247-0\"  class=\"panel-grid panel-no-style\" ><div id=\"pgc-247-0-0\"  class=\"panel-grid-cell\" ><div id=\"panel-247-0-0-0\" class=\"so-panel widget widget_sow-editor panel-first-child\" data-index=\"0\" ><div\n\t\t\t\n\t\t\tclass=\"so-widget-sow-editor so-widget-sow-editor-base\"\n\t\t\t\n\t\t>\n<div class=\"siteorigin-widget-tinymce textwidget\">\n\t<p style=\"text-align: center;\"><strong><span style=\"color: #4e9072; font-size: 24pt;\">Les \u00e9tablissements avec RA et ULIS dans le dioc\u00e8se<\/span><\/strong><\/p>\n<\/div>\n<\/div><\/div><div id=\"panel-247-0-0-1\" class=\"so-panel widget widget_sow-editor panel-last-child\" data-index=\"1\" ><div\n\t\t\t\n\t\t\tclass=\"so-widget-sow-editor so-widget-sow-editor-base\"\n\t\t\t\n\t\t>\n<div class=\"siteorigin-widget-tinymce textwidget\">\n\t<style type=\"text\/css\" id=\"umsMapStyles_1_10760\">\n    #ultimate_maps_1_10760 {\n        width: 100%;\n        height: 400px;\n                border: 0px solid ;\n        margin: 0px;\n    }\n    #mapsControlsNum_1_10760 {\n        width:100%    }\n    .umsMapDetailsContainer#umsMapDetailsContainer_1_10760 {\n        height:400px;\n    }\n    .ums_MapPreview#ultimate_maps_1_10760 {\n        \/*position:absolute;*\/\n        width:100%;\n    }\n    #mapConElem_1_10760{\n        width:100%    }\n    <\/style><div class=\"ums_map_opts\" id=\"mapConElem_1_10760\" data-id=\"1\" data-view-id=\"1_10760\" > <div class=\"umsMapDetailsContainer\" id=\"umsMapDetailsContainer_1_10760\"> <i class=\"umsKMLLayersPreloader fa fa-spinner fa-spin\" aria-hidden=\"true\" style=\"display: none;\"><\/i> <div class=\"ums_MapPreview \" id=\"ultimate_maps_1_10760\"><\/div> <\/div> <div class=\"umsMapMarkerFilters\" id=\"umsMapMarkerFilters_1_10760\"> <\/div> <div class=\"umsMapProControlsCon\" id=\"umsMapProControlsCon_1_10760\"> <a title=\"WordPress Google Maps\" style=\"display:none;\" href=\"https:\/\/supsystic.com\/plugins\/google-maps-plugin\/?utm_medium=love_link_hide\" target=\"_blank\">WordPress Google Maps<\/a><div style=\"clear: both;\"><\/div> <\/div> <div class=\"umsMapProDirectionsCon\" id=\"umsMapProDirectionsCon_1_10760\" > <\/div> <div class=\"umsMapProKmlFilterCon\" id=\"umsMapProKmlFilterCon_1_10760\" > <\/div> <div class=\"umsSocialSharingShell umsSocialSharingShell_1_10760\"> <\/div> <div style=\"clear: both;\"><\/div> <\/div>\n<\/div>\n<\/div><\/div><\/div><\/div><div id=\"pg-247-1\"  class=\"panel-grid panel-no-style\" ><div id=\"pgc-247-1-0\"  class=\"panel-grid-cell\" ><div id=\"panel-247-1-0-0\" class=\"so-panel widget widget_sow-editor panel-first-child\" data-index=\"2\" ><div class=\"panel-widget-style panel-widget-style-for-247-1-0-0\" ><div\n\t\t\t\n\t\t\tclass=\"so-widget-sow-editor so-widget-sow-editor-base\"\n\t\t\t\n\t\t>\n<div class=\"siteorigin-widget-tinymce textwidget\">\n\t<p class=\"color-2-text-contrast color2-background-color\" style=\"text-align: center;\"><span style=\"color: #ffff99;\"><strong>COLLEGES \/ LYCEES ACCUEILLANT UN DISPOSITIF ULIS<\/strong><\/span><\/p>\n<\/div>\n<\/div><\/div><\/div><div id=\"panel-247-1-0-1\" class=\"so-panel widget widget_sow-editor panel-last-child\" data-index=\"3\" ><div\n\t\t\t\n\t\t\tclass=\"so-widget-sow-editor so-widget-sow-editor-base\"\n\t\t\t\n\t\t>\n<div class=\"siteorigin-widget-tinymce textwidget\">\n\t<p style=\"text-align: center;\"><span style=\"color: #000000; background-color: #bad8c9;\"><strong>BASSIN NICE<\/strong><\/span><\/p>\n<p class=\"\"><span style=\"color: #ff6600;\">\u2022 <strong>Institution Nazareth <span style=\"background-color: #0000ff; color: #ffffff;\">[ULIS COLLEGE]<\/span><\/strong><\/span><br \/>\n9 Avenue de Pessicart<br \/>\n06100 NICE<br \/>\n04 93 97 29 50<br \/>\nSite web : <a href=\"http:\/\/institution-nazareth.fr\/\">http:\/\/institution-nazareth.fr\/<\/a><\/p>\n<p class=\"\"><span style=\"color: #ff6600;\">\u2022 <strong>Institut Blanche de Castille <span style=\"background-color: #0000ff; color: #ffffff;\">[ULIS COLLEGE]<\/span><\/strong><\/span><br \/>\n16 Avenues Dilli\u00e8s<br \/>\n06300 NICE<br \/>\n04 93 89 02 12<br \/>\nSite web : <a href=\"http:\/\/www.blanche2castille.com\/\">http:\/\/www.blanche2castille.com\/<\/a><\/p>\n<p><span style=\"color: #ff6600;\">\u2022 <\/span><strong><span style=\"color: #ff6600;\">Lyc\u00e9e Technologique et Professionnel Priv\u00e9 \u201cLa Providence<\/span>\u201d <span style=\"color: #ff6600; background-color: #993366;\"><span style=\"color: #ffffff;\">[ULIS LYCEE]<\/span><\/span><\/strong><br \/>\n12 avenue Pierre Isnard<br \/>\n06200 Nice<br \/>\n04 93 72 40 90<br \/>\nSite web : <a href=\"http:\/\/laprovidence-nice.com\/\">http:\/\/laprovidence-nice.com\/<\/a><\/p>\n<p style=\"text-align: center;\"><span style=\"background-color: #bad8c9; color: #000000;\"><strong>BASSIN CANNES \/ GRASSE \/ ROQUEFORT LES PINS<\/strong><\/span><\/p>\n<p><span style=\"color: #ff6600;\">\u2022 <strong>L.P. &amp; L.T. Priv\u00e9s \u201cLes Fauvettes\u201d <span style=\"color: #ff6600; background-color: #993366;\"><span style=\"color: #ffffff;\">[ULIS LYCEE]<\/span><\/span><\/strong><\/span><br \/>\n44 Avenue Jean de Noailles \u2013 CANNES<br \/>\n04.93.47.55.06<br \/>\nSite web : <a href=\"http:\/\/www.lycee-les-fauvettes.org\/\">http:\/\/www.lycee-les-fauvettes.org\/<\/a><\/p>\n<p class=\"\"><span style=\"color: #ff6600;\"><strong>\u2022 Institut F\u00e9nelon <span style=\"background-color: #0000ff; color: #ffffff;\">[ULIS COLLEGE]<\/span><\/strong><\/span><br \/>\n122 avenue Pierre S\u00e9mard<br \/>\n06130 Grasse<br \/>\n04 93 40 60 59<br \/>\nSite web : <a href=\"http:\/\/www.institut-fenelon.org\/\">http:\/\/www.institut-fenelon.org\/<\/a><\/p>\n<p style=\"text-align: center;\"><span style=\"background-color: #bad8c9; color: #000000;\"><strong>BASSIN MENTON \/ ROQUEBRUNE<\/strong><\/span><\/p>\n<p><span style=\"color: #ff6600;\"><strong>\u2022 St Joseph Carnol\u00e8s <span style=\"background-color: #0000ff; color: #ffffff;\">[ULIS COLLEGE]<\/span><\/strong><\/span><br \/>\n191, Avenue Aristide Briand<br \/>\n06190 Roquebrune Cap Martin<br \/>\n04 93 35 85 68<br \/>\nSite web : <a href=\"http:\/\/www.institution-saint-joseph.fr\/\">http:\/\/www.institution-saint-joseph.fr\/<\/a><\/p>\n<\/div>\n<\/div><\/div><\/div><div id=\"pgc-247-1-1\"  class=\"panel-grid-cell\" ><div id=\"panel-247-1-1-0\" class=\"so-panel widget widget_sow-editor panel-first-child\" data-index=\"4\" ><div class=\"panel-widget-style panel-widget-style-for-247-1-1-0\" ><div\n\t\t\t\n\t\t\tclass=\"so-widget-sow-editor so-widget-sow-editor-base\"\n\t\t\t\n\t\t>\n<div class=\"siteorigin-widget-tinymce textwidget\">\n\t<p class=\"color-2-text-contrast color2-background-color\" style=\"text-align: center;\"><span style=\"color: #ffff99;\"><strong>ECOLES ACCUEILLANT UN DISPOSITIF ULIS<\/strong><\/span><\/p>\n<\/div>\n<\/div><\/div><\/div><div id=\"panel-247-1-1-1\" class=\"so-panel widget widget_sow-editor panel-last-child\" data-index=\"5\" ><div\n\t\t\t\n\t\t\tclass=\"so-widget-sow-editor so-widget-sow-editor-base\"\n\t\t\t\n\t\t>\n<div class=\"siteorigin-widget-tinymce textwidget\">\n\t<p style=\"text-align: center;\"><span style=\"background-color: #bad8c9; color: #000000;\"><strong>BASSIN MENTON \/ ROQUEBRUNE<\/strong><\/span><\/p>\n<p class=\"\"><span style=\"color: #ff6600;\"><strong>\u2022 Villa Blanche <span style=\"background-color: #993300; color: #ffffff;\">[ULIS ECOLE]<\/span><\/strong><\/span><br \/>\n3 Rue Pasteur<br \/>\n06500 Menton<br \/>\n04 92 10 56 10<br \/>\nSite web : <a href=\"https:\/\/www.villablanche-menton.fr\/\">https:\/\/www.villablanche-menton.fr\/<\/a><\/p>\n<p style=\"text-align: center;\"><span style=\"background-color: #bad8c9; color: #000000;\"><strong>BASSIN NICE<\/strong><\/span><\/p>\n<p class=\"\"><span style=\"color: #ff6600;\"><strong>\u2022 R\u00e9gina Coeli <span style=\"background-color: #993300; color: #ffffff;\">[ULIS ECOLE]<\/span><\/strong><\/span><br \/>\n5 avenue Georges V<br \/>\n06000 Nice<br \/>\n04 93 53 11 07<br \/>\nSite web : <a href=\"https:\/\/ecolereginacoeli.toutemonecole.fr\/\">https:\/\/ecolereginacoeli.toutemonecole.fr\/<\/a><\/p>\n<p class=\"\"><span style=\"color: #ff6600;\"><strong>\u2022 Institution Nazareth <span style=\"background-color: #993300; color: #ffffff;\">[ULIS ECOLE]<\/span><\/strong><\/span><br \/>\n9 Avenue de Pessicart<br \/>\n06100 NICE<br \/>\n04 93 97 29 50<br \/>\nSite web : <a href=\"http:\/\/institution-nazareth.fr\/\">http:\/\/institution-nazareth.fr\/<\/a><\/p>\n<p class=\"\"><span style=\"color: #ff6600;\"><strong>\u2022 St Vincent de Paul <span style=\"background-color: #993300; color: #ffffff;\">[ULIS ECOLE]<\/span><\/strong><\/span><br \/>\n17 Rue Fod\u00e9r\u00e9<br \/>\n06300 Nice<br \/>\n04 93 89 96 45<br \/>\nSite web : <a href=\"http:\/\/www.ecole-svp-nice.com\/\">http:\/\/www.ecole-svp-nice.com\/<\/a><\/p>\n<p style=\"text-align: center;\"><span style=\"background-color: #bad8c9; color: #000000;\"><strong>BASSIN CANNES \/ GRASSE \/ ROQUEFORT LES PINS<\/strong><\/span><\/p>\n<p class=\"\"><span style=\"color: #ff6600;\"><strong>\u2022 Maria Mater <span style=\"background-color: #993300; color: #ffffff;\">[ULIS ECOLE]<\/span><\/strong><\/span><br \/>\n2780 Route de Nice<br \/>\n06330 Roquefort-les-Pins<br \/>\n04 92 60 30 00<br \/>\nSite Web : <a href=\"http:\/\/www.ecolemariamater.org\/\">http:\/\/www.ecolemariamater.org\/<\/a><\/p>\n<\/div>\n<\/div><\/div><\/div><\/div><div id=\"pg-247-2\"  class=\"panel-grid panel-no-style\" ><div id=\"pgc-247-2-0\"  class=\"panel-grid-cell\" ><div id=\"panel-247-2-0-0\" class=\"so-panel widget widget_sow-editor panel-first-child panel-last-child\" data-index=\"6\" ><div class=\"panel-widget-style panel-widget-style-for-247-2-0-0\" ><div\n\t\t\t\n\t\t\tclass=\"so-widget-sow-editor so-widget-sow-editor-base\"\n\t\t\t\n\t\t>\n<div class=\"siteorigin-widget-tinymce textwidget\">\n\t<p class=\"color-2-text-contrast color2-background-color\" style=\"text-align: center;\"><span style=\"color: #ffff99;\"><strong>ECOLES POSSEDANT UN REGROUPEMENT D\u2019ADAPTATION (RA)<\/strong><\/span><\/p>\n<\/div>\n<\/div><\/div><\/div><\/div><\/div><div id=\"pg-247-3\"  class=\"panel-grid panel-no-style\" ><div id=\"pgc-247-3-0\"  class=\"panel-grid-cell\" ><div id=\"panel-247-3-0-0\" class=\"so-panel widget widget_sow-editor panel-first-child panel-last-child\" data-index=\"7\" ><div\n\t\t\t\n\t\t\tclass=\"so-widget-sow-editor so-widget-sow-editor-base\"\n\t\t\t\n\t\t>\n<div class=\"siteorigin-widget-tinymce textwidget\">\n\t<p style=\"text-align: center;\"><span style=\"background-color: #bad8c9;\"><strong>BASSIN MENTON \/ ROQUEBRUNE<\/strong><\/span><\/p>\n<p class=\"\"><span style=\"color: #ff6600;\"><strong>\u2022 St Joseph Carnol\u00e8s <span style=\"background-color: #008000; color: #ffffff;\">[R.A.]<\/span><\/strong><\/span><br \/>\n191, Avenue Aristide Briand<br \/>\n06190 Roquebrune Cap Martin<br \/>\n04 93 35 85 68<br \/>\nSite web : <a href=\"http:\/\/www.institution-saint-joseph.fr\/\">http:\/\/www.institution-saint-joseph.fr\/<\/a><\/p>\n<p class=\"\"><span style=\"color: #ff6600;\"><strong>\u2022 Villa Blanche <span style=\"background-color: #008000; color: #ffffff;\">[R.A.]<\/span><\/strong><\/span><br \/>\n3 Rue Pasteur<br \/>\n06500 Menton<br \/>\n04 92 10 56 10<br \/>\nSite web : <a href=\"https:\/\/www.villablanche-menton.fr\/\">https:\/\/www.villablanche-menton.fr\/<\/a><\/p>\n<p style=\"text-align: center;\"><span style=\"background-color: #bad8c9;\"><strong>BASSIN NICE<\/strong><\/span><\/p>\n<p class=\"\"><span style=\"color: #ff6600;\"><strong>\u2022 Marie-Joseph <span style=\"background-color: #008000; color: #ffffff;\">[R.A.]<\/span><\/strong><\/span><br \/>\n36 Rue Mgr Alfred Daumas<br \/>\n06300 Nice<br \/>\n04 93 89 08 29<br \/>\nSite web : <a href=\"http:\/\/ecolemariejoseph.e-monsite.com\/\">http:\/\/ecolemariejoseph.e-monsite.com\/<\/a><\/p>\n<p class=\"\"><span style=\"color: #ff6600;\"><strong>\u2022 St Vincent de Paul <span style=\"background-color: #008000; color: #ffffff;\">[R.A.]<\/span><\/strong><\/span><br \/>\n17 Rue Fod\u00e9r\u00e9<br \/>\n06300 Nice<br \/>\n04 93 89 96 45<br \/>\nSite web : <a href=\"http:\/\/www.ecole-svp-nice.com\/\">http:\/\/www.ecole-svp-nice.com\/<\/a><\/p>\n<p style=\"text-align: center;\"><span style=\"background-color: #bad8c9;\"><strong>BASSIN CANNES \/ GRASSE \/ ROQUEFORT LES PINS<\/strong><\/span><\/p>\n<p><span style=\"color: #ff6600;\"><strong>\u2022 Ste Marie de Chavagnes <span style=\"background-color: #008000; color: #ffffff;\">[R.A.]<\/span><\/strong><\/span><br \/>\n4 avenue Windsor 06400 Cannes<br \/>\n04 92 18 85 55<br \/>\nSite Web : <a href=\"http:\/\/www.sainte-marie-cannes.org\/\">http:\/\/www.sainte-marie-cannes.org\/<\/a><\/p>\n<p class=\"\"><span style=\"color: #ff6600;\"><strong>\u2022 Assomption Lochabair <span style=\"background-color: #008000; color: #ffffff;\">[R.A.]<\/span><\/strong><\/span><br \/>\n24, bd d\u2019Oxford CS 100076<br \/>\n06414 CANNES CEDEX<br \/>\n0493684052<br \/>\nSite web : <a href=\"http:\/\/www.assomption-lochabair.fr\/\">http:\/\/www.assomption-lochabair.fr\/<\/a><\/p>\n<p class=\"\"><span style=\"color: #ff6600;\"><strong>\u2022 Stanislas Cannes <span style=\"background-color: #008000; color: #ffffff;\">[R.A.]<\/span><\/strong><\/span><br \/>\n1 Place Stanislas<br \/>\n06414 Cannes<br \/>\n04 93 06 48 00<br \/>\nSite web : <a href=\"https:\/\/www.stanislas-cannes.com\/\">https:\/\/www.stanislas-cannes.com\/<\/a><\/p>\n<\/div>\n<\/div><\/div><\/div><div id=\"pgc-247-3-1\"  class=\"panel-grid-cell\" ><div id=\"panel-247-3-1-0\" class=\"so-panel widget widget_sow-editor panel-first-child panel-last-child\" data-index=\"8\" ><div\n\t\t\t\n\t\t\tclass=\"so-widget-sow-editor so-widget-sow-editor-base\"\n\t\t\t\n\t\t>\n<div class=\"siteorigin-widget-tinymce textwidget\">\n\t<p style=\"text-align: center;\"><span style=\"background-color: #bad8c9;\"><strong>BASSIN CANNES \/ GRASSE \/ ROQUEFORT LES PINS<\/strong><\/span><\/p>\n<p class=\"\"><span style=\"color: #ff6600;\"><strong>\u2022 Institut F\u00e9nelon <span style=\"background-color: #008000; color: #ffffff;\">[R.A.]<\/span><\/strong><\/span><br \/>\n21 Avenue Chiris<br \/>\n06130 Grasse<br \/>\n04 93 36 35 75<br \/>\nSite web : <a href=\"http:\/\/www.institut-fenelon.org\/\">http:\/\/www.institut-fenelon.org\/<\/a><\/p>\n<p class=\"\"><span style=\"color: #ff6600;\"><strong>\u2022 Maria Mater <span style=\"background-color: #008000; color: #ffffff;\">[R.A.]<\/span><\/strong><\/span><br \/>\n2780 Route de Nice<br \/>\n06330 Roquefort-les-Pins<br \/>\n04 92 60 30 00<br \/>\nSite Web : <a href=\"http:\/\/www.ecolemariamater.org\/\">http:\/\/www.ecolemariamater.org\/<\/a><\/p>\n<p style=\"text-align: center;\"><span style=\"background-color: #bad8c9;\"><strong>BASSIN ANTIBES - JUAN LES PINS<\/strong><\/span><\/p>\n<p class=\"\"><span style=\"color: #ff6600;\"><strong>\u2022 Ecole du Mont St Jean <span style=\"background-color: #008000; color: #ffffff;\">[R.A.]<\/span><\/strong><\/span><br \/>\nAvenue du Ch\u00e2taignier<br \/>\n06600 ANTIBES<br \/>\n04 97 21 29 92<br \/>\nSite web : <a href=\"http:\/\/msjantibes.free.fr\/\">http:\/\/msjantibes.free.fr\/<\/a><\/p>\n<p class=\"\"><span style=\"color: #ff6600;\"><strong>\u2022 Ecole Ste Marie <span style=\"background-color: #008000; color: #ffffff;\">[R.A.]<\/span><\/strong><\/span><br \/>\n6 Rue Andr\u00e9ossy<br \/>\n06600 Antibes<br \/>\n04 93 34 14 47<br \/>\nSite web : <a href=\"https:\/\/www.ec-gabriel.fr\/geolocalisation\/fiche-up\/id\/5155\">https:\/\/www.ec-gabriel.fr\/geolocalisation\/fiche-up\/id\/5155<\/a><\/p>\n<p class=\"\"><span style=\"color: #ff6600;\"><strong>\u2022 Notre Dame de la Tramontane <span style=\"background-color: #008000; color: #ffffff;\">[R.A.]<\/span><\/strong><\/span><br \/>\n1030 Chemin de Vallauris<br \/>\n06160 Juan les Pins<br \/>\n04 93 61 54 40<br \/>\nsite web : <a href=\"http:\/\/www.ndtramontane.com\/\">http:\/\/www.ndtramontane.com\/<\/a><\/p>\n<p class=\"\"><span style=\"color: #ff6600;\"><strong>\u2022 St Philippe N\u00e9ri <span style=\"background-color: #008000; color: #ffffff;\">[R.A.]<\/span><\/strong><\/span><br \/>\n4 Rue de l\u2019Oratoire<br \/>\n06160 Antibes Juan les Pins<br \/>\n04 97 21 70 50<br \/>\nSite web : <a href=\"http:\/\/www.saint-philippe-neri.fr\">http:\/\/www.saint-philippe-neri.fr<\/a><\/p>\n<div class=\"mod\" style=\"font-size: 16px;\" data-md=\"1006\" data-ved=\"0CIcBEJApKAUwEGoVChMI1ZHU0uCjyAIVSzkaCh1ZEgXe\">\n<div class=\"_eFb\">\n<div class=\"mod\" data-md=\"57\" data-ved=\"0CJABEJApKAkwFmoVChMIuumc0-ejyAIVxdUaCh2YdQhT\">\n<div data-hveid=\"145\"><\/div>\n<\/div>\n<\/div>\n<\/div>\n<\/div>\n<\/div><\/div><\/div><\/div><\/div>","protected":false},"excerpt":{"rendered":"<p>Les \u00e9tablissements avec RA et ULIS dans le dioc\u00e8se COLLEGES \/ LYCEES ACCUEILLANT UN DISPOSITIF ULIS BASSIN NICE \u2022 Institution Nazareth [ULIS COLLEGE] 9 Avenue de Pessicart 06100 NICE 04 93 97 29 50 Site web : http:\/\/institution-nazareth.fr\/ \u2022 Institut Blanche de Castille [ULIS COLLEGE] 16 Avenues Dilli\u00e8s 06300 NICE<span class=\"more-link\"><a href=\"https:\/\/www.ddec06.fr\/guide-ash-06\/les-structures-et-dispositifs-adaptes-les-centres-et-professionnels-partenaires\/les-etablissements-avec-ra-et-ulis-dans-le-diocese\/\">Lire la suite<\/a><\/span><\/p>\n","protected":false},"author":1,"featured_media":714,"parent":26,"menu_order":1,"comment_status":"closed","ping_status":"closed","template":"","meta":{"footnotes":""},"class_list":["entry","author-administrateur","post-247","page","type-page","status-publish","has-post-thumbnail"],"yoast_head":"<!-- This site is optimized with the Yoast SEO plugin v22.1 - https:\/\/yoast.com\/wordpress\/plugins\/seo\/ -->\n<title>Les \u00e9tablissements avec RA et ULIS dans le dioc\u00e8se - GUIDE Ecole Inclusive de l&#039;Enseignement Catholique des Alpes-Maritimes<\/title>\n<meta name=\"robots\" content=\"index, follow, max-snippet:-1, max-image-preview:large, max-video-preview:-1\" \/>\n<link rel=\"canonical\" href=\"https:\/\/www.ddec06.fr\/guide-ash-06\/les-structures-et-dispositifs-adaptes-les-centres-et-professionnels-partenaires\/les-etablissements-avec-ra-et-ulis-dans-le-diocese\/\" \/>\n<meta property=\"og:locale\" content=\"fr_FR\" \/>\n<meta property=\"og:type\" content=\"article\" \/>\n<meta property=\"og:title\" content=\"Les \u00e9tablissements avec RA et ULIS dans le dioc\u00e8se - GUIDE Ecole Inclusive de l&#039;Enseignement Catholique des Alpes-Maritimes\" \/>\n<meta property=\"og:description\" content=\"Les \u00e9tablissements avec RA et ULIS dans le dioc\u00e8se COLLEGES \/ LYCEES ACCUEILLANT UN DISPOSITIF ULIS BASSIN NICE \u2022 Institution Nazareth [ULIS COLLEGE] 9 Avenue de Pessicart 06100 NICE 04 93 97 29 50 Site web : http:\/\/institution-nazareth.fr\/ \u2022 Institut Blanche de Castille [ULIS COLLEGE] 16 Avenues Dilli\u00e8s 06300 NICELire la suite\" \/>\n<meta property=\"og:url\" content=\"https:\/\/www.ddec06.fr\/guide-ash-06\/les-structures-et-dispositifs-adaptes-les-centres-et-professionnels-partenaires\/les-etablissements-avec-ra-et-ulis-dans-le-diocese\/\" \/>\n<meta property=\"og:site_name\" content=\"GUIDE Ecole Inclusive de l&#039;Enseignement Catholique des Alpes-Maritimes\" \/>\n<meta property=\"article:modified_time\" content=\"2021-10-28T14:04:48+00:00\" \/>\n<meta property=\"og:image\" content=\"https:\/\/www.ddec06.fr\/guide-ash-06\/wp-content\/uploads\/2021\/10\/systeme-localisation-geographique_24877-52111.jpg\" \/>\n\t<meta property=\"og:image:width\" content=\"626\" \/>\n\t<meta property=\"og:image:height\" content=\"626\" \/>\n\t<meta property=\"og:image:type\" content=\"image\/jpeg\" \/>\n<meta name=\"twitter:card\" content=\"summary_large_image\" \/>\n<meta name=\"twitter:label1\" content=\"Dur\u00e9e de lecture estim\u00e9e\" \/>\n\t<meta name=\"twitter:data1\" content=\"3 minutes\" \/>\n<script type=\"application\/ld+json\" class=\"yoast-schema-graph\">{\"@context\":\"https:\/\/schema.org\",\"@graph\":[{\"@type\":\"WebPage\",\"@id\":\"https:\/\/www.ddec06.fr\/guide-ash-06\/les-structures-et-dispositifs-adaptes-les-centres-et-professionnels-partenaires\/les-etablissements-avec-ra-et-ulis-dans-le-diocese\/\",\"url\":\"https:\/\/www.ddec06.fr\/guide-ash-06\/les-structures-et-dispositifs-adaptes-les-centres-et-professionnels-partenaires\/les-etablissements-avec-ra-et-ulis-dans-le-diocese\/\",\"name\":\"Les \u00e9tablissements avec RA et ULIS dans le dioc\u00e8se - GUIDE Ecole Inclusive de l&#039;Enseignement Catholique des Alpes-Maritimes\",\"isPartOf\":{\"@id\":\"https:\/\/www.ddec06.fr\/guide-ash-06\/#website\"},\"datePublished\":\"2021-04-13T13:11:03+00:00\",\"dateModified\":\"2021-10-28T14:04:48+00:00\",\"breadcrumb\":{\"@id\":\"https:\/\/www.ddec06.fr\/guide-ash-06\/les-structures-et-dispositifs-adaptes-les-centres-et-professionnels-partenaires\/les-etablissements-avec-ra-et-ulis-dans-le-diocese\/#breadcrumb\"},\"inLanguage\":\"fr-FR\",\"potentialAction\":[{\"@type\":\"ReadAction\",\"target\":[\"https:\/\/www.ddec06.fr\/guide-ash-06\/les-structures-et-dispositifs-adaptes-les-centres-et-professionnels-partenaires\/les-etablissements-avec-ra-et-ulis-dans-le-diocese\/\"]}]},{\"@type\":\"BreadcrumbList\",\"@id\":\"https:\/\/www.ddec06.fr\/guide-ash-06\/les-structures-et-dispositifs-adaptes-les-centres-et-professionnels-partenaires\/les-etablissements-avec-ra-et-ulis-dans-le-diocese\/#breadcrumb\",\"itemListElement\":[{\"@type\":\"ListItem\",\"position\":1,\"name\":\"Accueil\",\"item\":\"https:\/\/www.ddec06.fr\/guide-ash-06\/\"},{\"@type\":\"ListItem\",\"position\":2,\"name\":\"Les structures et dispositifs adapt\u00e9s &#8211; Les centres et professionnels partenaires\",\"item\":\"https:\/\/www.ddec06.fr\/guide-ash-06\/les-structures-et-dispositifs-adaptes-les-centres-et-professionnels-partenaires\/\"},{\"@type\":\"ListItem\",\"position\":3,\"name\":\"Les \u00e9tablissements avec RA et ULIS dans le dioc\u00e8se\"}]},{\"@type\":\"WebSite\",\"@id\":\"https:\/\/www.ddec06.fr\/guide-ash-06\/#website\",\"url\":\"https:\/\/www.ddec06.fr\/guide-ash-06\/\",\"name\":\"GUIDE Ecole Inclusive de l&#039;Enseignement Catholique des Alpes-Maritimes\",\"description\":\"Accueillir les diff\u00e9rences en milieu scolaire.\",\"publisher\":{\"@id\":\"https:\/\/www.ddec06.fr\/guide-ash-06\/#organization\"},\"potentialAction\":[{\"@type\":\"SearchAction\",\"target\":{\"@type\":\"EntryPoint\",\"urlTemplate\":\"https:\/\/www.ddec06.fr\/guide-ash-06\/?s={search_term_string}\"},\"query-input\":\"required name=search_term_string\"}],\"inLanguage\":\"fr-FR\"},{\"@type\":\"Organization\",\"@id\":\"https:\/\/www.ddec06.fr\/guide-ash-06\/#organization\",\"name\":\"GUIDE Ecole Inclusive de l&#039;Enseignement Catholique des Alpes-Maritimes\",\"url\":\"https:\/\/www.ddec06.fr\/guide-ash-06\/\",\"logo\":{\"@type\":\"ImageObject\",\"inLanguage\":\"fr-FR\",\"@id\":\"https:\/\/www.ddec06.fr\/guide-ash-06\/#\/schema\/logo\/image\/\",\"url\":\"https:\/\/www.ddec06.fr\/guide-ash-06\/wp-content\/uploads\/2021\/04\/cropped-DDEC-DIOCESE-DE-NICE-SANS-DEGRADE-1-1.png\",\"contentUrl\":\"https:\/\/www.ddec06.fr\/guide-ash-06\/wp-content\/uploads\/2021\/04\/cropped-DDEC-DIOCESE-DE-NICE-SANS-DEGRADE-1-1.png\",\"width\":167,\"height\":100,\"caption\":\"GUIDE Ecole Inclusive de l&#039;Enseignement Catholique des Alpes-Maritimes\"},\"image\":{\"@id\":\"https:\/\/www.ddec06.fr\/guide-ash-06\/#\/schema\/logo\/image\/\"}}]}<\/script>\n<!-- \/ Yoast SEO plugin. -->","yoast_head_json":{"title":"Les \u00e9tablissements avec RA et ULIS dans le dioc\u00e8se - GUIDE Ecole Inclusive de l&#039;Enseignement Catholique des Alpes-Maritimes","robots":{"index":"index","follow":"follow","max-snippet":"max-snippet:-1","max-image-preview":"max-image-preview:large","max-video-preview":"max-video-preview:-1"},"canonical":"https:\/\/www.ddec06.fr\/guide-ash-06\/les-structures-et-dispositifs-adaptes-les-centres-et-professionnels-partenaires\/les-etablissements-avec-ra-et-ulis-dans-le-diocese\/","og_locale":"fr_FR","og_type":"article","og_title":"Les \u00e9tablissements avec RA et ULIS dans le dioc\u00e8se - GUIDE Ecole Inclusive de l&#039;Enseignement Catholique des Alpes-Maritimes","og_description":"Les \u00e9tablissements avec RA et ULIS dans le dioc\u00e8se COLLEGES \/ LYCEES ACCUEILLANT UN DISPOSITIF ULIS BASSIN NICE \u2022 Institution Nazareth [ULIS COLLEGE] 9 Avenue de Pessicart 06100 NICE 04 93 97 29 50 Site web : http:\/\/institution-nazareth.fr\/ \u2022 Institut Blanche de Castille [ULIS COLLEGE] 16 Avenues Dilli\u00e8s 06300 NICELire la suite","og_url":"https:\/\/www.ddec06.fr\/guide-ash-06\/les-structures-et-dispositifs-adaptes-les-centres-et-professionnels-partenaires\/les-etablissements-avec-ra-et-ulis-dans-le-diocese\/","og_site_name":"GUIDE Ecole Inclusive de l&#039;Enseignement Catholique des Alpes-Maritimes","article_modified_time":"2021-10-28T14:04:48+00:00","og_image":[{"width":626,"height":626,"url":"https:\/\/www.ddec06.fr\/guide-ash-06\/wp-content\/uploads\/2021\/10\/systeme-localisation-geographique_24877-52111.jpg","type":"image\/jpeg"}],"twitter_card":"summary_large_image","twitter_misc":{"Dur\u00e9e de lecture estim\u00e9e":"3 minutes"},"schema":{"@context":"https:\/\/schema.org","@graph":[{"@type":"WebPage","@id":"https:\/\/www.ddec06.fr\/guide-ash-06\/les-structures-et-dispositifs-adaptes-les-centres-et-professionnels-partenaires\/les-etablissements-avec-ra-et-ulis-dans-le-diocese\/","url":"https:\/\/www.ddec06.fr\/guide-ash-06\/les-structures-et-dispositifs-adaptes-les-centres-et-professionnels-partenaires\/les-etablissements-avec-ra-et-ulis-dans-le-diocese\/","name":"Les \u00e9tablissements avec RA et ULIS dans le dioc\u00e8se - GUIDE Ecole Inclusive de l&#039;Enseignement Catholique des Alpes-Maritimes","isPartOf":{"@id":"https:\/\/www.ddec06.fr\/guide-ash-06\/#website"},"datePublished":"2021-04-13T13:11:03+00:00","dateModified":"2021-10-28T14:04:48+00:00","breadcrumb":{"@id":"https:\/\/www.ddec06.fr\/guide-ash-06\/les-structures-et-dispositifs-adaptes-les-centres-et-professionnels-partenaires\/les-etablissements-avec-ra-et-ulis-dans-le-diocese\/#breadcrumb"},"inLanguage":"fr-FR","potentialAction":[{"@type":"ReadAction","target":["https:\/\/www.ddec06.fr\/guide-ash-06\/les-structures-et-dispositifs-adaptes-les-centres-et-professionnels-partenaires\/les-etablissements-avec-ra-et-ulis-dans-le-diocese\/"]}]},{"@type":"BreadcrumbList","@id":"https:\/\/www.ddec06.fr\/guide-ash-06\/les-structures-et-dispositifs-adaptes-les-centres-et-professionnels-partenaires\/les-etablissements-avec-ra-et-ulis-dans-le-diocese\/#breadcrumb","itemListElement":[{"@type":"ListItem","position":1,"name":"Accueil","item":"https:\/\/www.ddec06.fr\/guide-ash-06\/"},{"@type":"ListItem","position":2,"name":"Les structures et dispositifs adapt\u00e9s &#8211; Les centres et professionnels partenaires","item":"https:\/\/www.ddec06.fr\/guide-ash-06\/les-structures-et-dispositifs-adaptes-les-centres-et-professionnels-partenaires\/"},{"@type":"ListItem","position":3,"name":"Les \u00e9tablissements avec RA et ULIS dans le dioc\u00e8se"}]},{"@type":"WebSite","@id":"https:\/\/www.ddec06.fr\/guide-ash-06\/#website","url":"https:\/\/www.ddec06.fr\/guide-ash-06\/","name":"GUIDE Ecole Inclusive de l&#039;Enseignement Catholique des Alpes-Maritimes","description":"Accueillir les diff\u00e9rences en milieu scolaire.","publisher":{"@id":"https:\/\/www.ddec06.fr\/guide-ash-06\/#organization"},"potentialAction":[{"@type":"SearchAction","target":{"@type":"EntryPoint","urlTemplate":"https:\/\/www.ddec06.fr\/guide-ash-06\/?s={search_term_string}"},"query-input":"required name=search_term_string"}],"inLanguage":"fr-FR"},{"@type":"Organization","@id":"https:\/\/www.ddec06.fr\/guide-ash-06\/#organization","name":"GUIDE Ecole Inclusive de l&#039;Enseignement Catholique des Alpes-Maritimes","url":"https:\/\/www.ddec06.fr\/guide-ash-06\/","logo":{"@type":"ImageObject","inLanguage":"fr-FR","@id":"https:\/\/www.ddec06.fr\/guide-ash-06\/#\/schema\/logo\/image\/","url":"https:\/\/www.ddec06.fr\/guide-ash-06\/wp-content\/uploads\/2021\/04\/cropped-DDEC-DIOCESE-DE-NICE-SANS-DEGRADE-1-1.png","contentUrl":"https:\/\/www.ddec06.fr\/guide-ash-06\/wp-content\/uploads\/2021\/04\/cropped-DDEC-DIOCESE-DE-NICE-SANS-DEGRADE-1-1.png","width":167,"height":100,"caption":"GUIDE Ecole Inclusive de l&#039;Enseignement Catholique des Alpes-Maritimes"},"image":{"@id":"https:\/\/www.ddec06.fr\/guide-ash-06\/#\/schema\/logo\/image\/"}}]}},"jetpack_sharing_enabled":true,"_links":{"self":[{"href":"https:\/\/www.ddec06.fr\/guide-ash-06\/wp-json\/wp\/v2\/pages\/247","targetHints":{"allow":["GET"]}}],"collection":[{"href":"https:\/\/www.ddec06.fr\/guide-ash-06\/wp-json\/wp\/v2\/pages"}],"about":[{"href":"https:\/\/www.ddec06.fr\/guide-ash-06\/wp-json\/wp\/v2\/types\/page"}],"author":[{"embeddable":true,"href":"https:\/\/www.ddec06.fr\/guide-ash-06\/wp-json\/wp\/v2\/users\/1"}],"replies":[{"embeddable":true,"href":"https:\/\/www.ddec06.fr\/guide-ash-06\/wp-json\/wp\/v2\/comments?post=247"}],"version-history":[{"count":5,"href":"https:\/\/www.ddec06.fr\/guide-ash-06\/wp-json\/wp\/v2\/pages\/247\/revisions"}],"predecessor-version":[{"id":713,"href":"https:\/\/www.ddec06.fr\/guide-ash-06\/wp-json\/wp\/v2\/pages\/247\/revisions\/713"}],"up":[{"embeddable":true,"href":"https:\/\/www.ddec06.fr\/guide-ash-06\/wp-json\/wp\/v2\/pages\/26"}],"wp:featuredmedia":[{"embeddable":true,"href":"https:\/\/www.ddec06.fr\/guide-ash-06\/wp-json\/wp\/v2\/media\/714"}],"wp:attachment":[{"href":"https:\/\/www.ddec06.fr\/guide-ash-06\/wp-json\/wp\/v2\/media?parent=247"}],"curies":[{"name":"wp","href":"https:\/\/api.w.org\/{rel}","templated":true}]}}