{"id":18,"date":"2021-03-29T20:10:52","date_gmt":"2021-03-29T18:10:52","guid":{"rendered":"https:\/\/www.ddec06.fr\/guide-ash-06\/?page_id=18"},"modified":"2022-01-21T09:27:38","modified_gmt":"2022-01-21T08:27:38","slug":"les-aesh","status":"publish","type":"page","link":"https:\/\/www.ddec06.fr\/guide-ash-06\/scolariser-des-eleves-a-besoins-educatifs-particuliers-et-en-situation-de-handicap\/les-aesh\/","title":{"rendered":"Les AESH"},"content":{"rendered":"<div id=\"pl-18\"  class=\"panel-layout\" ><div id=\"pg-18-0\"  class=\"panel-grid panel-no-style\" ><div id=\"pgc-18-0-0\"  class=\"panel-grid-cell\" ><div id=\"panel-18-0-0-0\" class=\"so-panel widget widget_sow-image panel-first-child panel-last-child\" data-index=\"0\" ><div\n\t\t\t\n\t\t\tclass=\"so-widget-sow-image so-widget-sow-image-default-8b5b6f678277-18\"\n\t\t\t\n\t\t>\n\n<div class=\"sow-image-container\">\n\t\t<img decoding=\"async\" src=\"https:\/\/www.ddec06.fr\/guide-ash-06\/wp-content\/uploads\/2021\/10\/AESH.png\" width=\"622\" height=\"491\" srcset=\"https:\/\/www.ddec06.fr\/guide-ash-06\/wp-content\/uploads\/2021\/10\/AESH.png 622w, https:\/\/www.ddec06.fr\/guide-ash-06\/wp-content\/uploads\/2021\/10\/AESH-300x237.png 300w, https:\/\/www.ddec06.fr\/guide-ash-06\/wp-content\/uploads\/2021\/10\/AESH-465x367.png 465w\" sizes=\"auto, (max-width: 622px) 100vw, 622px\" alt=\"\" loading=\"lazy\" \t\tclass=\"so-widget-image\"\/>\n\t<\/div>\n\n<\/div><\/div><\/div><div id=\"pgc-18-0-1\"  class=\"panel-grid-cell\" ><div id=\"panel-18-0-1-0\" class=\"so-panel widget widget_sow-editor panel-first-child panel-last-child\" data-index=\"1\" ><div\n\t\t\t\n\t\t\tclass=\"so-widget-sow-editor so-widget-sow-editor-base\"\n\t\t\t\n\t\t>\n<div class=\"siteorigin-widget-tinymce textwidget\">\n\t<h2><span style=\"font-family: ABeeZee; color: #4e9072;\">L'A.E.S.H : Accompagnant des \u00e9l\u00e8ves en situation de Handicap.<\/span><\/h2>\n<p>Les personnels accompagnants assurent des missions d'aide aux \u00e9l\u00e8ves en situation de handicap. Ainsi, sous la responsabilit\u00e9 p\u00e9dagogique des enseignants, ils ont vocation \u00e0 favoriser l'autonomie de l'\u00e9l\u00e8ve, sans se substituer \u00e0 lui dans la mesure du possible. En savoir plus sur les missions et les conditions de recrutement d'accompagnants des \u00e9l\u00e8ves en situation de handicap.<\/p>\n<p><img loading=\"lazy\" decoding=\"async\" class=\"alignnone size-full wp-image-431\" src=\"https:\/\/www.ddec06.fr\/guide-ash-06\/wp-content\/uploads\/2021\/10\/fleche.png\" alt=\"\" width=\"29\" height=\"20\" \/> Plus d'infos sur le site <a href=\"https:\/\/www.education.gouv.fr\/les-accompagnants-des-eleves-en-situation-de-handicap-12188\"><img loading=\"lazy\" decoding=\"async\" class=\"alignnone size-full wp-image-526\" src=\"https:\/\/www.ddec06.fr\/guide-ash-06\/wp-content\/uploads\/2021\/10\/www.jpg\" alt=\"\" width=\"56\" height=\"21\" \/> education.gouv.fr<\/a><\/p>\n<p><img loading=\"lazy\" decoding=\"async\" class=\"alignnone size-full wp-image-431\" src=\"https:\/\/www.ddec06.fr\/guide-ash-06\/wp-content\/uploads\/2021\/10\/fleche.png\" alt=\"\" width=\"29\" height=\"20\" \/> Cadre de gestion des personnels exer\u00e7ant des missions d'accompagnement d'\u00e9l\u00e8ves en situation de handicap (AESH)<br \/>\n<a href=\"https:\/\/www.education.gouv.fr\/pid285\/bulletin_officiel.html?cid_bo=142518\" target=\"_self\" rel=\"noopener\"><img loading=\"lazy\" decoding=\"async\" class=\"alignnone size-full wp-image-526\" src=\"https:\/\/www.ddec06.fr\/guide-ash-06\/wp-content\/uploads\/2021\/10\/www.jpg\" alt=\"\" width=\"56\" height=\"21\" \/> Circulaire n\u00b0 2019-090 du 5 juin 2019<\/a><\/p>\n<p><img loading=\"lazy\" decoding=\"async\" class=\"alignnone size-full wp-image-431\" src=\"https:\/\/www.ddec06.fr\/guide-ash-06\/wp-content\/uploads\/2021\/10\/fleche.png\" alt=\"\" width=\"29\" height=\"20\" \/> Circulaire de rentr\u00e9e 2019 - \u00c9cole inclusive<br \/>\n<a href=\"https:\/\/www.education.gouv.fr\/pid285\/bulletin_officiel.html?cid_bo=142545\" target=\"_self\" rel=\"noopener\"><img loading=\"lazy\" decoding=\"async\" class=\"alignnone size-full wp-image-526\" src=\"https:\/\/www.ddec06.fr\/guide-ash-06\/wp-content\/uploads\/2021\/10\/www.jpg\" alt=\"\" width=\"56\" height=\"21\" \/> Circulaire n\u00b0 2019-088 du 5 juin 2019<\/a><\/p>\n<p><img loading=\"lazy\" decoding=\"async\" class=\"alignnone size-full wp-image-431\" src=\"https:\/\/www.ddec06.fr\/guide-ash-06\/wp-content\/uploads\/2021\/10\/fleche.png\" alt=\"\" width=\"29\" height=\"20\" \/> Missions et activit\u00e9s des personnels charg\u00e9s de l'accompagnement des \u00e9l\u00e8ves en situation de handicap<br \/>\n<a href=\"https:\/\/www.education.gouv.fr\/pid285\/bulletin_officiel.html?cid_bo=115996\" target=\"_self\" rel=\"noopener\"><img loading=\"lazy\" decoding=\"async\" class=\"alignnone size-full wp-image-526\" src=\"https:\/\/www.ddec06.fr\/guide-ash-06\/wp-content\/uploads\/2021\/10\/www.jpg\" alt=\"\" width=\"56\" height=\"21\" \/> Circulaire n\u00b0 2017-084 du 3 mai 2017<\/a><\/p>\n<p><img loading=\"lazy\" decoding=\"async\" class=\"alignnone size-full wp-image-431\" src=\"https:\/\/www.ddec06.fr\/guide-ash-06\/wp-content\/uploads\/2021\/10\/fleche.png\" alt=\"\" width=\"29\" height=\"20\" \/> Conditions de recrutement et d'emploi des accompagnants des \u00e9l\u00e8ves en situation de handicap<br \/>\n<a href=\"https:\/\/www.legifrance.gouv.fr\/affichTexte.do?cidTexte=JORFTEXT000037257789&amp;categorieLien=id\"><img loading=\"lazy\" decoding=\"async\" class=\"alignnone size-full wp-image-526\" src=\"https:\/\/www.ddec06.fr\/guide-ash-06\/wp-content\/uploads\/2021\/10\/www.jpg\" alt=\"\" width=\"56\" height=\"21\" \/> D\u00e9cret n\u00b0 2018-666 du 27 juillet 2018 modifiant le d\u00e9cret n\u00b0 2014-724 du 27 juin 2018<\/a><\/p>\n<p data-wp-editing=\"1\"><img loading=\"lazy\" decoding=\"async\" class=\"alignnone size-full wp-image-431\" src=\"https:\/\/www.ddec06.fr\/guide-ash-06\/wp-content\/uploads\/2021\/10\/fleche.png\" alt=\"\" width=\"29\" height=\"20\" \/> Guide national des accompagnants des \u00e9l\u00e8ves en situation de handicap<br \/>\n<img loading=\"lazy\" decoding=\"async\" class=\"alignnone size-full wp-image-524\" src=\"https:\/\/www.ddec06.fr\/guide-ash-06\/wp-content\/uploads\/2021\/10\/icone-telechargement-vert-e1635258997547.png\" alt=\"\" width=\"23\" height=\"21\" \/> <a href=\"https:\/\/www.education.gouv.fr\/media\/69417\/download\">Edition Septembre 2020<\/a> <a href=\"https:\/\/www.education.gouv.fr\/media\/69417\/download\"><img loading=\"lazy\" decoding=\"async\" class=\"alignnone wp-image-527 size-full\" src=\"https:\/\/www.ddec06.fr\/guide-ash-06\/wp-content\/uploads\/2021\/10\/pdf.png\" alt=\"\" width=\"21\" height=\"21\" \/><\/a><\/p>\n<\/div>\n<\/div><\/div><\/div><\/div><\/div>","protected":false},"excerpt":{"rendered":"<p>L&rsquo;A.E.S.H : Accompagnant des \u00e9l\u00e8ves en situation de Handicap. Les personnels accompagnants assurent des missions d&rsquo;aide aux \u00e9l\u00e8ves en situation de handicap. Ainsi, sous la responsabilit\u00e9 p\u00e9dagogique des enseignants, ils ont vocation \u00e0 favoriser l&rsquo;autonomie de l&rsquo;\u00e9l\u00e8ve, sans se substituer \u00e0 lui dans la mesure du possible. En savoir plus<span class=\"more-link\"><a href=\"https:\/\/www.ddec06.fr\/guide-ash-06\/scolariser-des-eleves-a-besoins-educatifs-particuliers-et-en-situation-de-handicap\/les-aesh\/\">Lire la suite<\/a><\/span><\/p>\n","protected":false},"author":1,"featured_media":600,"parent":9,"menu_order":4,"comment_status":"closed","ping_status":"closed","template":"","meta":{"footnotes":""},"class_list":["entry","author-administrateur","post-18","page","type-page","status-publish","has-post-thumbnail"],"yoast_head":"<!-- This site is optimized with the Yoast SEO plugin v22.1 - https:\/\/yoast.com\/wordpress\/plugins\/seo\/ -->\n<title>Les AESH - GUIDE Ecole Inclusive de l&#039;Enseignement Catholique des Alpes-Maritimes<\/title>\n<meta name=\"description\" content=\"Accompagnant des El\u00e8ves en Situation de Handicap (AESH). Les personnels accompagnants assurent des missions d&#039;aide aux \u00e9l\u00e8ves en situation de handicap.\" \/>\n<meta name=\"robots\" content=\"index, follow, max-snippet:-1, max-image-preview:large, max-video-preview:-1\" \/>\n<link rel=\"canonical\" href=\"https:\/\/www.ddec06.fr\/guide-ash-06\/scolariser-des-eleves-a-besoins-educatifs-particuliers-et-en-situation-de-handicap\/les-aesh\/\" \/>\n<meta property=\"og:locale\" content=\"fr_FR\" \/>\n<meta property=\"og:type\" content=\"article\" \/>\n<meta property=\"og:title\" content=\"Les AESH - GUIDE Ecole Inclusive de l&#039;Enseignement Catholique des Alpes-Maritimes\" \/>\n<meta property=\"og:description\" content=\"Accompagnant des El\u00e8ves en Situation de Handicap (AESH). Les personnels accompagnants assurent des missions d&#039;aide aux \u00e9l\u00e8ves en situation de handicap.\" \/>\n<meta property=\"og:url\" content=\"https:\/\/www.ddec06.fr\/guide-ash-06\/scolariser-des-eleves-a-besoins-educatifs-particuliers-et-en-situation-de-handicap\/les-aesh\/\" \/>\n<meta property=\"og:site_name\" content=\"GUIDE Ecole Inclusive de l&#039;Enseignement Catholique des Alpes-Maritimes\" \/>\n<meta property=\"article:modified_time\" content=\"2022-01-21T08:27:38+00:00\" \/>\n<meta property=\"og:image\" content=\"https:\/\/www.ddec06.fr\/guide-ash-06\/wp-content\/uploads\/2021\/10\/AESH.png\" \/>\n\t<meta property=\"og:image:width\" content=\"622\" \/>\n\t<meta property=\"og:image:height\" content=\"491\" \/>\n\t<meta property=\"og:image:type\" content=\"image\/png\" \/>\n<meta name=\"twitter:card\" content=\"summary_large_image\" \/>\n<meta name=\"twitter:label1\" content=\"Dur\u00e9e de lecture estim\u00e9e\" \/>\n\t<meta name=\"twitter:data1\" content=\"2 minutes\" \/>\n<script type=\"application\/ld+json\" class=\"yoast-schema-graph\">{\"@context\":\"https:\/\/schema.org\",\"@graph\":[{\"@type\":\"WebPage\",\"@id\":\"https:\/\/www.ddec06.fr\/guide-ash-06\/scolariser-des-eleves-a-besoins-educatifs-particuliers-et-en-situation-de-handicap\/les-aesh\/\",\"url\":\"https:\/\/www.ddec06.fr\/guide-ash-06\/scolariser-des-eleves-a-besoins-educatifs-particuliers-et-en-situation-de-handicap\/les-aesh\/\",\"name\":\"Les AESH - GUIDE Ecole Inclusive de l&#039;Enseignement Catholique des Alpes-Maritimes\",\"isPartOf\":{\"@id\":\"https:\/\/www.ddec06.fr\/guide-ash-06\/#website\"},\"datePublished\":\"2021-03-29T18:10:52+00:00\",\"dateModified\":\"2022-01-21T08:27:38+00:00\",\"description\":\"Accompagnant des El\u00e8ves en Situation de Handicap (AESH). Les personnels accompagnants assurent des missions d'aide aux \u00e9l\u00e8ves en situation de handicap.\",\"breadcrumb\":{\"@id\":\"https:\/\/www.ddec06.fr\/guide-ash-06\/scolariser-des-eleves-a-besoins-educatifs-particuliers-et-en-situation-de-handicap\/les-aesh\/#breadcrumb\"},\"inLanguage\":\"fr-FR\",\"potentialAction\":[{\"@type\":\"ReadAction\",\"target\":[\"https:\/\/www.ddec06.fr\/guide-ash-06\/scolariser-des-eleves-a-besoins-educatifs-particuliers-et-en-situation-de-handicap\/les-aesh\/\"]}]},{\"@type\":\"BreadcrumbList\",\"@id\":\"https:\/\/www.ddec06.fr\/guide-ash-06\/scolariser-des-eleves-a-besoins-educatifs-particuliers-et-en-situation-de-handicap\/les-aesh\/#breadcrumb\",\"itemListElement\":[{\"@type\":\"ListItem\",\"position\":1,\"name\":\"Accueil\",\"item\":\"https:\/\/www.ddec06.fr\/guide-ash-06\/\"},{\"@type\":\"ListItem\",\"position\":2,\"name\":\"Scolariser des \u00e9l\u00e8ves \u00e0 besoins \u00e9ducatifs particuliers et en situation de handicap\",\"item\":\"https:\/\/www.ddec06.fr\/guide-ash-06\/scolariser-des-eleves-a-besoins-educatifs-particuliers-et-en-situation-de-handicap\/\"},{\"@type\":\"ListItem\",\"position\":3,\"name\":\"Les AESH\"}]},{\"@type\":\"WebSite\",\"@id\":\"https:\/\/www.ddec06.fr\/guide-ash-06\/#website\",\"url\":\"https:\/\/www.ddec06.fr\/guide-ash-06\/\",\"name\":\"GUIDE Ecole Inclusive de l&#039;Enseignement Catholique des Alpes-Maritimes\",\"description\":\"Accueillir les diff\u00e9rences en milieu scolaire.\",\"publisher\":{\"@id\":\"https:\/\/www.ddec06.fr\/guide-ash-06\/#organization\"},\"potentialAction\":[{\"@type\":\"SearchAction\",\"target\":{\"@type\":\"EntryPoint\",\"urlTemplate\":\"https:\/\/www.ddec06.fr\/guide-ash-06\/?s={search_term_string}\"},\"query-input\":\"required name=search_term_string\"}],\"inLanguage\":\"fr-FR\"},{\"@type\":\"Organization\",\"@id\":\"https:\/\/www.ddec06.fr\/guide-ash-06\/#organization\",\"name\":\"GUIDE Ecole Inclusive de l&#039;Enseignement Catholique des Alpes-Maritimes\",\"url\":\"https:\/\/www.ddec06.fr\/guide-ash-06\/\",\"logo\":{\"@type\":\"ImageObject\",\"inLanguage\":\"fr-FR\",\"@id\":\"https:\/\/www.ddec06.fr\/guide-ash-06\/#\/schema\/logo\/image\/\",\"url\":\"https:\/\/www.ddec06.fr\/guide-ash-06\/wp-content\/uploads\/2021\/04\/cropped-DDEC-DIOCESE-DE-NICE-SANS-DEGRADE-1-1.png\",\"contentUrl\":\"https:\/\/www.ddec06.fr\/guide-ash-06\/wp-content\/uploads\/2021\/04\/cropped-DDEC-DIOCESE-DE-NICE-SANS-DEGRADE-1-1.png\",\"width\":167,\"height\":100,\"caption\":\"GUIDE Ecole Inclusive de l&#039;Enseignement Catholique des Alpes-Maritimes\"},\"image\":{\"@id\":\"https:\/\/www.ddec06.fr\/guide-ash-06\/#\/schema\/logo\/image\/\"}}]}<\/script>\n<!-- \/ Yoast SEO plugin. -->","yoast_head_json":{"title":"Les AESH - GUIDE Ecole Inclusive de l&#039;Enseignement Catholique des Alpes-Maritimes","description":"Accompagnant des El\u00e8ves en Situation de Handicap (AESH). Les personnels accompagnants assurent des missions d'aide aux \u00e9l\u00e8ves en situation de handicap.","robots":{"index":"index","follow":"follow","max-snippet":"max-snippet:-1","max-image-preview":"max-image-preview:large","max-video-preview":"max-video-preview:-1"},"canonical":"https:\/\/www.ddec06.fr\/guide-ash-06\/scolariser-des-eleves-a-besoins-educatifs-particuliers-et-en-situation-de-handicap\/les-aesh\/","og_locale":"fr_FR","og_type":"article","og_title":"Les AESH - GUIDE Ecole Inclusive de l&#039;Enseignement Catholique des Alpes-Maritimes","og_description":"Accompagnant des El\u00e8ves en Situation de Handicap (AESH). Les personnels accompagnants assurent des missions d'aide aux \u00e9l\u00e8ves en situation de handicap.","og_url":"https:\/\/www.ddec06.fr\/guide-ash-06\/scolariser-des-eleves-a-besoins-educatifs-particuliers-et-en-situation-de-handicap\/les-aesh\/","og_site_name":"GUIDE Ecole Inclusive de l&#039;Enseignement Catholique des Alpes-Maritimes","article_modified_time":"2022-01-21T08:27:38+00:00","og_image":[{"width":622,"height":491,"url":"https:\/\/www.ddec06.fr\/guide-ash-06\/wp-content\/uploads\/2021\/10\/AESH.png","type":"image\/png"}],"twitter_card":"summary_large_image","twitter_misc":{"Dur\u00e9e de lecture estim\u00e9e":"2 minutes"},"schema":{"@context":"https:\/\/schema.org","@graph":[{"@type":"WebPage","@id":"https:\/\/www.ddec06.fr\/guide-ash-06\/scolariser-des-eleves-a-besoins-educatifs-particuliers-et-en-situation-de-handicap\/les-aesh\/","url":"https:\/\/www.ddec06.fr\/guide-ash-06\/scolariser-des-eleves-a-besoins-educatifs-particuliers-et-en-situation-de-handicap\/les-aesh\/","name":"Les AESH - GUIDE Ecole Inclusive de l&#039;Enseignement Catholique des Alpes-Maritimes","isPartOf":{"@id":"https:\/\/www.ddec06.fr\/guide-ash-06\/#website"},"datePublished":"2021-03-29T18:10:52+00:00","dateModified":"2022-01-21T08:27:38+00:00","description":"Accompagnant des El\u00e8ves en Situation de Handicap (AESH). Les personnels accompagnants assurent des missions d'aide aux \u00e9l\u00e8ves en situation de handicap.","breadcrumb":{"@id":"https:\/\/www.ddec06.fr\/guide-ash-06\/scolariser-des-eleves-a-besoins-educatifs-particuliers-et-en-situation-de-handicap\/les-aesh\/#breadcrumb"},"inLanguage":"fr-FR","potentialAction":[{"@type":"ReadAction","target":["https:\/\/www.ddec06.fr\/guide-ash-06\/scolariser-des-eleves-a-besoins-educatifs-particuliers-et-en-situation-de-handicap\/les-aesh\/"]}]},{"@type":"BreadcrumbList","@id":"https:\/\/www.ddec06.fr\/guide-ash-06\/scolariser-des-eleves-a-besoins-educatifs-particuliers-et-en-situation-de-handicap\/les-aesh\/#breadcrumb","itemListElement":[{"@type":"ListItem","position":1,"name":"Accueil","item":"https:\/\/www.ddec06.fr\/guide-ash-06\/"},{"@type":"ListItem","position":2,"name":"Scolariser des \u00e9l\u00e8ves \u00e0 besoins \u00e9ducatifs particuliers et en situation de handicap","item":"https:\/\/www.ddec06.fr\/guide-ash-06\/scolariser-des-eleves-a-besoins-educatifs-particuliers-et-en-situation-de-handicap\/"},{"@type":"ListItem","position":3,"name":"Les AESH"}]},{"@type":"WebSite","@id":"https:\/\/www.ddec06.fr\/guide-ash-06\/#website","url":"https:\/\/www.ddec06.fr\/guide-ash-06\/","name":"GUIDE Ecole Inclusive de l&#039;Enseignement Catholique des Alpes-Maritimes","description":"Accueillir les diff\u00e9rences en milieu scolaire.","publisher":{"@id":"https:\/\/www.ddec06.fr\/guide-ash-06\/#organization"},"potentialAction":[{"@type":"SearchAction","target":{"@type":"EntryPoint","urlTemplate":"https:\/\/www.ddec06.fr\/guide-ash-06\/?s={search_term_string}"},"query-input":"required name=search_term_string"}],"inLanguage":"fr-FR"},{"@type":"Organization","@id":"https:\/\/www.ddec06.fr\/guide-ash-06\/#organization","name":"GUIDE Ecole Inclusive de l&#039;Enseignement Catholique des Alpes-Maritimes","url":"https:\/\/www.ddec06.fr\/guide-ash-06\/","logo":{"@type":"ImageObject","inLanguage":"fr-FR","@id":"https:\/\/www.ddec06.fr\/guide-ash-06\/#\/schema\/logo\/image\/","url":"https:\/\/www.ddec06.fr\/guide-ash-06\/wp-content\/uploads\/2021\/04\/cropped-DDEC-DIOCESE-DE-NICE-SANS-DEGRADE-1-1.png","contentUrl":"https:\/\/www.ddec06.fr\/guide-ash-06\/wp-content\/uploads\/2021\/04\/cropped-DDEC-DIOCESE-DE-NICE-SANS-DEGRADE-1-1.png","width":167,"height":100,"caption":"GUIDE Ecole Inclusive de l&#039;Enseignement Catholique des Alpes-Maritimes"},"image":{"@id":"https:\/\/www.ddec06.fr\/guide-ash-06\/#\/schema\/logo\/image\/"}}]}},"jetpack_sharing_enabled":true,"_links":{"self":[{"href":"https:\/\/www.ddec06.fr\/guide-ash-06\/wp-json\/wp\/v2\/pages\/18","targetHints":{"allow":["GET"]}}],"collection":[{"href":"https:\/\/www.ddec06.fr\/guide-ash-06\/wp-json\/wp\/v2\/pages"}],"about":[{"href":"https:\/\/www.ddec06.fr\/guide-ash-06\/wp-json\/wp\/v2\/types\/page"}],"author":[{"embeddable":true,"href":"https:\/\/www.ddec06.fr\/guide-ash-06\/wp-json\/wp\/v2\/users\/1"}],"replies":[{"embeddable":true,"href":"https:\/\/www.ddec06.fr\/guide-ash-06\/wp-json\/wp\/v2\/comments?post=18"}],"version-history":[{"count":17,"href":"https:\/\/www.ddec06.fr\/guide-ash-06\/wp-json\/wp\/v2\/pages\/18\/revisions"}],"predecessor-version":[{"id":756,"href":"https:\/\/www.ddec06.fr\/guide-ash-06\/wp-json\/wp\/v2\/pages\/18\/revisions\/756"}],"up":[{"embeddable":true,"href":"https:\/\/www.ddec06.fr\/guide-ash-06\/wp-json\/wp\/v2\/pages\/9"}],"wp:featuredmedia":[{"embeddable":true,"href":"https:\/\/www.ddec06.fr\/guide-ash-06\/wp-json\/wp\/v2\/media\/600"}],"wp:attachment":[{"href":"https:\/\/www.ddec06.fr\/guide-ash-06\/wp-json\/wp\/v2\/media?parent=18"}],"curies":[{"name":"wp","href":"https:\/\/api.w.org\/{rel}","templated":true}]}}