{"id":16,"date":"2021-03-29T20:10:35","date_gmt":"2021-03-29T18:10:35","guid":{"rendered":"https:\/\/www.ddec06.fr\/guide-ash-06\/?page_id=16"},"modified":"2021-10-27T14:40:39","modified_gmt":"2021-10-27T12:40:39","slug":"les-p-i-a-l","status":"publish","type":"page","link":"https:\/\/www.ddec06.fr\/guide-ash-06\/scolariser-des-eleves-a-besoins-educatifs-particuliers-et-en-situation-de-handicap\/les-p-i-a-l\/","title":{"rendered":"Les PIAL"},"content":{"rendered":"<div id=\"pl-16\"  class=\"panel-layout\" ><div id=\"pg-16-0\"  class=\"panel-grid panel-no-style\" ><div id=\"pgc-16-0-0\"  class=\"panel-grid-cell\" ><div id=\"panel-16-0-0-0\" class=\"so-panel widget widget_sow-image panel-first-child panel-last-child\" data-index=\"0\" ><div\n\t\t\t\n\t\t\tclass=\"so-widget-sow-image so-widget-sow-image-default-8b5b6f678277-16\"\n\t\t\t\n\t\t>\n\n<div class=\"sow-image-container\">\n\t\t<img decoding=\"async\" src=\"https:\/\/www.ddec06.fr\/guide-ash-06\/wp-content\/uploads\/2021\/10\/pial.jpg\" width=\"890\" height=\"1240\" srcset=\"https:\/\/www.ddec06.fr\/guide-ash-06\/wp-content\/uploads\/2021\/10\/pial.jpg 890w, https:\/\/www.ddec06.fr\/guide-ash-06\/wp-content\/uploads\/2021\/10\/pial-215x300.jpg 215w, https:\/\/www.ddec06.fr\/guide-ash-06\/wp-content\/uploads\/2021\/10\/pial-735x1024.jpg 735w, https:\/\/www.ddec06.fr\/guide-ash-06\/wp-content\/uploads\/2021\/10\/pial-768x1070.jpg 768w, https:\/\/www.ddec06.fr\/guide-ash-06\/wp-content\/uploads\/2021\/10\/pial-395x550.jpg 395w, https:\/\/www.ddec06.fr\/guide-ash-06\/wp-content\/uploads\/2021\/10\/pial-359x500.jpg 359w\" sizes=\"auto, (max-width: 890px) 100vw, 890px\" alt=\"\" loading=\"lazy\" \t\tclass=\"so-widget-image\"\/>\n\t<\/div>\n\n<\/div><\/div><\/div><div id=\"pgc-16-0-1\"  class=\"panel-grid-cell\" ><div id=\"panel-16-0-1-0\" class=\"so-panel widget widget_sow-editor panel-first-child panel-last-child\" data-index=\"1\" ><div\n\t\t\t\n\t\t\tclass=\"so-widget-sow-editor so-widget-sow-editor-base\"\n\t\t\t\n\t\t>\n<div class=\"siteorigin-widget-tinymce textwidget\">\n\t<h2><span style=\"font-family: ABeeZee; color: #4e9072;\">Le P.I.A.L. : Pole Inclusif d'Accompagnement Localis\u00e9<\/span><\/h2>\n<p>Les p\u00f4les inclusifs d\u2019accompagnement localis\u00e9s (Pial) sont une nouvelle forme d\u2019organisation. Ils favorisent la coordination des ressources au plus pr\u00e8s des \u00e9l\u00e8ves en situation de handicap (les aides humaines, p\u00e9dagogiques, \u00e9ducatives, et, \u00e0 terme, th\u00e9rapeutiques) pour une meilleure prise en compte de leurs besoins.<\/p>\n<p><span style=\"text-decoration: underline;\">Les trois grands objectifs du Pial sont :<\/span><\/p>\n<ul>\n<li>un accompagnement d\u00e9fini au plus pr\u00e8s des besoins de chaque \u00e9l\u00e8ve en situation de handicap afin de d\u00e9velopper son autonomie et de lui permettre d\u2019acqu\u00e9rir les connaissances et les comp\u00e9tences du socle commun<\/li>\n<li>plus de r\u00e9activit\u00e9 et plus de flexibilit\u00e9 dans l\u2019organisation de l\u2019accompagnement humain dans les \u00e9tablissements scolaires et les \u00e9coles<\/li>\n<li>une professionnalisation des accompagnants et une am\u00e9lioration de leurs conditions de travail<\/li>\n<\/ul>\n<p><span style=\"text-decoration: underline;\">Plus d'infos :<\/span><\/p>\n<p><a href=\"https:\/\/www.education.gouv.fr\/ecole-inclusive-le-pial-qu-est-ce-que-c-est-1877\"><img loading=\"lazy\" decoding=\"async\" class=\"alignnone size-full wp-image-526\" src=\"https:\/\/www.ddec06.fr\/guide-ash-06\/wp-content\/uploads\/2021\/10\/www.jpg\" alt=\"\" width=\"56\" height=\"21\" \/> Education.gouv.fr - Le PIAL, qu'est ce que c'est ? <\/a><\/p>\n<p><a href=\"https:\/\/www.ac-nice.fr\/poles-inclusifs-d-accompagnement-localises-pial-121706\"><img loading=\"lazy\" decoding=\"async\" class=\"alignnone size-full wp-image-526\" src=\"https:\/\/www.ddec06.fr\/guide-ash-06\/wp-content\/uploads\/2021\/10\/www.jpg\" alt=\"\" width=\"56\" height=\"21\" \/> Acad\u00e9mie de Nice - Poles Inclusifs<\/a><\/p>\n<p><a href=\"https:\/\/www.education.gouv.fr\/bo\/19\/Hebdo23\/MENE1915816C.htm\"><img loading=\"lazy\" decoding=\"async\" class=\"alignnone size-full wp-image-526\" src=\"https:\/\/www.ddec06.fr\/guide-ash-06\/wp-content\/uploads\/2021\/10\/www.jpg\" alt=\"\" width=\"56\" height=\"21\" \/>Bulletin officiel n\u00b023 du 6 juin 2019<\/a><\/p>\n<p><a href=\"https:\/\/www.ddec06.fr\/guide-ash-06\/wp-content\/uploads\/2021\/10\/vademecum-pial.pdf\"><img loading=\"lazy\" decoding=\"async\" class=\"alignnone size-full wp-image-524\" src=\"https:\/\/www.ddec06.fr\/guide-ash-06\/wp-content\/uploads\/2021\/10\/icone-telechargement-vert-e1635258997547.png\" alt=\"\" width=\"23\" height=\"21\" \/> Vade Mecum PIAL <img loading=\"lazy\" decoding=\"async\" class=\"alignnone size-full wp-image-527\" src=\"https:\/\/www.ddec06.fr\/guide-ash-06\/wp-content\/uploads\/2021\/10\/pdf.png\" alt=\"\" width=\"21\" height=\"21\" \/><\/a><\/p>\n<\/div>\n<\/div><\/div><\/div><\/div><\/div>","protected":false},"excerpt":{"rendered":"<p>Le P.I.A.L. : Pole Inclusif d&rsquo;Accompagnement Localis\u00e9 Les p\u00f4les inclusifs d\u2019accompagnement localis\u00e9s (Pial) sont une nouvelle forme d\u2019organisation. Ils favorisent la coordination des ressources au plus pr\u00e8s des \u00e9l\u00e8ves en situation de handicap (les aides humaines, p\u00e9dagogiques, \u00e9ducatives, et, \u00e0 terme, th\u00e9rapeutiques) pour une meilleure prise en compte de leurs<span class=\"more-link\"><a href=\"https:\/\/www.ddec06.fr\/guide-ash-06\/scolariser-des-eleves-a-besoins-educatifs-particuliers-et-en-situation-de-handicap\/les-p-i-a-l\/\">Lire la suite<\/a><\/span><\/p>\n","protected":false},"author":1,"featured_media":646,"parent":9,"menu_order":3,"comment_status":"closed","ping_status":"closed","template":"","meta":{"footnotes":""},"class_list":["entry","author-administrateur","post-16","page","type-page","status-publish","has-post-thumbnail"],"yoast_head":"<!-- This site is optimized with the Yoast SEO plugin v22.1 - https:\/\/yoast.com\/wordpress\/plugins\/seo\/ -->\n<title>Les PIAL - GUIDE Ecole Inclusive de l&#039;Enseignement Catholique des Alpes-Maritimes<\/title>\n<meta name=\"description\" content=\"Les &quot;pial&quot; favorisent la coordination des ressources au plus pr\u00e8s des \u00e9l\u00e8ves en situation de handicap pour une meilleure prise en compte de leurs besoins.\" \/>\n<meta name=\"robots\" content=\"index, follow, max-snippet:-1, max-image-preview:large, max-video-preview:-1\" \/>\n<link rel=\"canonical\" href=\"https:\/\/www.ddec06.fr\/guide-ash-06\/scolariser-des-eleves-a-besoins-educatifs-particuliers-et-en-situation-de-handicap\/les-p-i-a-l\/\" \/>\n<meta property=\"og:locale\" content=\"fr_FR\" \/>\n<meta property=\"og:type\" content=\"article\" \/>\n<meta property=\"og:title\" content=\"Les PIAL - GUIDE Ecole Inclusive de l&#039;Enseignement Catholique des Alpes-Maritimes\" \/>\n<meta property=\"og:description\" content=\"Les &quot;pial&quot; favorisent la coordination des ressources au plus pr\u00e8s des \u00e9l\u00e8ves en situation de handicap pour une meilleure prise en compte de leurs besoins.\" \/>\n<meta property=\"og:url\" content=\"https:\/\/www.ddec06.fr\/guide-ash-06\/scolariser-des-eleves-a-besoins-educatifs-particuliers-et-en-situation-de-handicap\/les-p-i-a-l\/\" \/>\n<meta property=\"og:site_name\" content=\"GUIDE Ecole Inclusive de l&#039;Enseignement Catholique des Alpes-Maritimes\" \/>\n<meta property=\"article:modified_time\" content=\"2021-10-27T12:40:39+00:00\" \/>\n<meta property=\"og:image\" content=\"https:\/\/www.ddec06.fr\/guide-ash-06\/wp-content\/uploads\/2021\/10\/pial.jpg\" \/>\n\t<meta property=\"og:image:width\" content=\"890\" \/>\n\t<meta property=\"og:image:height\" content=\"1240\" \/>\n\t<meta property=\"og:image:type\" content=\"image\/jpeg\" \/>\n<meta name=\"twitter:card\" content=\"summary_large_image\" \/>\n<meta name=\"twitter:label1\" content=\"Dur\u00e9e de lecture estim\u00e9e\" \/>\n\t<meta name=\"twitter:data1\" content=\"2 minutes\" \/>\n<script type=\"application\/ld+json\" class=\"yoast-schema-graph\">{\"@context\":\"https:\/\/schema.org\",\"@graph\":[{\"@type\":\"WebPage\",\"@id\":\"https:\/\/www.ddec06.fr\/guide-ash-06\/scolariser-des-eleves-a-besoins-educatifs-particuliers-et-en-situation-de-handicap\/les-p-i-a-l\/\",\"url\":\"https:\/\/www.ddec06.fr\/guide-ash-06\/scolariser-des-eleves-a-besoins-educatifs-particuliers-et-en-situation-de-handicap\/les-p-i-a-l\/\",\"name\":\"Les PIAL - GUIDE Ecole Inclusive de l&#039;Enseignement Catholique des Alpes-Maritimes\",\"isPartOf\":{\"@id\":\"https:\/\/www.ddec06.fr\/guide-ash-06\/#website\"},\"datePublished\":\"2021-03-29T18:10:35+00:00\",\"dateModified\":\"2021-10-27T12:40:39+00:00\",\"description\":\"Les \\\"pial\\\" favorisent la coordination des ressources au plus pr\u00e8s des \u00e9l\u00e8ves en situation de handicap pour une meilleure prise en compte de leurs besoins.\",\"breadcrumb\":{\"@id\":\"https:\/\/www.ddec06.fr\/guide-ash-06\/scolariser-des-eleves-a-besoins-educatifs-particuliers-et-en-situation-de-handicap\/les-p-i-a-l\/#breadcrumb\"},\"inLanguage\":\"fr-FR\",\"potentialAction\":[{\"@type\":\"ReadAction\",\"target\":[\"https:\/\/www.ddec06.fr\/guide-ash-06\/scolariser-des-eleves-a-besoins-educatifs-particuliers-et-en-situation-de-handicap\/les-p-i-a-l\/\"]}]},{\"@type\":\"BreadcrumbList\",\"@id\":\"https:\/\/www.ddec06.fr\/guide-ash-06\/scolariser-des-eleves-a-besoins-educatifs-particuliers-et-en-situation-de-handicap\/les-p-i-a-l\/#breadcrumb\",\"itemListElement\":[{\"@type\":\"ListItem\",\"position\":1,\"name\":\"Accueil\",\"item\":\"https:\/\/www.ddec06.fr\/guide-ash-06\/\"},{\"@type\":\"ListItem\",\"position\":2,\"name\":\"Scolariser des \u00e9l\u00e8ves \u00e0 besoins \u00e9ducatifs particuliers et en situation de handicap\",\"item\":\"https:\/\/www.ddec06.fr\/guide-ash-06\/scolariser-des-eleves-a-besoins-educatifs-particuliers-et-en-situation-de-handicap\/\"},{\"@type\":\"ListItem\",\"position\":3,\"name\":\"Les PIAL\"}]},{\"@type\":\"WebSite\",\"@id\":\"https:\/\/www.ddec06.fr\/guide-ash-06\/#website\",\"url\":\"https:\/\/www.ddec06.fr\/guide-ash-06\/\",\"name\":\"GUIDE Ecole Inclusive de l&#039;Enseignement Catholique des Alpes-Maritimes\",\"description\":\"Accueillir les diff\u00e9rences en milieu scolaire.\",\"publisher\":{\"@id\":\"https:\/\/www.ddec06.fr\/guide-ash-06\/#organization\"},\"potentialAction\":[{\"@type\":\"SearchAction\",\"target\":{\"@type\":\"EntryPoint\",\"urlTemplate\":\"https:\/\/www.ddec06.fr\/guide-ash-06\/?s={search_term_string}\"},\"query-input\":\"required name=search_term_string\"}],\"inLanguage\":\"fr-FR\"},{\"@type\":\"Organization\",\"@id\":\"https:\/\/www.ddec06.fr\/guide-ash-06\/#organization\",\"name\":\"GUIDE Ecole Inclusive de l&#039;Enseignement Catholique des Alpes-Maritimes\",\"url\":\"https:\/\/www.ddec06.fr\/guide-ash-06\/\",\"logo\":{\"@type\":\"ImageObject\",\"inLanguage\":\"fr-FR\",\"@id\":\"https:\/\/www.ddec06.fr\/guide-ash-06\/#\/schema\/logo\/image\/\",\"url\":\"https:\/\/www.ddec06.fr\/guide-ash-06\/wp-content\/uploads\/2021\/04\/cropped-DDEC-DIOCESE-DE-NICE-SANS-DEGRADE-1-1.png\",\"contentUrl\":\"https:\/\/www.ddec06.fr\/guide-ash-06\/wp-content\/uploads\/2021\/04\/cropped-DDEC-DIOCESE-DE-NICE-SANS-DEGRADE-1-1.png\",\"width\":167,\"height\":100,\"caption\":\"GUIDE Ecole Inclusive de l&#039;Enseignement Catholique des Alpes-Maritimes\"},\"image\":{\"@id\":\"https:\/\/www.ddec06.fr\/guide-ash-06\/#\/schema\/logo\/image\/\"}}]}<\/script>\n<!-- \/ Yoast SEO plugin. -->","yoast_head_json":{"title":"Les PIAL - GUIDE Ecole Inclusive de l&#039;Enseignement Catholique des Alpes-Maritimes","description":"Les \"pial\" favorisent la coordination des ressources au plus pr\u00e8s des \u00e9l\u00e8ves en situation de handicap pour une meilleure prise en compte de leurs besoins.","robots":{"index":"index","follow":"follow","max-snippet":"max-snippet:-1","max-image-preview":"max-image-preview:large","max-video-preview":"max-video-preview:-1"},"canonical":"https:\/\/www.ddec06.fr\/guide-ash-06\/scolariser-des-eleves-a-besoins-educatifs-particuliers-et-en-situation-de-handicap\/les-p-i-a-l\/","og_locale":"fr_FR","og_type":"article","og_title":"Les PIAL - GUIDE Ecole Inclusive de l&#039;Enseignement Catholique des Alpes-Maritimes","og_description":"Les \"pial\" favorisent la coordination des ressources au plus pr\u00e8s des \u00e9l\u00e8ves en situation de handicap pour une meilleure prise en compte de leurs besoins.","og_url":"https:\/\/www.ddec06.fr\/guide-ash-06\/scolariser-des-eleves-a-besoins-educatifs-particuliers-et-en-situation-de-handicap\/les-p-i-a-l\/","og_site_name":"GUIDE Ecole Inclusive de l&#039;Enseignement Catholique des Alpes-Maritimes","article_modified_time":"2021-10-27T12:40:39+00:00","og_image":[{"width":890,"height":1240,"url":"https:\/\/www.ddec06.fr\/guide-ash-06\/wp-content\/uploads\/2021\/10\/pial.jpg","type":"image\/jpeg"}],"twitter_card":"summary_large_image","twitter_misc":{"Dur\u00e9e de lecture estim\u00e9e":"2 minutes"},"schema":{"@context":"https:\/\/schema.org","@graph":[{"@type":"WebPage","@id":"https:\/\/www.ddec06.fr\/guide-ash-06\/scolariser-des-eleves-a-besoins-educatifs-particuliers-et-en-situation-de-handicap\/les-p-i-a-l\/","url":"https:\/\/www.ddec06.fr\/guide-ash-06\/scolariser-des-eleves-a-besoins-educatifs-particuliers-et-en-situation-de-handicap\/les-p-i-a-l\/","name":"Les PIAL - GUIDE Ecole Inclusive de l&#039;Enseignement Catholique des Alpes-Maritimes","isPartOf":{"@id":"https:\/\/www.ddec06.fr\/guide-ash-06\/#website"},"datePublished":"2021-03-29T18:10:35+00:00","dateModified":"2021-10-27T12:40:39+00:00","description":"Les \"pial\" favorisent la coordination des ressources au plus pr\u00e8s des \u00e9l\u00e8ves en situation de handicap pour une meilleure prise en compte de leurs besoins.","breadcrumb":{"@id":"https:\/\/www.ddec06.fr\/guide-ash-06\/scolariser-des-eleves-a-besoins-educatifs-particuliers-et-en-situation-de-handicap\/les-p-i-a-l\/#breadcrumb"},"inLanguage":"fr-FR","potentialAction":[{"@type":"ReadAction","target":["https:\/\/www.ddec06.fr\/guide-ash-06\/scolariser-des-eleves-a-besoins-educatifs-particuliers-et-en-situation-de-handicap\/les-p-i-a-l\/"]}]},{"@type":"BreadcrumbList","@id":"https:\/\/www.ddec06.fr\/guide-ash-06\/scolariser-des-eleves-a-besoins-educatifs-particuliers-et-en-situation-de-handicap\/les-p-i-a-l\/#breadcrumb","itemListElement":[{"@type":"ListItem","position":1,"name":"Accueil","item":"https:\/\/www.ddec06.fr\/guide-ash-06\/"},{"@type":"ListItem","position":2,"name":"Scolariser des \u00e9l\u00e8ves \u00e0 besoins \u00e9ducatifs particuliers et en situation de handicap","item":"https:\/\/www.ddec06.fr\/guide-ash-06\/scolariser-des-eleves-a-besoins-educatifs-particuliers-et-en-situation-de-handicap\/"},{"@type":"ListItem","position":3,"name":"Les PIAL"}]},{"@type":"WebSite","@id":"https:\/\/www.ddec06.fr\/guide-ash-06\/#website","url":"https:\/\/www.ddec06.fr\/guide-ash-06\/","name":"GUIDE Ecole Inclusive de l&#039;Enseignement Catholique des Alpes-Maritimes","description":"Accueillir les diff\u00e9rences en milieu scolaire.","publisher":{"@id":"https:\/\/www.ddec06.fr\/guide-ash-06\/#organization"},"potentialAction":[{"@type":"SearchAction","target":{"@type":"EntryPoint","urlTemplate":"https:\/\/www.ddec06.fr\/guide-ash-06\/?s={search_term_string}"},"query-input":"required name=search_term_string"}],"inLanguage":"fr-FR"},{"@type":"Organization","@id":"https:\/\/www.ddec06.fr\/guide-ash-06\/#organization","name":"GUIDE Ecole Inclusive de l&#039;Enseignement Catholique des Alpes-Maritimes","url":"https:\/\/www.ddec06.fr\/guide-ash-06\/","logo":{"@type":"ImageObject","inLanguage":"fr-FR","@id":"https:\/\/www.ddec06.fr\/guide-ash-06\/#\/schema\/logo\/image\/","url":"https:\/\/www.ddec06.fr\/guide-ash-06\/wp-content\/uploads\/2021\/04\/cropped-DDEC-DIOCESE-DE-NICE-SANS-DEGRADE-1-1.png","contentUrl":"https:\/\/www.ddec06.fr\/guide-ash-06\/wp-content\/uploads\/2021\/04\/cropped-DDEC-DIOCESE-DE-NICE-SANS-DEGRADE-1-1.png","width":167,"height":100,"caption":"GUIDE Ecole Inclusive de l&#039;Enseignement Catholique des Alpes-Maritimes"},"image":{"@id":"https:\/\/www.ddec06.fr\/guide-ash-06\/#\/schema\/logo\/image\/"}}]}},"jetpack_sharing_enabled":true,"_links":{"self":[{"href":"https:\/\/www.ddec06.fr\/guide-ash-06\/wp-json\/wp\/v2\/pages\/16","targetHints":{"allow":["GET"]}}],"collection":[{"href":"https:\/\/www.ddec06.fr\/guide-ash-06\/wp-json\/wp\/v2\/pages"}],"about":[{"href":"https:\/\/www.ddec06.fr\/guide-ash-06\/wp-json\/wp\/v2\/types\/page"}],"author":[{"embeddable":true,"href":"https:\/\/www.ddec06.fr\/guide-ash-06\/wp-json\/wp\/v2\/users\/1"}],"replies":[{"embeddable":true,"href":"https:\/\/www.ddec06.fr\/guide-ash-06\/wp-json\/wp\/v2\/comments?post=16"}],"version-history":[{"count":9,"href":"https:\/\/www.ddec06.fr\/guide-ash-06\/wp-json\/wp\/v2\/pages\/16\/revisions"}],"predecessor-version":[{"id":648,"href":"https:\/\/www.ddec06.fr\/guide-ash-06\/wp-json\/wp\/v2\/pages\/16\/revisions\/648"}],"up":[{"embeddable":true,"href":"https:\/\/www.ddec06.fr\/guide-ash-06\/wp-json\/wp\/v2\/pages\/9"}],"wp:featuredmedia":[{"embeddable":true,"href":"https:\/\/www.ddec06.fr\/guide-ash-06\/wp-json\/wp\/v2\/media\/646"}],"wp:attachment":[{"href":"https:\/\/www.ddec06.fr\/guide-ash-06\/wp-json\/wp\/v2\/media?parent=16"}],"curies":[{"name":"wp","href":"https:\/\/api.w.org\/{rel}","templated":true}]}}